{"id":19,"date":"2021-05-11T13:46:32","date_gmt":"2021-05-11T11:46:32","guid":{"rendered":"http:\/\/spradzanowo.pl\/?page_id=19"},"modified":"2022-03-28T21:24:44","modified_gmt":"2022-03-28T19:24:44","slug":"po-wer-twoje-zdrowie-jest-na-twoim-talerzu","status":"publish","type":"page","link":"https:\/\/spradzanowo.pl\/?page_id=19","title":{"rendered":"PO WER &#8211; Twoje zdrowie jest na twoim talerzu- 2021"},"content":{"rendered":"<p>[et_pb_section fb_built=&#8221;1&#8243; _builder_version=&#8221;4.7.5&#8243; _module_preset=&#8221;default&#8221;][\/et_pb_section][et_pb_section fb_built=&#8221;1&#8243; _builder_version=&#8221;4.7.5&#8243; _module_preset=&#8221;default&#8221; custom_padding=&#8221;0px|||||&#8221;][et_pb_row _builder_version=&#8221;4.7.5&#8243; _module_preset=&#8221;default&#8221; custom_padding=&#8221;0px|||||&#8221; border_width_bottom=&#8221;2px&#8221;][et_pb_column type=&#8221;4_4&#8243; _builder_version=&#8221;4.7.5&#8243; _module_preset=&#8221;default&#8221;][et_pb_text _builder_version=&#8221;4.7.5&#8243; _module_preset=&#8221;default&#8221; header_text_color=&#8221;#66007c&#8221; custom_margin=&#8221;34px|||||&#8221;]<\/p>\n<h1 style=\"text-align: center;\"><strong>PROJEKT UNIJNY PO WER 2020\/21 <\/strong><\/h1>\n<p>[\/et_pb_text][et_pb_text _builder_version=&#8221;4.7.5&#8243; _module_preset=&#8221;default&#8221; header_text_color=&#8221;#66007c&#8221; header_2_text_color=&#8221;#66007c&#8221; header_2_font_size=&#8221;24px&#8221; custom_margin=&#8221;34px||-1px|||&#8221;]<\/p>\n<h2 style=\"text-align: center;\"><strong>&#8222;TWOJE ZDROWIE JEST NA TWOIM TALERZU&#8221;<\/strong><\/h2>\n<p>[\/et_pb_text][et_pb_text _builder_version=&#8221;4.7.5&#8243; _module_preset=&#8221;default&#8221; header_text_color=&#8221;#66007c&#8221; header_2_text_color=&#8221;#66007c&#8221; header_2_font_size=&#8221;24px&#8221; custom_margin=&#8221;9px|||||&#8221;]<\/p>\n<h2 style=\"text-align: center;\"><strong>POLSKA-PORTUGALIA <\/strong><\/h2>\n<p>[\/et_pb_text][\/et_pb_column][\/et_pb_row][et_pb_row _builder_version=&#8221;4.7.5&#8243; _module_preset=&#8221;default&#8221;][et_pb_column type=&#8221;4_4&#8243; _builder_version=&#8221;4.7.5&#8243; _module_preset=&#8221;default&#8221;][et_pb_text _builder_version=&#8221;4.7.5&#8243; _module_preset=&#8221;default&#8221; text_text_color=&#8221;#000000&#8243; text_font_size=&#8221;18px&#8221;]<\/p>\n<p><strong>Projekt PO WER \u2013 Ponadnarodowa mobilno\u015b\u0107 uczni\u00f3w. POLSKA &#8211; PORTUGALIA<\/strong><\/p>\n<p>\u015awietna wiadomo\u015b\u0107 na rozpocz\u0119cie roku szkolnego 2020\/21!<\/p>\n<p>Dzi\u0119ki przychylno\u015bci w\u00f3jta gminy Radzanowo pana Sylwestra Ziemkiewicza, dyrektora szko\u0142y pana Boles\u0142awa Urbaniaka oraz autorskiemu pomys\u0142owi naszych nauczycieli pan\u00f3w Dariusza Podg\u00f3rnego oraz \u0141ukasz W\u0142odarskiego w naszej szkole w dniach 16.08.20-12.02.2021 odbywa\u0107 si\u0119 b\u0119dzie projekt unijny \u201ePonadnarodowa mobilno\u015b\u0107 uczni\u00f3w&#8221;, kt\u00f3ry b\u0119dzie realizowany wraz ze szko\u0142\u0105 partnerska mieszcz\u0105c\u0105 si\u0119 w Pavoa de varzim w Portugalii. Projekt ten nale\u017cy do Programu Operacyjnego Wiedza Edukacja Rozw\u00f3j (PO WER 2014-2020), kt\u00f3ry jest cz\u0119\u015bci\u0105 sk\u0142adow\u0105 Fundacji Rozwoju Systemu Edukacji. (FRSE)<\/p>\n<p>Projekt ten umo\u017cliwia wyjazdy grup m\u0142odzie\u017cy (nieodp\u0142atnie) wraz z opiekunami do kraj\u00f3w Unii Europejskiej, gdzie wraz z uczniami szko\u0142y goszcz\u0105cej realizuj\u0105 przedsi\u0119wzi\u0119cie edukacyjne z zakresu podstawy programowej w celu wzmocnienia kompetencji kluczowych. Temat projektu realizowanego przez nasz\u0105 szko\u0142\u0119 skupia si\u0119 na zdrowym od\u017cywianiu oraz na b\u0142\u0119dach jakie pope\u0142niamy podczas przygotowywania posi\u0142k\u00f3w. Projekt \u201e Your health is on your plate\u201d ( Twoje zdrowie jest na twoim talerzu) ma nie tylko u\u015bwiadomi\u0107 , ale tak\u017ce nauczy\u0107 zdrowych nawyk\u00f3w \u017cywieniowych uczni\u00f3w bior\u0105cych udzia\u0142 w projekcie. Fina\u0142em ca\u0142ego przedsi\u0119wzi\u0119cia jest wyjazd grupy 20 uczni\u00f3w wraz z opiekunami do kraju partnerskiego ( PORTUGALIA) w celu stworzenia produkt\u00f3w ko\u0144cowych, kt\u00f3re pos\u0142u\u017c\u0105 w p\u00f3\u017aniejszym czasie do edukowania zar\u00f3wno uczni\u00f3w naszej szko\u0142y jak r\u00f3wnie\u017c pos\u0142u\u017c\u0105 jako pomoc ca\u0142emu spo\u0142ecze\u0144stwu gminy Radzanowo.<\/p>\n<p>Do projektu mo\u017ce zg\u0142osi\u0107 si\u0119 ka\u017cdy ucze\u0144 z klasy VII-VIII. Po przej\u015bciu procesu rekrutacyjnego zostanie wy\u0142onionych 20 uczni\u00f3w bior\u0105cych udzia\u0142 w projekcie. Wi\u0119cej informacji wkr\u00f3tce na stronie szko\u0142y w nowej zak\u0142adce PROJEKTY UNIJNE oraz na stronie Facebook.<\/p>\n<p>[\/et_pb_text][et_pb_video_slider _builder_version=&#8221;4.7.5&#8243; _module_preset=&#8221;default&#8221;][et_pb_video_slider_item src=&#8221;https:\/\/www.youtube.com\/watch?v=FkQuawiGWUw&#8221; _builder_version=&#8221;4.7.5&#8243; _module_preset=&#8221;default&#8221; show_image_overlay=&#8221;off&#8221;][\/et_pb_video_slider_item][\/et_pb_video_slider][et_pb_text _builder_version=&#8221;4.7.5&#8243; _module_preset=&#8221;default&#8221; header_text_color=&#8221;#66007c&#8221; custom_margin=&#8221;34px|||||&#8221;]<\/p>\n<h1 style=\"text-align: center;\"><strong>REKRUTACJA<\/strong><\/h1>\n<p>[\/et_pb_text][\/et_pb_column][\/et_pb_row][et_pb_row _builder_version=&#8221;4.7.5&#8243; _module_preset=&#8221;default&#8221; custom_padding=&#8221;0px|||||&#8221; border_width_bottom=&#8221;2px&#8221;][et_pb_column type=&#8221;4_4&#8243; _builder_version=&#8221;4.7.5&#8243; _module_preset=&#8221;default&#8221;][et_pb_text _builder_version=&#8221;4.7.5&#8243; _module_preset=&#8221;default&#8221; header_text_color=&#8221;#66007c&#8221; header_2_text_color=&#8221;#66007c&#8221; header_2_font_size=&#8221;24px&#8221; custom_margin=&#8221;34px|||||&#8221;]<\/p>\n<h2 style=\"text-align: center;\"><strong>&#8222;Your health is on your plate&#8221;<\/strong><\/h2>\n<p>[\/et_pb_text][\/et_pb_column][\/et_pb_row][et_pb_row _builder_version=&#8221;4.7.5&#8243; _module_preset=&#8221;default&#8221;][et_pb_column type=&#8221;4_4&#8243; _builder_version=&#8221;4.7.5&#8243; _module_preset=&#8221;default&#8221;][et_pb_text _builder_version=&#8221;4.7.5&#8243; _module_preset=&#8221;default&#8221; text_text_color=&#8221;#000000&#8243; text_font_size=&#8221;18px&#8221;]W\u0142a\u015bnie zako\u0144czy\u0142 si\u0119 proces rekrutacji do projektu. Bardzo dzi\u0119kujemy wszystkim zainteresowanym za zg\u0142oszenia. W za\u0142\u0105czniku przedstawiamy list\u0119 uczestnik\u00f3w projektu.[\/et_pb_text][\/et_pb_column][\/et_pb_row][et_pb_row column_structure=&#8221;1_4,1_4,1_4,1_4&#8243; _builder_version=&#8221;4.7.5&#8243; _module_preset=&#8221;default&#8221;][et_pb_column type=&#8221;1_4&#8243; _builder_version=&#8221;4.7.5&#8243; _module_preset=&#8221;default&#8221; custom_padding=&#8221;20px||20px||false|false&#8221; border_radii=&#8221;on|20px|20px|20px|20px&#8221; border_color_all=&#8221;#66007c&#8221;][\/et_pb_column][et_pb_column type=&#8221;1_4&#8243; module_class=&#8221;kafelek_home&#8221; _builder_version=&#8221;4.7.5&#8243; _module_preset=&#8221;default&#8221; custom_padding=&#8221;20px||20px||false|false&#8221; border_radii=&#8221;on|20px|20px|20px|20px&#8221; border_width_all=&#8221;3px&#8221; border_color_all=&#8221;#66007c&#8221;][et_pb_text _builder_version=&#8221;4.7.5&#8243; _module_preset=&#8221;default&#8221; link_font=&#8221;|700|||||||&#8221; link_font_size=&#8221;16px&#8221;]<\/p>\n<p style=\"text-align: center;\"><a class='link' href=\"http:\/\/files.clickweb.home.pl\/ea\/1d\/ea1d4eac-8505-4cb7-b1c0-ca88085d98ea.pdf\" target=\"_blank\" title=\"W nowej karcie\" rel=\"noopener\">LISTA UCZESTNIK\u00d3W PROJEKTU<\/a><\/p>\n<p>[\/et_pb_text][\/et_pb_column][et_pb_column type=&#8221;1_4&#8243; _builder_version=&#8221;4.7.5&#8243; _module_preset=&#8221;default&#8221; custom_padding=&#8221;22px||18px|19px|false|false&#8221; border_radii=&#8221;on|20px|20px|20px|20px&#8221; border_width_all=&#8221;3px&#8221; border_color_all=&#8221;#66007c&#8221;][et_pb_text _builder_version=&#8221;4.7.5&#8243; _module_preset=&#8221;default&#8221; text_text_color=&#8221;#000000&#8243; text_font_size=&#8221;18px&#8221;]<\/p>\n<p><strong><a href=\"http:\/\/files.clickweb.home.pl\/16\/21\/162156c2-0e6c-4593-abfc-70489ee18e4a.pdf\" target=\"_blank\" title=\"W nowej karcie\" rel=\"noopener\">Regulamin rekrutacji<\/a><\/strong><\/p>\n<p><strong><a href=\"http:\/\/files.clickweb.home.pl\/d5\/d9\/d5d9ce7a-0421-4455-98fe-c82dd6f13a27.pdf\" target=\"_blank\" title=\"W nowej karcie\" rel=\"noopener\">Karta zg\u0142oszenia do projektu<\/a><\/strong><\/p>\n<p>[\/et_pb_text][\/et_pb_column][et_pb_column type=&#8221;1_4&#8243; _builder_version=&#8221;4.7.5&#8243; _module_preset=&#8221;default&#8221; custom_padding=&#8221;20px||20px||false|false&#8221; border_radii=&#8221;on|20px|20px|20px|20px&#8221; border_color_all=&#8221;#66007c&#8221;][\/et_pb_column][\/et_pb_row][et_pb_row _builder_version=&#8221;4.7.5&#8243; _module_preset=&#8221;default&#8221;][et_pb_column type=&#8221;4_4&#8243; _builder_version=&#8221;4.7.5&#8243; _module_preset=&#8221;default&#8221;][et_pb_image src=&#8221;http:\/\/spradzanowo.pl\/wp-content\/uploads\/2021\/06\/869f69e2-504d-4f89-a2e0-e370effb9672.jpg&#8221; alt=&#8221;baner&#8221; title_text=&#8221;Baner projektu unijnego&#8221; align=&#8221;center&#8221; _builder_version=&#8221;4.7.5&#8243; _module_preset=&#8221;default&#8221;][\/et_pb_image][\/et_pb_column][\/et_pb_row][\/et_pb_section]<\/p>\n","protected":false},"excerpt":{"rendered":"<p>[et_pb_section fb_built=&#8221;1&#8243; _builder_version=&#8221;4.7.5&#8243; _module_preset=&#8221;default&#8221;][\/et_pb_section][et_pb_section fb_built=&#8221;1&#8243; _builder_version=&#8221;4.7.5&#8243; _module_preset=&#8221;default&#8221; custom_padding=&#8221;0px|||||&#8221;][et_pb_row _builder_version=&#8221;4.7.5&#8243; _module_preset=&#8221;default&#8221; custom_padding=&#8221;0px|||||&#8221; border_width_bottom=&#8221;2px&#8221;][et_pb_column type=&#8221;4_4&#8243; _builder_version=&#8221;4.7.5&#8243; _module_preset=&#8221;default&#8221;][et_pb_text _builder_version=&#8221;4.7.5&#8243; _module_preset=&#8221;default&#8221; header_text_color=&#8221;#66007c&#8221; custom_margin=&#8221;34px|||||&#8221;] PROJEKT UNIJNY PO WER 2020\/21 [\/et_pb_text][et_pb_text _builder_version=&#8221;4.7.5&#8243; _module_preset=&#8221;default&#8221; header_text_color=&#8221;#66007c&#8221; header_2_text_color=&#8221;#66007c&#8221; header_2_font_size=&#8221;24px&#8221; custom_margin=&#8221;34px||-1px|||&#8221;] &#8222;TWOJE ZDROWIE JEST NA TWOIM TALERZU&#8221; [\/et_pb_text][et_pb_text _builder_version=&#8221;4.7.5&#8243; _module_preset=&#8221;default&#8221; header_text_color=&#8221;#66007c&#8221; header_2_text_color=&#8221;#66007c&#8221; header_2_font_size=&#8221;24px&#8221; custom_margin=&#8221;9px|||||&#8221;] POLSKA-PORTUGALIA [\/et_pb_text][\/et_pb_column][\/et_pb_row][et_pb_row _builder_version=&#8221;4.7.5&#8243; _module_preset=&#8221;default&#8221;][et_pb_column type=&#8221;4_4&#8243; _builder_version=&#8221;4.7.5&#8243; _module_preset=&#8221;default&#8221;][et_pb_text _builder_version=&#8221;4.7.5&#8243; _module_preset=&#8221;default&#8221; text_text_color=&#8221;#000000&#8243; text_font_size=&#8221;18px&#8221;] [&hellip;]<\/p>\n","protected":false},"author":1,"featured_media":0,"parent":0,"menu_order":0,"comment_status":"closed","ping_status":"closed","template":"","meta":{"_et_pb_use_builder":"on","_et_pb_old_content":"<!-- wp:divi\/placeholder \/-->","_et_gb_content_width":"","footnotes":""},"class_list":["post-19","page","type-page","status-publish","hentry"],"_links":{"self":[{"href":"https:\/\/spradzanowo.pl\/index.php?rest_route=\/wp\/v2\/pages\/19","targetHints":{"allow":["GET"]}}],"collection":[{"href":"https:\/\/spradzanowo.pl\/index.php?rest_route=\/wp\/v2\/pages"}],"about":[{"href":"https:\/\/spradzanowo.pl\/index.php?rest_route=\/wp\/v2\/types\/page"}],"author":[{"embeddable":true,"href":"https:\/\/spradzanowo.pl\/index.php?rest_route=\/wp\/v2\/users\/1"}],"replies":[{"embeddable":true,"href":"https:\/\/spradzanowo.pl\/index.php?rest_route=%2Fwp%2Fv2%2Fcomments&post=19"}],"version-history":[{"count":13,"href":"https:\/\/spradzanowo.pl\/index.php?rest_route=\/wp\/v2\/pages\/19\/revisions"}],"predecessor-version":[{"id":1404,"href":"https:\/\/spradzanowo.pl\/index.php?rest_route=\/wp\/v2\/pages\/19\/revisions\/1404"}],"wp:attachment":[{"href":"https:\/\/spradzanowo.pl\/index.php?rest_route=%2Fwp%2Fv2%2Fmedia&parent=19"}],"curies":[{"name":"wp","href":"https:\/\/api.w.org\/{rel}","templated":true}]}}