{"id":25,"date":"2021-05-11T13:47:28","date_gmt":"2021-05-11T11:47:28","guid":{"rendered":"http:\/\/spradzanowo.pl\/?page_id=25"},"modified":"2022-12-11T16:24:18","modified_gmt":"2022-12-11T15:24:18","slug":"zhp","status":"publish","type":"page","link":"https:\/\/spradzanowo.pl\/?page_id=25","title":{"rendered":"ZHP"},"content":{"rendered":"<p>[et_pb_section fb_built=&#8221;1&#8243; _builder_version=&#8221;4.7.5&#8243; _module_preset=&#8221;default&#8221;][et_pb_row _builder_version=&#8221;4.7.5&#8243; _module_preset=&#8221;default&#8221;][et_pb_column type=&#8221;4_4&#8243; _builder_version=&#8221;4.7.5&#8243; _module_preset=&#8221;default&#8221;][et_pb_blog posts_number=&#8221;0&#8243; include_categories=&#8221;16&#8243; _builder_version=&#8221;4.7.5&#8243; _module_preset=&#8221;default&#8221; header_level=&#8221;h3&#8243; hover_enabled=&#8221;0&#8243; text_shadow_style=&#8221;preset1&#8243; sticky_enabled=&#8221;0&#8243; show_more=&#8221;on&#8221; header_text_color=&#8221;#8324db&#8221;][\/et_pb_blog][et_pb_text _builder_version=&#8221;4.7.5&#8243; _module_preset=&#8221;default&#8221;]<\/p>\n<h2><span style=\"color: #800080;\">XVII HARCERSKI RAJD ,,MO\u0141TAWA\u201d<\/span><\/h2>\n<p><span>W sobot\u0119 1 pa\u017adziernika 2022r wyruszyli\u015bmy na XVII HARCERSKI RAJD ,,MO\u0141TAWA\u201d 2022\u00a0<\/span><span class=\"s1\">Nowe Miszewo-Bodzan\u00f3w pod patronatem Starost P\u0142ockiego Sylwestra Ziemkiewicza.<\/span><\/p>\n<p class=\"p1\"><span class=\"s1\">\u00a0I. Celem Rajdu by\u0142o m.in<\/span><\/p>\n<p class=\"p1\"><span class=\"s1\">Popularyzacja aktywnej i bezpiecznej nizinnej turystyki pieszej.<\/span><\/p>\n<p class=\"p1\"><span class=\"s1\">Integracja \u015brodowisk harcerskich Hufca ZHP \u201cMazowsze\u201d P\u0142ock im. Szarych<\/span><\/p>\n<p class=\"p1\"><span class=\"s1\">Szereg\u00f3w.Uczczenie 125. rocznicy urodzin i 60. rocznicy \u015bmierci W\u0142adys\u0142awa Broniewskiego.<\/span><\/p>\n<p class=\"p1\" dir=\"auto\"><span class=\"s1\">W rajdzie uczestniczy\u0142o 339 zuch\u00f3w, harcerzy, instruktor\u00f3w i opiekun\u00f3w. Jak zwykle by\u0142a to dla nas wspania\u0142a harcerska przygoda. Gra terenowa, kt\u00f3ra wymaga\u0142a od nas znajomo\u015bci wielu umiej\u0119tno\u015bci surwiwalowych. Cudowna pogoda sprzyja\u0142a w\u0119dr\u00f3wce, rozmowom w\u015br\u00f3d przyjaci\u00f3\u0142. Wieczorem \u015bwieczkowisko i wsp\u00f3lne zabawy. W niedziele wzi\u0119li\u015bmy udzia\u0142 we Mszy \u015bw i apelu po\u017cegnalnym.<\/span><\/p>\n<p>[\/et_pb_text][et_pb_gallery gallery_ids=&#8221;2061,2062,2063,2064,2065,2066,2067,2068&#8243; show_title_and_caption=&#8221;off&#8221; show_pagination=&#8221;off&#8221; _builder_version=&#8221;4.7.5&#8243; _module_preset=&#8221;default&#8221;][\/et_pb_gallery][et_pb_divider _builder_version=&#8221;4.7.5&#8243; _module_preset=&#8221;default&#8221;][\/et_pb_divider][et_pb_text _builder_version=&#8221;4.7.5&#8243; _module_preset=&#8221;default&#8221;]<\/p>\n<h2><span class=\"s1\" style=\"color: #800080;\">\u201e Harcerstwo \u0142\u0105czy pokolenia\u201d<\/span><\/h2>\n<p><span class=\"s1\">W pi\u0105tek, 23.09.2022r. nasza dru\u017cyna przy wsp\u00f3\u0142pracy z Centrum Kultury i Sportu w Radzanowie, na czele z Pani\u0105 Magdalen\u0105 Kosieli\u0144sk\u0105 oraz druhn\u0105 harcmistrz El\u017cbiet\u0105 Bartczak zorganizowa\u0142a spotkanie pt. \u201e Harcerstwo \u0142\u0105czy pokolenia\u201d. Celem zlotu (wype\u0142nionym z nawi\u0105zk\u0105) by\u0142a integracja lokalnej spo\u0142eczno\u015bci wielu pokole\u0144 harcerzy z naszego \u015brodowiska, cenna wymiana do\u015bwiadcze\u0144 i przywo\u0142anie niezapomnianych wspomnie\u0144 z harcerskiego szlaku. Uczestnicy mieli szans\u0119 zetkn\u0105\u0107 si\u0119 z esencj\u0105 harcerstwa: wzi\u0105\u0107 udzia\u0142 w grze terenowej, harcerskim ognisku, \u015bpiewograniu lub skosztowa\u0107 tradycyjnych przysmak\u00f3w. Dzi\u0119kujemy Panu Wies\u0142awowi Mioduskiemu i naszej dru\u017cynowej Jolancie Sochackiej za pyszn\u0105 groch\u00f3wk\u0119 harcersk\u0105. Wszystkim uczestnikom spotkania za wspania\u0142\u0105 atmosfer\u0119.\u00a0<\/span><\/p>\n<p><span class=\"s1\">CZUWAJ!<\/span><\/p>\n<p>[\/et_pb_text][et_pb_gallery gallery_ids=&#8221;1978,1979,1980,1981,1982,1983,1984,1985,1986,1987,1988,1989,1990,1991,1992,1993,1994,1995,1996,1997,1998,1999,2000,2001,2002,2003,2004,2005,2006,2007,2008,2009,2010,2011,2012,2013,2014,2015,2016,2017,2018,2019,2020&#8243; show_title_and_caption=&#8221;off&#8221; _builder_version=&#8221;4.7.5&#8243; _module_preset=&#8221;default&#8221;][\/et_pb_gallery][et_pb_divider _builder_version=&#8221;4.7.5&#8243; _module_preset=&#8221;default&#8221;][\/et_pb_divider][et_pb_text _builder_version=&#8221;4.7.5&#8243; _module_preset=&#8221;default&#8221;]<\/p>\n<h3 style=\"text-align: center;\"><span style=\"color: #800080;\"><strong> PIKNIK PATROTYCZNY<\/strong><\/span><\/h3>\n<p style=\"font-weight: 400;\">3 Maja 2022 r wzi\u0119li\u015bmy udzia\u0142 w organizacji \u00a0gminnego pikniku patriotycznego. Uczcili\u015bmy 231 rocznic\u0119 uchwalenia Konstytucji 3 Maja. Zadaniem naszej dru\u017cyny by\u0142o przeprowadzenie 10 konkurs\u00f3w dla najm\u0142odszych uczestnik\u00f3w pikniku. Wspania\u0142a przygoda bo mogli\u015bmy z r\u00f3wie\u015bnikami sp\u0119dzi\u0107 czas, wzi\u0105\u0107 udzia\u0142 w konkursie wiedzy o Gminie i Polsce, \u015bpiewa\u0107 pie\u015bni patriotyczne, zje\u015b\u0107 pyszn\u0105 groch\u00f3wk\u0119 i s\u0142odkie pierniczki.<\/p>\n<p style=\"font-weight: 400;\"><strong>C Z U W A J !<\/strong><\/p>\n<p>[\/et_pb_text][et_pb_gallery gallery_ids=&#8221;1684,1683,1682,1681,1680&#8243; show_title_and_caption=&#8221;off&#8221; _builder_version=&#8221;4.7.5&#8243; _module_preset=&#8221;default&#8221;][\/et_pb_gallery][et_pb_divider _builder_version=&#8221;4.7.5&#8243; _module_preset=&#8221;default&#8221;][\/et_pb_divider][et_pb_text _builder_version=&#8221;4.7.5&#8243; _module_preset=&#8221;default&#8221; text_font_size=&#8221;16px&#8221;]<\/p>\n<p><strong>Witajcie!<\/strong><\/p>\n<p style=\"padding-bottom: 0px; text-align: center;\">Z okazji Dnia My\u015bli Braterskiej wszystkim harcerzom i harcerzom, sympatykom i ka\u017cdemu z osobna \u017cyczymy Rado\u015bci w sercu, Przyja\u017ani i przyg\u00f3d na harcerskich szlakach. Niez\u0142omnej postawy w pokonywaniu s\u0142abo\u015bci i u\u015bmiechu na twarzy.<\/p>\n<p><img loading=\"lazy\" decoding=\"async\" class=\"aligncenter wp-image-1173 size-full\" src=\"https:\/\/spradzanowo.pl\/wp-content\/uploads\/2022\/02\/zhp-2.jpg\" alt=\"\" width=\"749\" height=\"1020\" srcset=\"https:\/\/spradzanowo.pl\/wp-content\/uploads\/2022\/02\/zhp-2.jpg 749w, https:\/\/spradzanowo.pl\/wp-content\/uploads\/2022\/02\/zhp-2-480x654.jpg 480w\" sizes=\"auto, (min-width: 0px) and (max-width: 480px) 480px, (min-width: 481px) 749px, 100vw\" \/><\/p>\n<p>[\/et_pb_text][et_pb_divider _builder_version=&#8221;4.7.5&#8243; _module_preset=&#8221;default&#8221;][\/et_pb_divider][et_pb_text _builder_version=&#8221;4.7.5&#8243; _module_preset=&#8221;default&#8221; text_font_size=&#8221;24px&#8221; text_line_height=&#8221;1.8em&#8221; text_orientation=&#8221;center&#8221; text_text_shadow_style=&#8221;preset3&#8243; text_text_shadow_horizontal_length=&#8221;0.03em&#8221; text_text_shadow_vertical_length=&#8221;0.03em&#8221; text_text_shadow_blur_strength=&#8221;0.33em&#8221; text_text_shadow_color=&#8221;#8300e9&#8243;]<\/p>\n<div dir=\"auto\">\n<div dir=\"auto\">Rozpoczynamy nowy etap w dzia\u0142aniu dru\u017cyny harcerskiej przy Szkole Podstawowej w Radzanowie. Jeste\u015bmy pr\u00f3bn\u0105 dru\u017cyn\u0105\u00a0<strong>ENIGMA<\/strong>. W czasie fina\u0142u WO\u015aP w okrojonym sk\u0142adzie wyst\u0105pili\u015bmy 30.01.2022r na hali sportowej.<\/div>\n<div dir=\"auto\">Zapraszamy ch\u0119tnych uczni\u00f3w do pracy w dru\u017cynie. Zbi\u00f3rki odbywaj\u0105 si\u0119 w pi\u0105tki o 15.30 w szkole w Radzanowie. CZUWAJ!<\/div>\n<p><img loading=\"lazy\" decoding=\"async\" class=\"aligncenter wp-image-1154 size-large\" src=\"https:\/\/spradzanowo.pl\/wp-content\/uploads\/2022\/02\/zhp-768x1024.jpg\" alt=\"\" width=\"768\" height=\"1024\" \/><\/div>\n<div dir=\"auto\">\u00a0<\/div>\n<p>[\/et_pb_text][et_pb_divider _builder_version=&#8221;4.7.5&#8243; _module_preset=&#8221;default&#8221;][\/et_pb_divider][\/et_pb_column][\/et_pb_row][et_pb_row _builder_version=&#8221;4.7.5&#8243; _module_preset=&#8221;default&#8221;][et_pb_column type=&#8221;4_4&#8243; _builder_version=&#8221;4.7.5&#8243; _module_preset=&#8221;default&#8221;][et_pb_text _builder_version=&#8221;4.7.5&#8243; _module_preset=&#8221;default&#8221; header_text_color=&#8221;#000000&#8243;]<\/p>\n<div id=\"page-zones__main-widgets__5be32683da93b\" class=\"responsivecolumns widget js-widget\" data-name=\"responsivecolumns\" data-uniqueid=\"4FwywxKEpB4VKwW\" data-parentuniqueid=\"GhFfYbOxEFGWOcy\">\n<section id=\"page-zones__main-widgets__5be32683da93b-zones__5be326841340c\" class=\"bk-zone column columns-two-left\" data-uniqueid=\"NcdDSiviObbaQ8k\" data-parentuniqueid=\"4FwywxKEpB4VKwW\">\n<div id=\"page-zones__main-widgets__5be32683da93b-zones__5be326841340c-widgets__5be326842b484\" class=\"content widget js-widget\" data-name=\"content\" data-uniqueid=\"StyGUyHUqa2M9Wi\" data-parentuniqueid=\"NcdDSiviObbaQ8k\">\n<div class=\"bk-content-text js-text-content   wysihtml-editor-content\">\n<div id=\"page-zones__main-widgets__5be32683da93b\" class=\"responsivecolumns widget js-widget\" data-name=\"responsivecolumns\" data-uniqueid=\"4FwywxKEpB4VKwW\" data-parentuniqueid=\"GhFfYbOxEFGWOcy\">\n<section id=\"page-zones__main-widgets__5be32683da93b-zones__5be326841340c\" class=\"bk-zone column columns-two-left\" data-uniqueid=\"NcdDSiviObbaQ8k\" data-parentuniqueid=\"4FwywxKEpB4VKwW\">\n<div id=\"page-zones__main-widgets__5be32683da93b-zones__5be326841340c-widgets__5be326842b484\" class=\"content widget js-widget\" data-name=\"content\" data-uniqueid=\"StyGUyHUqa2M9Wi\" data-parentuniqueid=\"NcdDSiviObbaQ8k\">\n<div class=\"bk-content-text js-text-content   wysihtml-editor-content\">\n<h1 style=\"text-align: center;\">Zwi\u0105zek Harcerstwa Polskiego<\/h1>\n<p><span class=\"wysiwyg-font-size-large\"><b>Chor\u0105giew Mazowiecka ZHP im. W\u0142adys\u0142awa Broniewskiego<\/b><\/span><br \/><span class=\"wysiwyg-font-size-large\"><b>Hufiec &#8222;Mazowsze&#8221; P\u0142ock<\/b><\/span><\/div>\n<\/div>\n<\/section>\n<section id=\"page-zones__main-widgets__5be32683da93b-zones__5be326841d6b0\" class=\"bk-zone column columns-two-right\" data-uniqueid=\"nlLrxsEbVl6DTwG\" data-parentuniqueid=\"4FwywxKEpB4VKwW\">\n<div id=\"page-zones__main-widgets__5be32683da93b-zones__5be326841d6b0-widgets__5be32684514b9\" class=\"image widget js-widget\" data-name=\"image\" data-uniqueid=\"Jo5DfplJ6ftkDEK\" data-parentuniqueid=\"nlLrxsEbVl6DTwG\"><a class=\"widget-align-left js-pswp-image-trigger\" title=\"\" href=\"https:\/\/spradzanowo.pl\/organizacje-szkolne\/none\" target=\"none\" rel=\"noopener\"><span class=\"image-img\"><img decoding=\"async\" class=\"image js-pswp-image\" title=\"\" src=\"http:\/\/files.clickweb.home.pl\/51\/3f\/513f4f39-bad0-487f-8ea3-ba10407d40dc.jpg\" alt=\"\" width=\"640\" data-filename=\"logoz.jpg\" data-filesize=\"\" data-path=\"\/\/files.clickweb.home.pl\/51\/3f\/513f4f39-bad0-487f-8ea3-ba10407d40dc.jpg\" \/><\/span><\/a><\/div>\n<\/section>\n<\/div>\n<div id=\"page-zones__main-widgets__5bf32afc93d86\" class=\"content widget js-widget\" data-name=\"content\" data-uniqueid=\"OBlTqnj9jqrOvYT\" data-parentuniqueid=\"GhFfYbOxEFGWOcy\">\n<div class=\"bk-content-text js-text-content   wysihtml-editor-content\">\n<p><i>3 Dru\u017cyna Harcerska &#8222;Wiercipi\u0119ty&#8221;<\/i><\/p>\n<\/div>\n<\/div>\n<div id=\"page-zones__main-widgets__5be32576beff7\" class=\"line widget js-widget\" data-name=\"line\" data-uniqueid=\"6n4bQgeyrcJa1Lh\" data-parentuniqueid=\"GhFfYbOxEFGWOcy\">\n<hr class=\"line\" \/>\n<\/div>\n<div id=\"page-zones__main-widgets__5c17fcf34b0ab\" class=\"responsivecolumns widget js-widget\" data-name=\"responsivecolumns\" data-uniqueid=\"iBfiBeFlXh2zYUU\" data-parentuniqueid=\"GhFfYbOxEFGWOcy\">\n<section id=\"page-zones__main-widgets__5c17fcf34b0ab-zones__5c17fcf37c163\" class=\"bk-zone column columns-two-left\" data-uniqueid=\"YdNpZz2qwCJFr35\" data-parentuniqueid=\"iBfiBeFlXh2zYUU\">\n<div id=\"page-zones__main-widgets__5c17fcf34b0ab-zones__5c17fcf37c163-widgets__5c17fcf393496\" class=\"content widget js-widget\" data-name=\"content\" data-uniqueid=\"hl1D8oscBR0uU6L\" data-parentuniqueid=\"YdNpZz2qwCJFr35\">\n<div class=\"bk-content-text js-text-content   wysihtml-editor-content\">\n<p>&nbsp;<\/p>\n<h4><span class=\"wysiwyg-font-size-medium\">14-16.12.2018r.<\/span><span class=\"wysiwyg-font-size-medium\">\u00a0Betlejemskie \u015awiate\u0142ko Pokoju<\/span><\/h4>\n<p><b>14.12.2018<\/b>\u00a0&#8211;\u00a0<u>Pierwszy dzie\u0144 wyprawy po Betlejemskie \u015awiate\u0142ko Pokoju<\/u><\/p>\n<p>Wczesnym rankiem w pi\u0105tek 14 grudnia dziesi\u0119\u0107 harcerek i jeden harcerz z 3DH &#8222;Wiercipi\u0119ty&#8221; wraz z dh Izabel\u0105 Pika\u0142a i pani\u0105 Monik\u0105 Woli\u0144sk\u0105 wyruszyli na trzydniowy wyjazd po Betlejemskie \u015awiate\u0142ko Pokoju. Dzi\u015b w programie by\u0142 Krak\u00f3w &#8211; Spacer po Star\u00f3wce, Sukiennice, Ko\u015bci\u00f3\u0142 Mariacki, gdzie s\u0142yszeli\u015bmy na \u017cywo hejna\u0142 z wie\u017cy mariackiej. Na star\u00f3wce spotkanie z Mickiewiczem i jarmark bo\u017conarodzeniowy. Zwiedzali\u015bmy z przewodnikiem Muzeum Armii Krajowej, gdzie w grupach uczestniczyli\u015bmy w warsztatach tematycznych.<\/p>\n<p>&nbsp;<\/p>\n<\/div>\n<\/div>\n<\/section>\n<section id=\"page-zones__main-widgets__5c17fcf34b0ab-zones__5c17fcf38666f\" class=\"bk-zone column columns-two-right\" data-uniqueid=\"cohtkOyVhlJdAdx\" data-parentuniqueid=\"iBfiBeFlXh2zYUU\">\n<div id=\"page-zones__main-widgets__5c17fcf34b0ab-zones__5c17fcf38666f-widgets__5c17fcf3ce85d\" class=\"image widget js-widget\" data-name=\"image\" data-uniqueid=\"v0LgIOwk5C7zeTm\" data-parentuniqueid=\"cohtkOyVhlJdAdx\"><a class=\"widget-align-left js-pswp-image-trigger\" title=\"\" href=\"https:\/\/spradzanowo.pl\/organizacje-szkolne\/none\" target=\"none\" rel=\"noopener\"><span class=\"image-img\"><img decoding=\"async\" class=\"image js-pswp-image\" title=\"\" src=\"http:\/\/files.clickweb.home.pl\/4a\/bd\/4abda90d-9a42-499f-bbdb-f6050b3924f8.jpg\" alt=\"\" width=\"1200\" data-filename=\"1 Strona int 2018-10191.jpg\" data-filesize=\"\" data-path=\"\/\/files.clickweb.home.pl\/4a\/bd\/4abda90d-9a42-499f-bbdb-f6050b3924f8.jpg\" \/><\/span><\/a><\/div>\n<\/section>\n<\/div>\n<div id=\"page-zones__main-widgets__5c17fdff26c1b\" class=\"content widget js-widget\" data-name=\"content\" data-uniqueid=\"C5TIdfW3CCD7kee\" data-parentuniqueid=\"GhFfYbOxEFGWOcy\">\n<div class=\"bk-content-text js-text-content   wysihtml-editor-content\">\n<p>&nbsp;<\/p>\n<p>\u2003<b>15.12.2018r. &#8211;\u00a0<\/b><u>Drugi dzie\u0144 wyprawy B\u015aP harcerze sp\u0119dzili w Zakopanem.<\/u><br \/>Po \u015bniadaniu wyruszyli\u015bmy w kierunku Zakopanego, gdzie w Urz\u0119dzie Miasta druhna Iza odebra\u0142a pakiety okoliczno\u015bciowe: czapki i przypinki &#8222;\u015awiat\u0142o, kt\u00f3re \u0142\u0105czy&#8221;. Nast\u0119pnie udali\u015bmy si\u0119 w kierunku kolejki i wjechali\u015bmy na Guba\u0142\u00f3wk\u0119. A tam&#8230; poczuli\u015bmy si\u0119 jak w krainie ba\u015bni. Mn\u00f3stwo \u015bniegu i pi\u0119kne oszronione dekoracje, kt\u00f3re wieczorem s\u0105 pod\u015bwietlane. Nie oby\u0142o si\u0119 bez sesji zdj\u0119ciowej oraz ma\u0142ych zakup\u00f3w, np. ko\u0142aczy czy oscypk\u00f3w. Z Guba\u0142\u00f3wki ponownie zjechali\u015bmy kolejk\u0105 i by\u0142 czas na zakup pami\u0105tek. Po tym poszli\u015bmy do SP1 na obiad serwowany w ramach pakietu okoliczno\u015bciowego. Na zako\u0144czenie pobytu w Zakopanem pomachali\u015bmy rodzicom, kt\u00f3rzy mogli nas obserwowa\u0107 przez kamerk\u0119 internetow\u0105 na Krup\u00f3wkach. Kolejnym punktem programu by\u0142y zaj\u0119cia na basenach Termy Szaflary. A po kolacji kupili\u015bmy sobie oscypki. Wieczorem natomiast by\u0142o ognisko z pieczeniem kie\u0142basek.\u00a0 Jutro S\u0142owacja i odbieramy \u015bwiate\u0142ko.<\/p>\n<p>\u2003<b>16.12.2018r. &#8211;\u00a0<\/b><u>Trzeci dzie\u0144 wyprawy po B\u015aP &#8211; S\u0142owacja<\/u><br \/>Skoro \u015bwit, zaraz po wczesnym \u015bniadaniu, wyruszyli\u015bmy w kierunku S\u0142owacji, gdzie w miejscowo\u015bci Svit uczestniczyli\u015bmy w uroczystej mszy \u015bwi\u0119tej. W trakcie mszy odebrali\u015bmy \u015awiat\u0142o. Jak co roku towarzyszy\u0142o nam wiele pozytywnych emocji. Wracili\u015bmy szcz\u0119\u015bliwi do domu.<\/p>\n<p>&nbsp;<\/p>\n<\/div>\n<\/div>\n<div id=\"page-zones__main-widgets__5c17ff513ca96\" class=\"responsiveslideshow widget js-widget\" data-name=\"responsiveslideshow\" data-uniqueid=\"w796XEL6ymrwE40\" data-parentuniqueid=\"GhFfYbOxEFGWOcy\">\n<div class=\"slideshow-widget-wrapper\">\n<div class=\"slideshow-widget\">\n<div class=\"btns-move\">\u00a0<\/div>\n<ul class=\"slideshow-image-list\">\n<li class=\"js-responsiveslideshow-image-item slideshow-image-item current\" data-ref=\"3\">\n<div class=\"image-wrapper\"><img decoding=\"async\" class=\"slideshow-image js-responsiveslideshow-image\" src=\"http:\/\/files.clickweb.home.pl\/ad\/6a\/ad6a8902-5563-45ee-b14c-06323f5beb2e.jpg\" \/><\/div>\n<\/li>\n<\/ul>\n<\/div>\n<\/div>\n<\/div>\n<\/div>\n<\/div>\n<\/section>\n<\/div>\n<div id=\"page-zones__main-widgets__5bf32afc93d86\" class=\"content widget js-widget\" data-name=\"content\" data-uniqueid=\"OBlTqnj9jqrOvYT\" data-parentuniqueid=\"GhFfYbOxEFGWOcy\">\n<div class=\"bk-content-text js-text-content   wysihtml-editor-content\">\u00a0<\/div>\n<\/div>\n<p>[\/et_pb_text][\/et_pb_column][\/et_pb_row][\/et_pb_section]<\/p>\n","protected":false},"excerpt":{"rendered":"<p>[et_pb_section fb_built=&#8221;1&#8243; _builder_version=&#8221;4.7.5&#8243; _module_preset=&#8221;default&#8221;][et_pb_row _builder_version=&#8221;4.7.5&#8243; _module_preset=&#8221;default&#8221;][et_pb_column type=&#8221;4_4&#8243; _builder_version=&#8221;4.7.5&#8243; _module_preset=&#8221;default&#8221;][et_pb_blog posts_number=&#8221;0&#8243; include_categories=&#8221;16&#8243; _builder_version=&#8221;4.7.5&#8243; _module_preset=&#8221;default&#8221; header_level=&#8221;h3&#8243; hover_enabled=&#8221;0&#8243; text_shadow_style=&#8221;preset1&#8243; sticky_enabled=&#8221;0&#8243; show_more=&#8221;on&#8221; header_text_color=&#8221;#8324db&#8221;][\/et_pb_blog][et_pb_text _builder_version=&#8221;4.7.5&#8243; _module_preset=&#8221;default&#8221;] XVII HARCERSKI RAJD ,,MO\u0141TAWA\u201d W sobot\u0119 1 pa\u017adziernika 2022r wyruszyli\u015bmy na XVII HARCERSKI RAJD ,,MO\u0141TAWA\u201d 2022\u00a0Nowe Miszewo-Bodzan\u00f3w pod patronatem Starost P\u0142ockiego Sylwestra Ziemkiewicza. \u00a0I. Celem Rajdu by\u0142o m.in Popularyzacja aktywnej i bezpiecznej nizinnej turystyki [&hellip;]<\/p>\n","protected":false},"author":1,"featured_media":0,"parent":0,"menu_order":0,"comment_status":"closed","ping_status":"closed","template":"","meta":{"_et_pb_use_builder":"on","_et_pb_old_content":"<!-- wp:divi\/placeholder \/-->","_et_gb_content_width":"","footnotes":""},"class_list":["post-25","page","type-page","status-publish","hentry"],"_links":{"self":[{"href":"https:\/\/spradzanowo.pl\/index.php?rest_route=\/wp\/v2\/pages\/25","targetHints":{"allow":["GET"]}}],"collection":[{"href":"https:\/\/spradzanowo.pl\/index.php?rest_route=\/wp\/v2\/pages"}],"about":[{"href":"https:\/\/spradzanowo.pl\/index.php?rest_route=\/wp\/v2\/types\/page"}],"author":[{"embeddable":true,"href":"https:\/\/spradzanowo.pl\/index.php?rest_route=\/wp\/v2\/users\/1"}],"replies":[{"embeddable":true,"href":"https:\/\/spradzanowo.pl\/index.php?rest_route=%2Fwp%2Fv2%2Fcomments&post=25"}],"version-history":[{"count":23,"href":"https:\/\/spradzanowo.pl\/index.php?rest_route=\/wp\/v2\/pages\/25\/revisions"}],"predecessor-version":[{"id":2696,"href":"https:\/\/spradzanowo.pl\/index.php?rest_route=\/wp\/v2\/pages\/25\/revisions\/2696"}],"wp:attachment":[{"href":"https:\/\/spradzanowo.pl\/index.php?rest_route=%2Fwp%2Fv2%2Fmedia&parent=25"}],"curies":[{"name":"wp","href":"https:\/\/api.w.org\/{rel}","templated":true}]}}