{"id":33,"date":"2021-05-11T13:48:48","date_gmt":"2021-05-11T11:48:48","guid":{"rendered":"http:\/\/spradzanowo.pl\/?page_id=33"},"modified":"2026-03-11T09:58:43","modified_gmt":"2026-03-11T08:58:43","slug":"biblioteka","status":"publish","type":"page","link":"https:\/\/spradzanowo.pl\/?page_id=33","title":{"rendered":"BIBLIOTEKA"},"content":{"rendered":"<p>[et_pb_section fb_built=&#8221;1&#8243; _builder_version=&#8221;4.7.5&#8243; _module_preset=&#8221;default&#8221;][et_pb_row _builder_version=&#8221;4.7.5&#8243; _module_preset=&#8221;default&#8221;][et_pb_column type=&#8221;4_4&#8243; _builder_version=&#8221;4.7.5&#8243; _module_preset=&#8221;default&#8221;][et_pb_text _builder_version=&#8221;4.7.5&#8243; _module_preset=&#8221;default&#8221; text_font_size=&#8221;23px&#8221; header_text_color=&#8221;#000000&#8243; text_text_shadow_style=&#8221;preset2&#8243; text_text_shadow_blur_strength=&#8221;0.15em&#8221; text_text_shadow_color=&#8221;#000000&#8243; border_width_all=&#8221;1px&#8221; box_shadow_style=&#8221;preset3&#8243; box_shadow_color=&#8221;#8300e9&#8243;]<\/p>\n<h1 style=\"text-align: center;\"><strong>ROK SZKOLNY 2025\/26<\/strong><\/h1>\n<p>[\/et_pb_text][\/et_pb_column][\/et_pb_row][et_pb_row column_structure=&#8221;2_5,3_5&#8243; _builder_version=&#8221;4.7.5&#8243; _module_preset=&#8221;default&#8221;][et_pb_column type=&#8221;2_5&#8243; _builder_version=&#8221;4.7.5&#8243; _module_preset=&#8221;default&#8221;][et_pb_image src=&#8221;https:\/\/spradzanowo.pl\/wp-content\/uploads\/2026\/01\/logotyp.jpg&#8221; title_text=&#8221;logotyp&#8221; _builder_version=&#8221;4.7.5&#8243; _module_preset=&#8221;default&#8221;][\/et_pb_image][et_pb_image src=&#8221;https:\/\/spradzanowo.pl\/wp-content\/uploads\/2026\/01\/belka-scaled.jpg&#8221; title_text=&#8221;belka&#8221; _builder_version=&#8221;4.7.5&#8243; _module_preset=&#8221;default&#8221;][\/et_pb_image][\/et_pb_column][et_pb_column type=&#8221;3_5&#8243; _builder_version=&#8221;4.7.5&#8243; _module_preset=&#8221;default&#8221;][et_pb_text _builder_version=&#8221;4.7.5&#8243; _module_preset=&#8221;default&#8221; text_text_color=&#8221;#000000&#8243;]<\/p>\n<h3 style=\"text-align: center;\"><b><i>Narodowy Program Rozwoju Czytelnictwa<\/i><\/b><span><b> <\/b><\/span><b>w naszej szkole<\/b><\/h3>\n<p>Z przyjemno\u015bci\u0105 informujemy, \u017ce w tym roku nasza szko\u0142a otrzyma\u0142a wsparcie finansowe ze \u015brodk\u00f3w Ministra Kultury i Dziedzictwa Narodowego, w ramach realizacji Priorytetu\u00a03 \u201eNarodowego Programu Rozwoju Czytelnictwa 2.0 na lata 2021-2025\u201d.<\/p>\n<p>Wysoko\u015b\u0107 pozyskanego dofinansowania, kt\u00f3ra uzale\u017cniona by\u0142a od liczby uczni\u00f3w szko\u0142y, wynosi 15\u00a0000 z\u0142, (12\u00a0000 z\u0142 to rz\u0105dowe wsparcie, a 3\u00a0000 z\u0142 wk\u0142ad w\u0142asny organu prowadz\u0105cego).\u00a0<\/p>\n<p>Celem programu jest kszta\u0142towanie postaw czytelniczych i rozwijanie zainteresowa\u0144 literackich w\u015br\u00f3d dzieci i m\u0142odzie\u017cy oraz wzmacnianie potencja\u0142u biblioteki.<span class=\"Apple-converted-space\">\u00a0<\/span><\/p>\n<p>Dzi\u0119ki temu niebawem na p\u00f3\u0142kach stan\u0105 lektury, nowo\u015bci wydawnicze oraz ksi\u0105\u017cki, kt\u00f3re zaproponowali nasi uczniowie. Wp\u0142ynie to znacznie na popraw\u0119 oferty biblioteki szkolnej i\u00a0zwi\u0119kszy jej atrakcyjno\u015b\u0107<\/p>\n<p>[\/et_pb_text][\/et_pb_column][\/et_pb_row][et_pb_row _builder_version=&#8221;4.7.5&#8243; _module_preset=&#8221;default&#8221; custom_margin=&#8221;|auto||127px||&#8221;][et_pb_column type=&#8221;4_4&#8243; _builder_version=&#8221;4.7.5&#8243; _module_preset=&#8221;default&#8221;][et_pb_text _builder_version=&#8221;4.7.5&#8243; _module_preset=&#8221;default&#8221; text_text_color=&#8221;#000000&#8243; hover_enabled=&#8221;0&#8243; sticky_enabled=&#8221;0&#8243;]<\/p>\n<h1 style=\"text-align: center;\"><strong>\u00a0DLACZEGO WARTO CZYTA\u0106 KSI\u0104\u017bKI<\/strong><\/h1>\n<p><strong><\/strong><\/p>\n<p class=\"s3\"><span class=\"s2\">\u201eBez wzgl\u0119du na to, ile masz zaj\u0119\u0107, najwa\u017cniejsz\u0105 rzecz\u0105, jak\u0105 mo\u017cesz zrobi\u0107 dla przysz\u0142o\u015bci swojego dziecka, opr\u00f3cz okazywania mu mi\u0142o\u015bci, jest codzienne g\u0142o\u015bnie czytanie\u2026\u201d<\/span><span>\u00a0<\/span><\/p>\n<p class=\"s5\"><span class=\"s4\">Jim <\/span><span class=\"s4\">Trelease<\/span><\/p>\n<p class=\"s6\"><span>\u00a0<\/span><\/p>\n<h4 class=\"s16\" style=\"text-align: center;\"><strong><span class=\"s7\"><\/span><span class=\"s7\"><a href=\"https:\/\/nprcz.pl\/dla-rodzicow\/\">&gt;&gt;&gt; https:\/\/nprcz.pl\/dla-rodzicow\/<\/a><a href=\"https:\/\/nprcz.pl\/dla-rodzicow\/\">\u00a0&lt;&lt;&lt;<\/a><\/span><\/strong><\/h4>\n<p class=\"s8\"><span class=\"s7\">Informowali\u015bmy ju\u017c Pa\u0144stwa<\/span><span class=\"s7\">, \u017ce w tym roku szkolnym nasza <\/span><span class=\"s7\">szko\u0142a<\/span><span class=\"s7\"> przyst\u0105pi\u0142a do realizacji ,,Narodowego Programu Rozwoju Czytelnictwa 2.0 na lata 2021-2025\u201d \u2013 Priorytet 3.<\/span><\/p>\n<p class=\"s9\"><span class=\"s7\">G\u0142\u00f3wnym jego celem jest podniesienie poziomu aktywno\u015bci czytelniczej uczni\u00f3w oraz rozbudzanie ich zainteresowa\u0144 czytelniczych. Wszyscy chcemy zapewni\u0107 naszym wychowankom dobr\u0105 przysz\u0142o\u015b\u0107 i <\/span><span class=\"s7\">zadowalaj\u0105ce<\/span><span class=\"s7\"> wykszta\u0142cenie, a ksi\u0105\u017cka jest jednym z najwa\u017cniejszych \u015brodk\u00f3w w przekazywaniu wiedzy.<\/span><\/p>\n<p class=\"s10\"><span class=\"s7\">Udzia\u0142 w programie przyczyni\u0142 si\u0119 do uatrakcyjnienia ksi\u0119gozbioru biblioteki szkolnej poprzez zakup nowo\u015bci wydawniczych pozostaj\u0105cych w sferze zainteresowani<\/span><span class=\"s7\">a uczni\u00f3w. Dzi\u0119ki temu<\/span><span class=\"s7\"> b\u0119d\u0105 mogli korzysta\u0107 z najnowszych propozycji ksi\u0105\u017ckowych, oferowanych na rynku wydawniczym. <\/span><\/p>\n<p class=\"s9\"><span class=\"s7\">Specjali\u015bci zajmuj\u0105cy si\u0119 rozwojem dziecka w spos\u00f3b szczeg\u00f3lny podkre\u015blaj\u0105 znacz\u0105cy wp\u0142yw czytania na wspieranie tego procesu. Zadaniem szko\u0142y jest wytworzenie silnej motywacji do lektury, uczynienie czytania ksi\u0105\u017cki zaj\u0119ciem atrakcyjnym i przyci\u0105gaj\u0105cym w taki spos\u00f3b, aby ksi\u0105\u017cka zaspokaja\u0142a r\u00f3\u017cnorodne potrzeby i pragnienia dziecka, zar\u00f3wno intelektualne jak i emocjonalne. <\/span><span class=\"s7\">Nauka w szkole to etap, w kt\u00f3rym mo\u017cemy i staramy si\u0119 utrwala\u0107 u czytelnik\u00f3w zami\u0142owanie do ksi\u0105\u017cek. <\/span><\/p>\n<p class=\"s10\"><span class=\"s7\">Wychowanie do lektury nie nale\u017cy<\/span><span class=\"s7\"> jednak<\/span><span class=\"s7\"> wy\u0142\u0105cznie do zada\u0144 szko\u0142y. Wymaga r\u00f3wnie\u017c zaanga\u017cowania rodzic\u00f3w. <\/span><span class=\"s7\">To w domu rodzinnym dziecko po raz pierwszy ma kontakt z ksi\u0105\u017ck\u0105. Od zawsze rodzice i dziadkowie czytali \u00a0dzieciom bajki i ba\u015bnie. Wsp\u00f3lne czytanie ksi\u0105\u017cek zacie\u015bnia wi\u0119\u017a uczuciow\u0105, pozwala przyjemnie sp\u0119dzi\u0107 czas. Rodzinne czytanie rozwija r\u00f3wnie\u017c emocjonalnie, jest okazj\u0105 do trudnych rozm\u00f3w, pomaga w wychowaniu.\u00a0 Wielu czytelnik\u00f3w uto\u017csamia si\u0119 z bohaterami ksi\u0105\u017cek. Ich prze\u017cycia mog\u0105 by\u0107 wskaz\u00f3wk\u0105 jak rozwi\u0105za\u0107 swoje problemy, zrozumie\u0107 i nazwa\u0107 swoje uczucia. Regularna lektura usprawnia r\u00f3wnie\u017c my\u015blenie, rozwija <\/span><span class=\"s7\">s\u0142ownictwo,\u00a0 pami\u0119\u0107, wyobra\u017ani\u0119.<\/span><span class=\"s7\"> Korzystnie wp\u0142ywa te\u017c na samopoczucie, gdy\u017c znacz\u0105co obni\u017ca poziom stresu. Zapo<\/span><span class=\"s7\">biega uzale\u017cnieniu od <\/span><span class=\"s7\">i<\/span><span class=\"s7\">nternetu<\/span><span class=\"s7\">, uczy warto\u015bci moralnych oraz wzmacnia poczucie w\u0142asnej warto\u015bci.\u00a0\u00a0\u00a0<\/span><\/p>\n<p class=\"s9\"><span class=\"s7\">Nie zapominajmy zatem<\/span><span class=\"s7\">, \u017ce nie rodzimy si\u0119 z potrzeb\u0105 czytania, t\u0119 potrzeb\u0119 nabywamy z biegiem lat. Nawyk kontaktu z ksi\u0105\u017ck\u0105 jest pewnego rodzaju posagiem intelektualnym i emocjonalnym<\/span><span class=\"s7\">. <\/span><\/p>\n<p class=\"s10\"><span class=\"s7\">Dr<\/span><span class=\"s7\">odzy Rodzice, prosimy Was<\/span><span class=\"s7\">, aby\u015bcie zach\u0119cal<\/span><span class=\"s7\">i swoje dzieci do<\/span><span class=\"s7\"> czytania ksi\u0105\u017cek. <\/span><span class=\"s7\">Wyrobienie nawyku czytania ksi\u0105\u017cek i sprawienie<\/span><span class=\"s7\">,<\/span><span class=\"s7\"> by ksi\u0105\u017cki nie <\/span><span class=\"s7\">by\u0142y mniej wa\u017cne ni\u017c komputer, <\/span><span class=\"s7\">i<\/span><span class=\"s7\">nternet<\/span><span class=\"s7\"> czy telefon mo\u017ce si\u0119 uda\u0107 dzi\u0119ki wsp\u00f3lnemu zaanga\u017cowaniu domu i szko\u0142y. <\/span><\/p>\n<p class=\"s9\"><span class=\"s7\">Dajmy szans\u0119 naszym wychowankom, by wyro\u015bli na ludzi m\u0105drych, dobrych, kreatywnych, kt\u00f3rzy b\u0119d\u0105 odpowiedzialnie kszta\u0142towa\u0107 swoj\u0105 przysz\u0142o\u015b\u0107.<\/span><\/p>\n<p class=\"s12\"><span class=\"s11\">Zapraszamy <\/span><span class=\"s11\">r\u00f3wnie\u017c <\/span><span class=\"s11\">do\u00a0zapoznania si\u0119 z\u00a0materia\u0142ami informacyjnymi dla rodzic\u00f3w zamieszczonymi na\u00a0stronie Narodowego Programu Rozwoju Czytelnictwa 2.0.<\/span><\/p>\n<div class=\"s14\"><span class=\"s13\">\u2022 <\/span><span class=\"s7\">Czyta\u0107 czy\u00a0nie\u00a0czyta\u0107?<\/span><\/div>\n<div class=\"s15\"><span class=\"s13\">\u2022 <\/span><span class=\"s7\">Czy\u00a0wiesz, jak czytanie wp\u0142ywa na\u00a0m\u00f3zg dziecka?<\/span><\/div>\n<div class=\"s15\"><span class=\"s13\">\u2022 <\/span><span class=\"s7\">Ksi\u0105\u017cka ma\u00a0znaczenie!<\/span><\/div>\n<div class=\"s15\"><span class=\"s13\">\u2022 <\/span><span class=\"s7\">Czy\u00a0mog\u0119 pom\u00f3c dziecku w\u00a0nauce czytania.<\/span><\/div>\n<h4 class=\"s16\"><strong><span class=\"s7\">To\u00a0kilka przyk\u0142adowych <\/span><span class=\"s7\">tytu\u0142\u00f3w<\/span><span class=\"s7\"> artyku\u0142\u00f3w, kt\u00f3re znajdziecie Pa\u0144stwo na\u00a0stronie <\/span><a href=\"https:\/\/nprcz.pl\/dla-rodzicow\/\"><span class=\"s7\">https:\/\/nprcz.pl\/dla-rodzicow\/<\/span><\/a><\/strong><\/h4>\n<p class=\"s17\"><span class=\"s7\">Nauczyciel<\/span><span class=\"s7\"> <\/span><span class=\"s7\">bibliotekarz<\/span><span class=\"s7\"> \u2013 Teresa <\/span><span class=\"s7\">Woroniecka<\/span><\/p>\n<p>[\/et_pb_text][\/et_pb_column][\/et_pb_row][et_pb_row _builder_version=&#8221;4.7.5&#8243; _module_preset=&#8221;default&#8221;][et_pb_column type=&#8221;4_4&#8243; _builder_version=&#8221;4.7.5&#8243; _module_preset=&#8221;default&#8221;][et_pb_blog include_categories=&#8221;25&#8243; show_more=&#8221;on&#8221; _builder_version=&#8221;4.7.5&#8243; _module_preset=&#8221;default&#8221;][\/et_pb_blog][et_pb_divider _builder_version=&#8221;4.7.5&#8243; _module_preset=&#8221;default&#8221;][\/et_pb_divider][\/et_pb_column][\/et_pb_row][et_pb_row column_structure=&#8221;2_5,3_5&#8243; _builder_version=&#8221;4.7.5&#8243; _module_preset=&#8221;default&#8221;][et_pb_column type=&#8221;2_5&#8243; _builder_version=&#8221;4.7.5&#8243; _module_preset=&#8221;default&#8221;][et_pb_slider arrows_custom_color=&#8221;#800080&#8243; _builder_version=&#8221;4.7.5&#8243; _module_preset=&#8221;default&#8221; background_color=&#8221;#ffffff&#8221;][et_pb_slide _builder_version=&#8221;4.7.5&#8243; _module_preset=&#8221;default&#8221; sticky_transition=&#8221;on&#8221;]<\/p>\n<p><a href=\"https:\/\/spradzanowo.pl\/wp-content\/uploads\/2026\/01\/IMG_20250623_093313116_HDR-scaled.jpg\"><img loading=\"lazy\" decoding=\"async\" src=\"https:\/\/spradzanowo.pl\/wp-content\/uploads\/2026\/01\/IMG_20250623_093313116_HDR-1024x771.jpg\" width=\"1024\" height=\"771\" alt=\"\" class=\"wp-image-5370 aligncenter size-large\" srcset=\"https:\/\/spradzanowo.pl\/wp-content\/uploads\/2026\/01\/IMG_20250623_093313116_HDR-980x738.jpg 980w, https:\/\/spradzanowo.pl\/wp-content\/uploads\/2026\/01\/IMG_20250623_093313116_HDR-480x362.jpg 480w\" sizes=\"auto, (min-width: 0px) and (max-width: 480px) 480px, (min-width: 481px) and (max-width: 980px) 980px, (min-width: 981px) 1024px, 100vw\" \/><\/a><\/p>\n<p>[\/et_pb_slide][et_pb_slide _builder_version=&#8221;4.7.5&#8243; _module_preset=&#8221;default&#8221; sticky_transition=&#8221;on&#8221;]<\/p>\n<p><a href=\"https:\/\/spradzanowo.pl\/wp-content\/uploads\/2026\/01\/IMG_20250623_093326329_HDR-scaled.jpg\"><img loading=\"lazy\" decoding=\"async\" src=\"https:\/\/spradzanowo.pl\/wp-content\/uploads\/2026\/01\/IMG_20250623_093326329_HDR-1024x771.jpg\" width=\"1024\" height=\"771\" alt=\"\" class=\"wp-image-5371 aligncenter size-large\" srcset=\"https:\/\/spradzanowo.pl\/wp-content\/uploads\/2026\/01\/IMG_20250623_093326329_HDR-980x738.jpg 980w, https:\/\/spradzanowo.pl\/wp-content\/uploads\/2026\/01\/IMG_20250623_093326329_HDR-480x362.jpg 480w\" sizes=\"auto, (min-width: 0px) and (max-width: 480px) 480px, (min-width: 481px) and (max-width: 980px) 980px, (min-width: 981px) 1024px, 100vw\" \/><\/a><\/p>\n<p>[\/et_pb_slide][et_pb_slide _builder_version=&#8221;4.7.5&#8243; _module_preset=&#8221;default&#8221; sticky_transition=&#8221;on&#8221;]<\/p>\n<p><a href=\"https:\/\/spradzanowo.pl\/wp-content\/uploads\/2026\/01\/IMG_20250623_094139588_HDR-scaled.jpg\"><img loading=\"lazy\" decoding=\"async\" src=\"https:\/\/spradzanowo.pl\/wp-content\/uploads\/2026\/01\/IMG_20250623_094139588_HDR-1024x771.jpg\" width=\"1024\" height=\"771\" alt=\"\" class=\"wp-image-5372 aligncenter size-large\" srcset=\"https:\/\/spradzanowo.pl\/wp-content\/uploads\/2026\/01\/IMG_20250623_094139588_HDR-980x738.jpg 980w, https:\/\/spradzanowo.pl\/wp-content\/uploads\/2026\/01\/IMG_20250623_094139588_HDR-480x362.jpg 480w\" sizes=\"auto, (min-width: 0px) and (max-width: 480px) 480px, (min-width: 481px) and (max-width: 980px) 980px, (min-width: 981px) 1024px, 100vw\" \/><\/a><\/p>\n<p>[\/et_pb_slide][et_pb_slide _builder_version=&#8221;4.7.5&#8243; _module_preset=&#8221;default&#8221; sticky_transition=&#8221;on&#8221;]<\/p>\n<p><a href=\"https:\/\/spradzanowo.pl\/wp-content\/uploads\/2026\/01\/IMG_20250623_093241210_HDR-scaled.jpg\"><img loading=\"lazy\" decoding=\"async\" src=\"https:\/\/spradzanowo.pl\/wp-content\/uploads\/2026\/01\/IMG_20250623_093241210_HDR-1024x771.jpg\" width=\"1024\" height=\"771\" alt=\"\" class=\"wp-image-5369 aligncenter size-large\" srcset=\"https:\/\/spradzanowo.pl\/wp-content\/uploads\/2026\/01\/IMG_20250623_093241210_HDR-980x738.jpg 980w, https:\/\/spradzanowo.pl\/wp-content\/uploads\/2026\/01\/IMG_20250623_093241210_HDR-480x362.jpg 480w\" sizes=\"auto, (min-width: 0px) and (max-width: 480px) 480px, (min-width: 481px) and (max-width: 980px) 980px, (min-width: 981px) 1024px, 100vw\" \/><\/a><\/p>\n<p>[\/et_pb_slide][et_pb_slide _builder_version=&#8221;4.7.5&#8243; _module_preset=&#8221;default&#8221; sticky_transition=&#8221;on&#8221;]<\/p>\n<p><a href=\"https:\/\/spradzanowo.pl\/wp-content\/uploads\/2026\/01\/IMG_20250623_093115804_HDR-scaled.jpg\"><img loading=\"lazy\" decoding=\"async\" src=\"https:\/\/spradzanowo.pl\/wp-content\/uploads\/2026\/01\/IMG_20250623_093115804_HDR-1024x771.jpg\" width=\"1024\" height=\"771\" alt=\"\" class=\"wp-image-5367 aligncenter size-large\" srcset=\"https:\/\/spradzanowo.pl\/wp-content\/uploads\/2026\/01\/IMG_20250623_093115804_HDR-980x738.jpg 980w, https:\/\/spradzanowo.pl\/wp-content\/uploads\/2026\/01\/IMG_20250623_093115804_HDR-480x362.jpg 480w\" sizes=\"auto, (min-width: 0px) and (max-width: 480px) 480px, (min-width: 481px) and (max-width: 980px) 980px, (min-width: 981px) 1024px, 100vw\" \/><\/a><\/p>\n<p>[\/et_pb_slide][\/et_pb_slider][\/et_pb_column][et_pb_column type=&#8221;3_5&#8243; _builder_version=&#8221;4.7.5&#8243; _module_preset=&#8221;default&#8221;][et_pb_text _builder_version=&#8221;4.7.5&#8243; _module_preset=&#8221;default&#8221; text_text_color=&#8221;#000000&#8243;]<\/p>\n<h3 style=\"text-align: center;\"><b>Czytanie na polanie \u2013 magia ksi\u0105\u017cek <\/b><span><b>w cieniu drzew\u2026<\/b><b><\/b><\/span><\/h3>\n<p>16 czerwca nasza szko\u0142a w\u0142\u0105czy\u0142a si\u0119 do\u00a0Mi\u0119dzynarodowej Akcji \u201eCzytanie na Polanie. Edycja 2025\u201d<span><b>\u00a0<\/b><\/span>realizowanej w ramach kampanii spo\u0142ecznej\u00a0<i>Ca\u0142a Polska Czyta Dzieciom<\/i><b><i>.<\/i><\/b><\/p>\n<p>Celem przedsi\u0119wzi\u0119cia jest promocja czytelnictwa w\u015br\u00f3d dzieci i m\u0142odzie\u017cy w spos\u00f3b lekki, radosny i bliski naturze. To wyj\u0105tkowe wydarzenie \u0142\u0105czy literatur\u0119 z relaksem na \u015bwie\u017cym powietrzu, pokazuj\u0105c, \u017ce ksi\u0105\u017cka mo\u017ce towarzyszy\u0107 nam wsz\u0119dzie \u2013 nawet na zielonej trawie.<\/p>\n<p>Podczas wsp\u00f3lnego czytania uczniowie przenosz\u0105 si\u0119 w \u015bwiaty wyobra\u017ani, rozwijaj\u0105 swoje pasje i wzmacniaj\u0105 nawyk si\u0119gania po ksi\u0105\u017ck\u0119 dla przyjemno\u015bci.<\/p>\n<p>Korzystaj\u0105c ze s\u0142onecznej pogody, uczniowie sp\u0119dzili poniedzia\u0142kowe przedpo\u0142udnie mi\u0142o i po\u017cytecznie. By\u0142o<span> mn\u00f3stwo \u015bmiechu przy ulubionych ksi\u0105\u017ceczkach, du\u017co ciekawych rozm\u00f3w i relaksu.<\/span>\u00a0Udowodnili\u015bmy, \u017ce czyta\u0107 mo\u017cna wsz\u0119dzie i w ka\u017cdej pozycji, a czas sp\u0119dzony z ksi\u0105\u017ck\u0105 jest bezcenny.<\/p>\n<p>Dzi\u0119kujemy wszystkim uczniom i nauczycielom za udzia\u0142 w tym wydarzeniu i mamy nadziej\u0119 na cz\u0119ste wakacyjne spotkania z ksi\u0105\u017ck\u0105 na \u015bwie\u017cym powietrzu \ud83d\ude42<\/p>\n<p>Bo przecie\u017c czyta\u0107 mo\u017cna wsz\u0119dzie, ale<i>\u00a0<\/i>na polanie czyta si\u0119 wyj\u0105tkowo dobrze!<\/p>\n<p>[\/et_pb_text][\/et_pb_column][\/et_pb_row][et_pb_row _builder_version=&#8221;4.7.5&#8243; _module_preset=&#8221;default&#8221;][et_pb_column type=&#8221;4_4&#8243; _builder_version=&#8221;4.7.5&#8243; _module_preset=&#8221;default&#8221;][et_pb_divider _builder_version=&#8221;4.7.5&#8243; _module_preset=&#8221;default&#8221;][\/et_pb_divider][\/et_pb_column][\/et_pb_row][et_pb_row _builder_version=&#8221;4.7.5&#8243; _module_preset=&#8221;default&#8221;][et_pb_column type=&#8221;4_4&#8243; _builder_version=&#8221;4.7.5&#8243; _module_preset=&#8221;default&#8221;][et_pb_text _builder_version=&#8221;4.7.5&#8243; _module_preset=&#8221;default&#8221; text_text_color=&#8221;#000000&#8243;]<\/p>\n<div id=\"page-zones__main-widgets__5bfc4a0602ad8\" class=\"content widget js-widget\" data-name=\"content\" data-uniqueid=\"NH4kd8tfWq01BQa\" data-parentuniqueid=\"U9bF2wRLkGT20Fu\">\n<div class=\"bk-content-text js-text-content   wysihtml-editor-content\">\n<h1 style=\"text-align: center;\">ARCHIWUM<\/h1>\n<h1>Dzie\u0144 Pluszowego Misia 2018<\/h1>\n<\/div>\n<\/div>\n<div id=\"page-zones__main-widgets__5bfc49f54f062\" class=\"content widget js-widget\" data-name=\"content\" data-uniqueid=\"OPpVH9JEBU67ef5\" data-parentuniqueid=\"U9bF2wRLkGT20Fu\">\n<div class=\"bk-content-text js-text-content   wysihtml-editor-content\">\n<p>\u2003W poniedzia\u0142ek 26 listopada po raz kolejny biblioteka i \u015bwietlica zorganizowa\u0142y imprez\u0119 dla uczni\u00f3w klas I-III &#8222;Dzie\u0144 Pluszowego Misia&#8221;.<\/p>\n<p>By\u0142y piosenki, ciekawostki i zagadki o Misiach oraz kr\u00f3tka historia powstania zabawki nazwanej Pluszowym Misiem, z ang. &#8222;Teddy Bear&#8221;. Jednak jak zwykle najwi\u0119cej emocji i skupienia w oczach widz\u00f3w &#8211; najm\u0142odszych uczni\u00f3w naszej szko\u0142y &#8211; zebra\u0142 &#8222;miniteatrzyk&#8221;. Co roku w ramach akcji \u201eCa\u0142a Polska Czyta Dzieciom\u201d nauczyciele czytaj\u0105 fragment wybranej ksi\u0105\u017cki z podzia\u0142em na role. W tym roku by\u0142 to rozdzia\u0142 IV &#8222;Chatki Puchatka&#8221;. W czytaniu udzia\u0142 wzi\u0119\u0142y panie: H.Cha\u0142upczy\u0144ska &#8211; K\u0142apouchy, E.Podwi\u0105zka &#8211; Kubu\u015b Puchatek, C.Dudzi\u0144ska &#8211; Prosiaczek, P.Politowska &#8211; Krzy\u015b, A.\u017bmijewska &#8211; Tygrysek, P.Wo\u017aniak &#8211; Male\u0144stwo, Mn.Woli\u0144ska &#8211; Narrator.<\/p>\n<p>&nbsp;<\/p>\n<\/div>\n<\/div>\n<div id=\"page-zones__main-widgets__5bfc52ca247d0\" class=\"responsiveslideshow widget js-widget\" data-name=\"responsiveslideshow\" data-uniqueid=\"O4uqtMymxwwYyGV\" data-parentuniqueid=\"U9bF2wRLkGT20Fu\">\n<div class=\"slideshow-widget-wrapper\">\n<div class=\"slideshow-widget\">\n<div class=\"btns-move\"><span class=\"btn-prev js-btn-prev slide-ctrl js-slide-ctrl\" data-ref=\"29\">prev<\/span><span class=\"btn-next js-btn-next slide-ctrl js-slide-ctrl\" data-ref=\"1\">next<\/span><\/div>\n<ul class=\"slideshow-image-list\">\n<li class=\"js-responsiveslideshow-image-item slideshow-image-item current\" data-ref=\"2\">\n<div class=\"image-wrapper\"><img decoding=\"async\" class=\"slideshow-image js-responsiveslideshow-image\" src=\"http:\/\/files.clickweb.home.pl\/21\/ae\/21aeea71-0d38-4363-9c6f-f4ecce66f52b.JPG\" \/><\/div>\n<div class=\"content-wrapper\"><\/div>\n<\/li>\n<\/ul>\n<\/div>\n<div class=\"slideshow-widget-controls\"><\/div>\n<\/div>\n<\/div>\n<div id=\"page-zones__main-widgets__5a15cbb081da3\" class=\"line widget js-widget\" data-name=\"line\" data-uniqueid=\"xFr45S1cc7LWarP\" data-parentuniqueid=\"U9bF2wRLkGT20Fu\">\n<hr class=\"line\" \/>\n<\/div>\n<div id=\"page-zones__main-widgets__59ea206b53de1\" class=\"content widget js-widget\" data-name=\"content\" data-uniqueid=\"xoCi64U6BSCuyVe\" data-parentuniqueid=\"U9bF2wRLkGT20Fu\">\n<div class=\"bk-content-text js-text-content   wysihtml-editor-content\">\n<p>\u00a0 Biblioteka pe\u0142ni funkcj\u0119 informacyjn\u0105 i kulturaln\u0105, w istotny spos\u00f3b wspiera dzia\u0142alno\u015b\u0107 dydaktyczn\u0105, wychowawcz\u0105 i opieku\u0144cz\u0105 szko\u0142y. Dysponuje wypo\u017cyczalni\u0105 i czytelni\u0105 wyposa\u017con\u0105 w cztery stanowiska komputerowe z dost\u0119pem do internetu.<br \/> W czytelni odbywaj\u0105 si\u0119 zaj\u0119cia edukacji czytelniczej i medialnej, konkursy czytelnicze, zaj\u0119cia biblioteczne. Staramy si\u0119, aby biblioteka by\u0142a miejscem przyjaznym dla naszych czytelnik\u00f3w. Mog\u0105 tutaj znale\u017a\u0107 ciekawe ksi\u0105\u017cki oraz potrzebne informacje.<\/p>\n<\/div>\n<\/div>\n<div id=\"page-zones__main-widgets__59ea20a763655\" class=\"content widget js-widget\" data-name=\"content\" data-uniqueid=\"8UaNPibCiAaimln\" data-parentuniqueid=\"U9bF2wRLkGT20Fu\">\n<div class=\"bk-content-text js-text-content   wysihtml-editor-content\">\n<p>&nbsp;<\/p>\n<p><span class=\"wysiwyg-font-size-x-large\">\u2003\u2003\u2003\u201eKto czyta ksi\u0105\u017cki, \u017cyje podw\u00f3jnie\u201d<\/span>\u00a0 \u00a0 \u00a0 \u00a0 \u00a0 \u00a0 \u00a0 \u00a0 \u00a0 \u00a0 \u00a0 \u00a0 \u00a0 \u00a0 \u00a0 \u00a0 \u00a0 \u00a0 \u00a0 \u00a0 \u00a0 \u00a0 \u00a0 \u00a0 \u00a0 \u00a0 \u00a0 \u00a0 \u00a0 \u00a0 \u00a0 \u00a0 \u00a0 \u00a0 \u00a0 \u00a0 \u00a0 \u00a0 \u00a0 \u00a0 \u00a0 \u00a0 \u00a0 \u00a0 \u00a0 \u00a0 \u00a0 \u00a0 \u00a0 \u00a0 \u00a0 \u00a0 \u00a0 \u00a0 \u00a0 \u00a0 \u00a0 \u00a0 \u00a0\u00a0\u00a0 \u00a0 \u00a0 \u00a0 \u00a0 \u00a0 \u00a0 \u00a0 \u00a0 \u00a0 \u00a0 \u00a0 \u00a0 \u00a0 \u00a0 \u00a0 \u00a0 \u00a0 \u00a0 \u00a0 \u00a0 \u00a0 \u00a0 \u00a0 \u00a0 \u00a0 \u00a0 \u00a0 \u00a0 \u00a0 \u00a0 \u00a0 \u00a0 \u00a0 \u00a0 \u00a0 \u00a0 \u00a0 \u00a0 \u00a0 \u00a0 \u00a0 \u00a0 \u00a0 \u00a0 \u00a0 \u00a0 \u00a0 \u00a0 \u00a0 \u00a0 \u00a0 \u00a0 \u00a0 \u00a0 \u00a0 \u00a0 \u00a0 \u00a0 \u00a0 \u00a0 \u00a0 \u00a0 \u00a0 \u00a0 \u00a0 \u00a0 \u00a0 \u00a0 \u00a0 \u00a0 \u00a0 \u00a0 \u00a0 \u00a0 \u00a0 \u00a0 &#8211; Umberto Eco<\/p>\n<p>&nbsp;<\/p>\n<\/div>\n<\/div>\n<div id=\"page-zones__main-widgets__59ea21a0a313e\" class=\"content widget js-widget\" data-name=\"content\" data-uniqueid=\"895mMD6HLChHzO1\" data-parentuniqueid=\"U9bF2wRLkGT20Fu\">\n<div class=\"bk-content-text js-text-content   wysihtml-editor-content\">\n<p>&nbsp;<\/p>\n<p><strong><span class=\"wysiwyg-font-size-x-large\">Ca\u0142a Polska czyta dzieciom<\/span><\/strong><span class=\"wysiwyg-font-size-x-large\">,\u00a0<\/span><strong><span class=\"wysiwyg-font-size-x-large\">wi\u0119c robimy to i my &#8230;<\/span><\/strong><\/p>\n<p>Nasza szko\u0142a od kilku lat bierze aktywny udzia\u0142 w akcji Czytania Dzieciom zainicjowanej przez Fundacj\u0119 \u201eABCXXI &#8211; Program Zdrowia Emocjonalnego&#8221;. Proces czytania jest wa\u017cnym elementem rozwoju dziecka i podstawowym narz\u0119dziem zdobywania wiedzy.<\/p>\n<p>Badania naukowe potwierdzaj\u0105, \u017ce g\u0142o\u015bne czytanie dziecku:<\/p>\n<ul>\n<li>buduje, a potem wzmacnia wi\u0119\u017a mi\u0119dzy dzieckiem i doros\u0142ym,<\/li>\n<li>kszta\u0142tuje zdrowie emocjonalne,<\/li>\n<li>rozwija wyobra\u017ani\u0119 i s\u0142ownictwo najpierw bierne potem czynne,<\/li>\n<li>uczy my\u015blenia, kreatywno\u015bci,<\/li>\n<li>wzmacnia poczucie bezpiecze\u0144stwa i budzi pozytywne interakcje,<\/li>\n<li>zach\u0119ca do sta\u0142ego obcowania z ksi\u0105\u017ck\u0105 i wyrabia nawyk kontaktu z ksi\u0105\u017ck\u0105,<\/li>\n<li>uczy w\u0142a\u015bciwych postaw moralnych i spo\u0142ecznych.<\/li>\n<\/ul>\n<p>&nbsp;<\/p>\n<\/div>\n<\/div>\n<div id=\"page-zones__main-widgets__5bfc49ef093be\" class=\"line widget js-widget\" data-name=\"line\" data-uniqueid=\"XJSIx3efpoPWPRV\" data-parentuniqueid=\"U9bF2wRLkGT20Fu\">\n<hr class=\"line\" \/>\n<\/div>\n<div id=\"page-zones__main-widgets__5a15cbe27869c\" class=\"content widget js-widget\" data-name=\"content\" data-uniqueid=\"QHgSdb4qrlkCOs7\" data-parentuniqueid=\"U9bF2wRLkGT20Fu\">\n<div class=\"bk-content-text js-text-content   wysihtml-editor-content\">\n<h1>Dzie\u0144 Pluszowego Misia 2017<\/h1>\n<\/div>\n<\/div>\n<div id=\"page-zones__main-widgets__5a15cbfbcf0a0\" class=\"content widget js-widget\" data-name=\"content\" data-uniqueid=\"zk5y9ivUno1BfKG\" data-parentuniqueid=\"U9bF2wRLkGT20Fu\">\n<div class=\"bk-content-text js-text-content   wysihtml-editor-content\">\n<p>&nbsp;<\/p>\n<p>W dniu 18 listopada 2017r. odby\u0142 si\u0119 w naszej szkole Dzie\u0144 Pluszowego Misia zorganizowany przez bibliotek\u0119 szkoln\u0105 \u2013 pani\u0105 Teres\u0119 Woronieck\u0105 i przez \u015awietlic\u0119 Szkoln\u0105 \u2013 panie Monik\u0119 Woli\u0144sk\u0105 i Celin\u0119 Dudzi\u0144sk\u0105.<\/p>\n<p>&nbsp;<\/p>\n<p>Cele organizacji dnia to kultywowanie tradycji szkolnej zwi\u0105zanej z obchodami Dnia Pluszowego Misia, zapoznanie dzieci z histori\u0105 powstania \u015awi\u0119ta Pluszowego Misia, nabywanie umiej\u0119tno\u015bci pracy i zabawy w zespole, kszta\u0142towanie umiej\u0119tno\u015bci uwa\u017cnego s\u0142uchania. W ramach tego dnia uczestniczymy i propagujemy akcj\u0119 \u201eCa\u0142a Polska Czyta Dzieciom\u201d.<\/p>\n<p>W programie by\u0142y:<\/p>\n<p>&#8211; piosenka na powitanie \u201ePokochaj Pluszowego Misia\u201d<\/p>\n<p>&#8211; kr\u00f3tkie przypomnienie historii Dnia Pluszowego Misia<\/p>\n<p>&#8211; w ramach akcji \u201eCa\u0142a Polska Czyta Dzieciom\u201d czytanie fragmentu \u201eKubusia Puchatka\u201d z podzia\u0142em na role w wykonaniu zaproszonych nauczycieli \u2013 narrator Ewelina Majewska, Kubu\u015b Puchatek El\u017cbieta Podwi\u0105zka, Krzy\u015b Patrycja Politowska, Prosiaczek Celina Dudzi\u0144ska, K\u0142apouchy\u00a0 Agnieszka \u017bmijewska, Kangurzyca Paulina Wo\u017aniak, Male\u0144stwo Miko\u0142aj Op\u00f3lski, Sowa Halina Cha\u0142upczy\u0144ska .<\/p>\n<p>&#8211; prezentacja przedstawicieli poszczeg\u00f3lnych klas, kt\u00f3rzy mieli za zadanie przygotowa\u0107 wiersz lub piosenk\u0119 o misiach<\/p>\n<p>&#8211; piosenka \u201eJad\u0105, jad\u0105 misie\u201d<\/p>\n<p>&#8211; w ramach akcji \u201eCa\u0142a Polska Czyta Dzieciom\u201d \u2013 mama Leny Koziczy\u0144skiej \u2013 pani Klaudia Koziczy\u0144ska czyta\u0142a fragment swojej ulubionej ksi\u0105\u017cki dla dzieci pt. \u201eWakacje Miko\u0142ajka\u201d<\/p>\n<p>&#8211; zagadki \u201emisiowe\u201d<\/p>\n<p>&nbsp;<\/p>\n<p>To ju\u017c po raz kolejny, kiedy proponujemy uczniom i nauczycielom nauk\u0119 poprzez zabaw\u0119 na Dzie\u0144 Pluszowego Misia i za ka\u017cdym razem wszyscy ch\u0119tnie w nim uczestnicz\u0105.<\/p>\n<p><span class=\"wysiwyg-font-size-smaller\">\u00a0\u2003\u2003\u2003\u2003\u2003\u2003\u2003\u2003\u2003\u2003\u2003\u2003\u2003\u2003\u2003\u2003\u2003\u2003\u2003\u2003\u2003\u2003\u2003\u2003\u2003\u2003\u2003\u2003\u2003\u2003\u2003\u2003\u2003\u2003\u2003\u2003\u2003\u2003\u2003\u2003\u2003\u2003\u2003\u2003\u2003\u2003\u2003\u2003\u2003\u2003\u2003\u2003\u2003\u2003Monika Woli\u0144ska<\/span><\/p>\n<p>&nbsp;<\/p>\n<\/div>\n<\/div>\n<div id=\"page-zones__main-widgets__5a15cd0337611\" class=\"responsiveslideshow widget js-widget\" data-name=\"responsiveslideshow\" data-uniqueid=\"AH5Mak2Ftz4cVkk\" data-parentuniqueid=\"U9bF2wRLkGT20Fu\">\n<div class=\"slideshow-widget-wrapper\">\n<div class=\"slideshow-widget\">\n<div class=\"btns-move\"><span class=\"btn-prev js-btn-prev slide-ctrl js-slide-ctrl\" data-ref=\"19\">prev<\/span><span class=\"btn-next js-btn-next slide-ctrl js-slide-ctrl\" data-ref=\"1\">next<\/span><\/div>\n<ul class=\"slideshow-image-list\">\n<li class=\"js-responsiveslideshow-image-item slideshow-image-item current\" data-ref=\"2\">\n<div class=\"image-wrapper\"><img decoding=\"async\" class=\"slideshow-image js-responsiveslideshow-image\" src=\"http:\/\/files.clickweb.home.pl\/homepl44374\/image\/p1320603.jpg\" \/><\/div>\n<div class=\"content-wrapper\"><\/div>\n<\/li>\n<\/ul>\n<\/div>\n<div class=\"slideshow-widget-controls\"><\/div>\n<\/div>\n<\/div>\n<p>[\/et_pb_text][et_pb_image src=&#8221;https:\/\/spradzanowo.pl\/wp-content\/uploads\/2021\/12\/broszurkaoszkole-biblioteka-kopia.jpg&#8221; title_text=&#8221;broszurkaoszkole-biblioteka-kopia&#8221; _builder_version=&#8221;4.7.5&#8243; _module_preset=&#8221;default&#8221;][\/et_pb_image][\/et_pb_column][\/et_pb_row][\/et_pb_section]<\/p>\n","protected":false},"excerpt":{"rendered":"<p>[et_pb_section fb_built=&#8221;1&#8243; _builder_version=&#8221;4.7.5&#8243; _module_preset=&#8221;default&#8221;][et_pb_row _builder_version=&#8221;4.7.5&#8243; _module_preset=&#8221;default&#8221;][et_pb_column type=&#8221;4_4&#8243; _builder_version=&#8221;4.7.5&#8243; _module_preset=&#8221;default&#8221;][et_pb_text _builder_version=&#8221;4.7.5&#8243; _module_preset=&#8221;default&#8221; text_font_size=&#8221;23px&#8221; header_text_color=&#8221;#000000&#8243; text_text_shadow_style=&#8221;preset2&#8243; text_text_shadow_blur_strength=&#8221;0.15em&#8221; text_text_shadow_color=&#8221;#000000&#8243; border_width_all=&#8221;1px&#8221; box_shadow_style=&#8221;preset3&#8243; box_shadow_color=&#8221;#8300e9&#8243;] ROK SZKOLNY 2025\/26 [\/et_pb_text][\/et_pb_column][\/et_pb_row][et_pb_row column_structure=&#8221;2_5,3_5&#8243; _builder_version=&#8221;4.7.5&#8243; _module_preset=&#8221;default&#8221;][et_pb_column type=&#8221;2_5&#8243; _builder_version=&#8221;4.7.5&#8243; _module_preset=&#8221;default&#8221;][et_pb_image src=&#8221;https:\/\/spradzanowo.pl\/wp-content\/uploads\/2026\/01\/logotyp.jpg&#8221; title_text=&#8221;logotyp&#8221; _builder_version=&#8221;4.7.5&#8243; _module_preset=&#8221;default&#8221;][\/et_pb_image][et_pb_image src=&#8221;https:\/\/spradzanowo.pl\/wp-content\/uploads\/2026\/01\/belka-scaled.jpg&#8221; title_text=&#8221;belka&#8221; _builder_version=&#8221;4.7.5&#8243; _module_preset=&#8221;default&#8221;][\/et_pb_image][\/et_pb_column][et_pb_column type=&#8221;3_5&#8243; _builder_version=&#8221;4.7.5&#8243; _module_preset=&#8221;default&#8221;][et_pb_text _builder_version=&#8221;4.7.5&#8243; _module_preset=&#8221;default&#8221; text_text_color=&#8221;#000000&#8243;] Narodowy Program Rozwoju Czytelnictwa w naszej szkole Z przyjemno\u015bci\u0105 informujemy, \u017ce w [&hellip;]<\/p>\n","protected":false},"author":1,"featured_media":0,"parent":0,"menu_order":0,"comment_status":"closed","ping_status":"closed","template":"","meta":{"_et_pb_use_builder":"on","_et_pb_old_content":"<!-- wp:divi\/placeholder \/-->","_et_gb_content_width":"","footnotes":""},"class_list":["post-33","page","type-page","status-publish","hentry"],"_links":{"self":[{"href":"https:\/\/spradzanowo.pl\/index.php?rest_route=\/wp\/v2\/pages\/33","targetHints":{"allow":["GET"]}}],"collection":[{"href":"https:\/\/spradzanowo.pl\/index.php?rest_route=\/wp\/v2\/pages"}],"about":[{"href":"https:\/\/spradzanowo.pl\/index.php?rest_route=\/wp\/v2\/types\/page"}],"author":[{"embeddable":true,"href":"https:\/\/spradzanowo.pl\/index.php?rest_route=\/wp\/v2\/users\/1"}],"replies":[{"embeddable":true,"href":"https:\/\/spradzanowo.pl\/index.php?rest_route=%2Fwp%2Fv2%2Fcomments&post=33"}],"version-history":[{"count":20,"href":"https:\/\/spradzanowo.pl\/index.php?rest_route=\/wp\/v2\/pages\/33\/revisions"}],"predecessor-version":[{"id":5525,"href":"https:\/\/spradzanowo.pl\/index.php?rest_route=\/wp\/v2\/pages\/33\/revisions\/5525"}],"wp:attachment":[{"href":"https:\/\/spradzanowo.pl\/index.php?rest_route=%2Fwp%2Fv2%2Fmedia&parent=33"}],"curies":[{"name":"wp","href":"https:\/\/api.w.org\/{rel}","templated":true}]}}