{"id":52,"date":"2021-05-11T13:51:47","date_gmt":"2021-05-11T11:51:47","guid":{"rendered":"http:\/\/spradzanowo.pl\/?page_id=52"},"modified":"2021-12-06T20:18:44","modified_gmt":"2021-12-06T19:18:44","slug":"osiagniecia-sportowe-2017-2019","status":"publish","type":"page","link":"https:\/\/spradzanowo.pl\/?page_id=52","title":{"rendered":"OSI\u0104GNI\u0118CIA SPORTOWE 2018\/2019"},"content":{"rendered":"<p>[et_pb_section fb_built=&#8221;1&#8243; _builder_version=&#8221;4.7.5&#8243; _module_preset=&#8221;default&#8221;][et_pb_row _builder_version=&#8221;4.7.5&#8243; _module_preset=&#8221;default&#8221;][et_pb_column type=&#8221;4_4&#8243; _builder_version=&#8221;4.7.5&#8243; _module_preset=&#8221;default&#8221;][et_pb_text _builder_version=&#8221;4.7.5&#8243; _module_preset=&#8221;default&#8221; header_text_color=&#8221;#000000&#8243; hover_enabled=&#8221;0&#8243; sticky_enabled=&#8221;0&#8243;]<\/p>\n<div id=\"page-zones__main-widgets__5ceedc9b11c81\" class=\"content widget js-widget\" data-name=\"content\" data-uniqueid=\"IJrJIAgGkPXjl3K\" data-parentuniqueid=\"wA0HnAmbpmGOSGF\">\n<div class=\"bk-content-text js-text-content   wysihtml-editor-content\">\n<p><b>16.05.2019r. Powiatowy Czw\u00f3rb\u00f3j LA<\/b><\/p>\n<p><b>\u2003 Dru\u017cyna dziewcz\u0105t<\/b>\u00a0zaj\u0119\u0142a\u00a0<b>III miejsce<\/b>\u00a0i\u00a0<b>dru\u017cyna ch\u0142opc\u00f3w r<\/b>\u00f3wnie\u017c\u00a0<b>III miejsce<\/b>\u00a0w Powiatowym Czw\u00f3rboju Lekkoatletycznym w Proboszczewicach. Zawody odby\u0142y si\u0119 w ramach Mazowieckich Igrzysk M\u0142odzie\u017cy Szkolnej w kategorii dzieci. Gratulujemy:)\u00a0<span class=\"wysiwyg-font-size-small\"><a href=\"https:\/\/www.facebook.com\/permalink.php?story_fbid=1285359041615423&amp;id=1004678953016768&amp;__xts__%5B0%5D=68.ARCwY_TbC6wibq0oJOLjEXuHeJdYthAMTQdnYvlSLimMT9SeT1fPabDikzPDLG-SQGIo-iBs_g6IZTvBqgQSRyrwit8At5d5Cd0J6LWp4h4g7t66HCiiTofTnk4GfbPampvEPSBaOux6l3rlh59bqVfiijD8eMNlBFr7Tl9Q3MOy16wEb_XC-wFJziJTfPkQIpgcEiIWFJ4yPklCpNQNa6lrk_I80sB59VAAV0fAOEA8TOdzLPEyxoiglmtEEHfwPAU6Yefv-r6knDwbxzv6o60M4aGkdTTZofCdwcwo-XjSB-nOMC1Nh9-1KWDMGpWl96IsNDCGp50FnqVUL8VzmG1yv31W&amp;__tn__=-R\" target=\"_self\" rel=\"noopener\">Fotorelacja<\/a><\/span><\/p>\n<p>&nbsp;<\/p>\n<\/div>\n<\/div>\n<div id=\"page-zones__main-widgets__5ceedc44ac5eb\" class=\"line widget js-widget\" data-name=\"line\" data-uniqueid=\"key6hHiaFIB1J2L\" data-parentuniqueid=\"wA0HnAmbpmGOSGF\">\n<hr class=\"line\" \/>\n<\/div>\n<div id=\"page-zones__main-widgets__5ceedc7bcc0c9\" class=\"content widget js-widget\" data-name=\"content\" data-uniqueid=\"Y8InZkopXezsqg8\" data-parentuniqueid=\"wA0HnAmbpmGOSGF\">\n<div class=\"bk-content-text js-text-content   wysihtml-editor-content\">\n<p><b>15.05.2019r. Mi\u0119dzypowiatowy Fina\u0142 zawod\u00f3w lekkoatletycznych<\/b><\/p>\n<p>\u2003Reprezentacja SP RADZANOWO na FINALE MI\u0118DZYPOWIATOWYM MIMSz w Lekkiej Atletyce w P\u0142ocku.<br \/>Sukcesy indywidualne:<br \/><u><i><b>Z\u0142oci medali\u015bci:<\/b><\/i><\/u><br \/><b>Mateusz Atlak<\/b>\u00a0(rocznik 2003) &#8211; skok wzwy\u017c<br \/><b>Padzik Jakub<\/b>\u00a0(rocznik 2004) &#8211; bieg na 100m<br \/>SZTAFETA 4X100M (rocznik 2003- sk\u0142ad:\u00a0<b>Mateusz Bogda\u0144ski, Daniel Jab\u0142o\u0144ski, Lemaniak Jakub, Mateusz Atla<\/b>k)<br \/>SZTAFETA 4X100M Rocznik 2004-05 &#8211; sk\u0142ad:\u00a0<b>Jakub Padzik, Igor Jod\u0142owski, Jakub Sobiecki, Krystian Galas<\/b>)<br \/><i><u><b>Srebrni medali\u015bci:<\/b><\/u><\/i><br \/><b>Mateusz Bogda\u0144ski<\/b>\u00a0(rocznik 2003) &#8211; bieg na 400m<br \/><b>Jod\u0142owski Igor<\/b>\u00a0(rocznik 2004) &#8211; bieg na 100m<br \/><b>Jab\u0142o\u0144ski \u0141ukasz\u00a0<\/b>(rocznik 2004) &#8211; bieg na 1000m<br \/><b><i><u>Br\u0105zowi medali\u015bci:<\/u><\/i><\/b><br \/><b>Daniel Jab\u0142o\u0144ski<\/b>\u00a0(rocznik 2003) &#8211; skok w dal<br \/>SZTAFETA OLIMPIJSKA DZIEWCZ\u0104T<br \/>SZTAFETA OLIMPIJSKA CH\u0141OPC\u00d3W (<b>Krzemi\u0144ski Grzegorz, Witkowski Bart\u0142omiej, Adamczyk Jakub, \u015alepowro\u0144ski Kacper<\/b>)<br \/>Gratulacje dla wszystkich startuj\u0105cych reprezentant\u00f3w naszej szko\u0142y za bardzo dobre wyniki!<\/p>\n<p>Fotorelacja\u00a0<a href=\"https:\/\/www.facebook.com\/permalink.php?story_fbid=1284590911692236&amp;id=1004678953016768&amp;__xts__%5B0%5D=68.ARBAN-_NxX0jGdJ5zP2q0pjy610uQ7-5JoZejDb5Ts8hu6033ePxKacPtoaSQOk-S-6jRHS6Uy1LpLOQnzDn0C8Ik9FWVd8VbbmKULL76o1IAXSeYqwg8p3VrjhR8c0ZqdqlPwU-EGDwVnggtm0fVTtJB-DVDf0D8FxmvN1-_k3sg3WOZZ4VyIavJ9TPDAWHaczm7aSduqjXIfVEUhplxKsN1yWy_7YUjvx_L11_TjqQWYaiEuZfCArKIy-KdoxV20Z8jncpVcf3kU0Q2HrfzAWmhqmunc2A7KtgfZ9Iw9-biWDkZG6GozFnLE4GeaYZ8HRSBXSsXWOc6MO6Hil7UZwMm8pO&amp;__tn__=-R\" target=\"_self\" rel=\"noopener\">klik<\/a>\u00a0<a href=\"https:\/\/www.facebook.com\/permalink.php?story_fbid=1284588111692516&amp;id=1004678953016768&amp;__xts__%5B0%5D=68.ARCAGx8avkcrtfXHloDHd6kz7qralAMvNEQv8_F9zkGZvNeaMpZ5sbRf_9E8r2TO50z_pR7X8p3yW1WqwqnmLjOULwewbkxO_kMFxG7W60VHdSVoVtFPBO_xCmCKGNjTj_2oQ3S-ofJLopPadiP_NAXX7yc_1Bl7E7jl-UtCbC9mZ2VOj3PkkrImN6-ILct22E4ndfxaxNOOt9TbXgR0H3ndo8GpwXgz6Q6x6ADdSb0ZcS0p5kw0VTDlapRkYP7UCXKU7SrQSok2V2QUB-V8tTp3OrPHmnqt9dtiFAbCWUSK_eUvPy4S2gdjCdQmoics0PDJE4_Dr_Q46k0LA_J8xE3ZyQrn&amp;__tn__=-R\" target=\"_self\" rel=\"noopener\">klik<\/a><\/p>\n<\/div>\n<\/div>\n<div id=\"page-zones__main-widgets__5ca3bceecf8ba\" class=\"line widget js-widget\" data-name=\"line\" data-uniqueid=\"dLkiJ0Bkcvwq8N9\" data-parentuniqueid=\"wA0HnAmbpmGOSGF\">\n<hr class=\"line\" \/>\n<\/div>\n<div id=\"page-zones__main-widgets__5cd9a1bb3fda9\" class=\"responsivecolumns widget js-widget\" data-name=\"responsivecolumns\" data-uniqueid=\"dD8ozpJSlQk0P6x\" data-parentuniqueid=\"wA0HnAmbpmGOSGF\">\n<section id=\"page-zones__main-widgets__5cd9a1bb3fda9-zones__5cd9a1bc220ef\" class=\"bk-zone column columns-two-left\" data-uniqueid=\"Zld1lKCjs32kTzy\" data-parentuniqueid=\"dD8ozpJSlQk0P6x\">\n<div id=\"page-zones__main-widgets__5cd9a1bb3fda9-zones__5cd9a1bc220ef-widgets__5cd9a1bc3c3bb\" class=\"content widget js-widget\" data-name=\"content\" data-uniqueid=\"t4LKGRmm2V0BQfr\" data-parentuniqueid=\"Zld1lKCjs32kTzy\">\n<div class=\"bk-content-text js-text-content   wysihtml-editor-content\">\n<p>&nbsp;<\/p>\n<p><b>10.05.2019r. Mi\u0119dzypowiatowe zawody na naszej hali<\/b><\/p>\n<p>\u2003W dniu 10.05.2019 roku Szko\u0142a Podstawowa w Radzanowie by\u0142a gospodarzem Turnieju Mi\u0119dzypowiatowego w pi\u0142ce r\u0119cznej dziewcz\u0105t i ch\u0142opc\u00f3w w ramach Mazowieckich Igrzysk M\u0142odzie\u017cy Szkolnej (uczniowie klas VII i III klas gimnazjum).<\/p>\n<p><u>Klasyfikacja turnieju dziewcz\u0105t:<\/u>\u00a01. SP 3 P\u0142ock;\u00a0<b>2. SP RADZANOWO<\/b>; 3. SP Zawidz<\/p>\n<p>&nbsp;<\/p>\n<p><u>Klasyfikacja turnieju ch\u0142opc\u00f3w:<\/u>\u00a01. SP 23 P\u0142ock; 2. SP Gimnazjum Miejskie Sierpc;\u00a0<b>3. SP RADZANOWO<\/b>; 4. SP Gostynin<\/p>\n<\/div>\n<\/div>\n<\/section>\n<section id=\"page-zones__main-widgets__5cd9a1bb3fda9-zones__5cd9a1bc2bb9e\" class=\"bk-zone column columns-two-right\" data-uniqueid=\"8Ff6FsB6tZ1fm0F\" data-parentuniqueid=\"dD8ozpJSlQk0P6x\">\n<div id=\"page-zones__main-widgets__5cd9a1bb3fda9-zones__5cd9a1bc2bb9e-widgets__5cd9a1bda66b6\" class=\"image widget js-widget\" data-name=\"image\" data-uniqueid=\"fk5cplN7OKxKguo\" data-parentuniqueid=\"8Ff6FsB6tZ1fm0F\"><a class=\"widget-align-left js-pswp-image-trigger\" title=\"\" href=\"http:\/\/spradzanowo.pl\/sport\/none\" target=\"none\" rel=\"noopener\"><span class=\"image-img\"><img decoding=\"async\" class=\"image js-pswp-image\" title=\"\" src=\"http:\/\/files.clickweb.home.pl\/e7\/e1\/e7e1f87b-a0ac-4abf-b2bd-79fcb0792095.jpg\" alt=\"\" width=\"1200\" data-filename=\"1 Strona int 2018-101911.jpg\" data-filesize=\"\" data-path=\"\/\/files.clickweb.home.pl\/e7\/e1\/e7e1f87b-a0ac-4abf-b2bd-79fcb0792095.jpg\" data-imagesize=\"1200 x 675\" \/><\/span><\/a><\/div>\n<div id=\"page-zones__main-widgets__5cd9a1bb3fda9-zones__5cd9a1bc2bb9e-widgets__5cd9a1dbc3721\" class=\"content widget js-widget\" data-name=\"content\" data-uniqueid=\"ndhezo9tVHikpvo\" data-parentuniqueid=\"8Ff6FsB6tZ1fm0F\">\n<div class=\"bk-content-text js-text-content   wysihtml-editor-content\">\n<p>Fotorelacja na naszym Facebooku<\/p>\n<\/div>\n<\/div>\n<\/section>\n<\/div>\n<div id=\"page-zones__main-widgets__5cd9a12556d8f\" class=\"line widget js-widget\" data-name=\"line\" data-uniqueid=\"D4AFA7WaMZIt5cu\" data-parentuniqueid=\"wA0HnAmbpmGOSGF\">\n<hr class=\"line\" \/>\n<\/div>\n<div id=\"page-zones__main-widgets__5cd9a2cb20f6f\" class=\"responsivecolumns widget js-widget\" data-name=\"responsivecolumns\" data-uniqueid=\"XmaTfpHoUMzkTDU\" data-parentuniqueid=\"wA0HnAmbpmGOSGF\">\n<section id=\"page-zones__main-widgets__5cd9a2cb20f6f-zones__5cd9a2cc15b50\" class=\"bk-zone column columns-two-left\" data-uniqueid=\"TXQNBp0M2HME0wB\" data-parentuniqueid=\"XmaTfpHoUMzkTDU\">\n<div id=\"page-zones__main-widgets__5cd9a2cb20f6f-zones__5cd9a2cc15b50-widgets__5cd9a2cc2d8c7\" class=\"content widget js-widget\" data-name=\"content\" data-uniqueid=\"vVLpUBfpIZ6cdrp\" data-parentuniqueid=\"TXQNBp0M2HME0wB\">\n<div class=\"bk-content-text js-text-content   wysihtml-editor-content\">\n<p>&nbsp;<\/p>\n<p><b>08.05.2019r. Turniej pi\u0142ki no\u017cnej<\/b><\/p>\n<p>\u2003W dniu dzisiejszym Uczniowie z Naszej szko\u0142y uczestniczyli w rejonowym turniej pi\u0142ki no\u017cnej ch\u0142opc\u00f3w w kategorii m\u0142odzie\u017c. Zaj\u0119li\u015bmy IV miejsce. Turniej odby\u0142 si\u0119 w Wyszogrodzie w ramach MIMS.<\/p>\n<p>&nbsp;<\/p>\n<\/div>\n<\/div>\n<\/section>\n<section id=\"page-zones__main-widgets__5cd9a2cb20f6f-zones__5cd9a2cc1fb4d\" class=\"bk-zone column columns-two-right\" data-uniqueid=\"eSG3M5URukngocY\" data-parentuniqueid=\"XmaTfpHoUMzkTDU\">\n<div id=\"page-zones__main-widgets__5cd9a2cb20f6f-zones__5cd9a2cc1fb4d-widgets__5cd9a2ce10096\" class=\"image widget js-widget\" data-name=\"image\" data-uniqueid=\"etItpZnFgAm9YB4\" data-parentuniqueid=\"eSG3M5URukngocY\"><a class=\"widget-align-left js-pswp-image-trigger\" title=\"\" href=\"http:\/\/spradzanowo.pl\/sport\/none\" target=\"none\" rel=\"noopener\"><span class=\"image-img\"><img decoding=\"async\" class=\"image js-pswp-image\" title=\"\" src=\"http:\/\/files.clickweb.home.pl\/b9\/bc\/b9bc99b7-f140-4cf9-8ff8-ce606ddc6281.jpg\" alt=\"\" width=\"882\" data-filename=\"noga 8.05.jpg\" data-filesize=\"\" data-path=\"\/\/files.clickweb.home.pl\/b9\/bc\/b9bc99b7-f140-4cf9-8ff8-ce606ddc6281.jpg\" data-imagesize=\"882 x 440\" \/><\/span><\/a><\/div>\n<\/section>\n<\/div>\n<div id=\"page-zones__main-widgets__5cd9a23d5ec92\" class=\"line widget js-widget\" data-name=\"line\" data-uniqueid=\"30X17wc3Be3CO7q\" data-parentuniqueid=\"wA0HnAmbpmGOSGF\">\n<hr class=\"line\" \/>\n<\/div>\n<div id=\"page-zones__main-widgets__5cd9a3b4cedf5\" class=\"responsivecolumns widget js-widget\" data-name=\"responsivecolumns\" data-uniqueid=\"E2eryC0Zx5mQYwr\" data-parentuniqueid=\"wA0HnAmbpmGOSGF\">\n<section id=\"page-zones__main-widgets__5cd9a3b4cedf5-zones__5cd9a3b5cc166\" class=\"bk-zone column columns-two-left\" data-uniqueid=\"u08IMb1CdE8c6VH\" data-parentuniqueid=\"E2eryC0Zx5mQYwr\">\n<div id=\"page-zones__main-widgets__5cd9a3b4cedf5-zones__5cd9a3b5cc166-widgets__5cd9a3b5e8d8f\" class=\"content widget js-widget\" data-name=\"content\" data-uniqueid=\"KezpImCbDcsPqcK\" data-parentuniqueid=\"u08IMb1CdE8c6VH\">\n<div class=\"bk-content-text js-text-content   wysihtml-editor-content\">\n<p>&nbsp;<\/p>\n<p><b>05.04.2019r. Wojew\u00f3dzkie Biegi Prze\u0142ajowe<\/b><\/p>\n<p>\u2003 Reprezentacja uczni\u00f3w z naszej szko\u0142y uczestniczy\u0142a dzi\u015b w Wojew\u00f3dzkich Indywidualnych Biegach Prze\u0142ajowych 'Kamion 2019. Uczestnictwo w zawodach tej rangi umo\u017cliwi\u0142y sukcesy i wysokie wyniki we wcze\u015bniejszych biegach prze\u0142ajowych organizowanych w bie\u017c\u0105cym roku szkolnym.\u00a0<span class=\"wysiwyg-font-size-smaller\">Fotorelacja na naszym Facebooku.<\/span><\/p>\n<p>&nbsp;<\/p>\n<\/div>\n<\/div>\n<\/section>\n<section id=\"page-zones__main-widgets__5cd9a3b4cedf5-zones__5cd9a3b5d8c61\" class=\"bk-zone column columns-two-right\" data-uniqueid=\"sChlxXGbELQlHl1\" data-parentuniqueid=\"E2eryC0Zx5mQYwr\">\n<div id=\"page-zones__main-widgets__5cd9a3b4cedf5-zones__5cd9a3b5d8c61-widgets__5cd9a3b78f198\" class=\"image widget js-widget\" data-name=\"image\" data-uniqueid=\"1ParhmKSVu7nJkI\" data-parentuniqueid=\"sChlxXGbELQlHl1\"><a class=\"widget-align-left js-pswp-image-trigger\" title=\"\" href=\"http:\/\/spradzanowo.pl\/sport\/none\" target=\"none\" rel=\"noopener\"><span class=\"image-img\"><img decoding=\"async\" class=\"image js-pswp-image\" title=\"\" src=\"http:\/\/files.clickweb.home.pl\/ce\/d8\/ced8be27-7826-4ee3-be9d-64a2a6e8fa6e.jpg\" alt=\"\" width=\"960\" data-filename=\"kamion.jpg\" data-filesize=\"\" data-path=\"\/\/files.clickweb.home.pl\/ce\/d8\/ced8be27-7826-4ee3-be9d-64a2a6e8fa6e.jpg\" data-imagesize=\"960 x 720\" \/><\/span><\/a><\/div>\n<\/section>\n<\/div>\n<div id=\"page-zones__main-widgets__5cd9a32c12017\" class=\"line widget js-widget\" data-name=\"line\" data-uniqueid=\"Df7Fq81VkB4OWK0\" data-parentuniqueid=\"wA0HnAmbpmGOSGF\">\n<hr class=\"line\" \/>\n<\/div>\n<div id=\"page-zones__main-widgets__5ca6347094d4e\" class=\"responsivecolumns widget js-widget\" data-name=\"responsivecolumns\" data-uniqueid=\"qsNiStd44xJvrqc\" data-parentuniqueid=\"wA0HnAmbpmGOSGF\">\n<section id=\"page-zones__main-widgets__5ca6347094d4e-zones__5ca63471ba5d4\" class=\"bk-zone column columns-two-left\" data-uniqueid=\"22Js5wq6p10KnDR\" data-parentuniqueid=\"qsNiStd44xJvrqc\">\n<div id=\"page-zones__main-widgets__5ca6347094d4e-zones__5ca63471ba5d4-widgets__5ca63471da329\" class=\"content widget js-widget\" data-name=\"content\" data-uniqueid=\"mMztFyodSOnohEW\" data-parentuniqueid=\"22Js5wq6p10KnDR\">\n<div class=\"bk-content-text js-text-content   wysihtml-editor-content\">\n<p>&nbsp;<\/p>\n<p><b>04.04.2019r. Turniej pi\u0142ki r\u0119cznej<\/b><\/p>\n<p>\u2003Dru\u017cyna ch\u0142opc\u00f3w z klas sz\u00f3stych i si\u00f3dmych uczestniczy\u0142a dzi\u015b w turnieju pi\u0142ki r\u0119cznej w P\u0142ocku zajmuj\u0105c<b>\u00a04 miejsce<\/b>. Gratulacje:)<\/p>\n<p>&nbsp;<\/p>\n<\/div>\n<\/div>\n<\/section>\n<section id=\"page-zones__main-widgets__5ca6347094d4e-zones__5ca63471c51e9\" class=\"bk-zone column columns-two-right\" data-uniqueid=\"OXDc4tV09F0McNX\" data-parentuniqueid=\"qsNiStd44xJvrqc\">\n<div id=\"page-zones__main-widgets__5ca6347094d4e-zones__5ca63471c51e9-widgets__5ca63473ec144\" class=\"image widget js-widget\" data-name=\"image\" data-uniqueid=\"rCJexMMJBT8F4hW\" data-parentuniqueid=\"OXDc4tV09F0McNX\"><a class=\"widget-align-left js-pswp-image-trigger\" title=\"\" href=\"http:\/\/spradzanowo.pl\/sport\/none\" target=\"none\" rel=\"noopener\"><span class=\"image-img\"><img decoding=\"async\" class=\"image js-pswp-image\" title=\"\" src=\"http:\/\/files.clickweb.home.pl\/79\/60\/796027d9-af84-4229-8183-11808d8970ce.jpg\" alt=\"\" width=\"760\" data-filename=\"IMG-20190404-WA0027.jpg\" data-filesize=\"\" data-path=\"\/\/files.clickweb.home.pl\/79\/60\/796027d9-af84-4229-8183-11808d8970ce.jpg\" data-imagesize=\"760 x 426\" \/><\/span><\/a><\/div>\n<\/section>\n<\/div>\n<div id=\"page-zones__main-widgets__5ca633799ea32\" class=\"line widget js-widget\" data-name=\"line\" data-uniqueid=\"dHJmpLY7CmABUY4\" data-parentuniqueid=\"wA0HnAmbpmGOSGF\">\n<hr class=\"line\" \/>\n<\/div>\n<div id=\"page-zones__main-widgets__5ca3bddaafb0d\" class=\"responsivecolumns widget js-widget\" data-name=\"responsivecolumns\" data-uniqueid=\"jfEJccw1IJbRBo4\" data-parentuniqueid=\"wA0HnAmbpmGOSGF\">\n<section id=\"page-zones__main-widgets__5ca3bddaafb0d-zones__5ca3bddb95ff6\" class=\"bk-zone column columns-two-left\" data-uniqueid=\"WU0euVMhZmS25SU\" data-parentuniqueid=\"jfEJccw1IJbRBo4\">\n<div id=\"page-zones__main-widgets__5ca3bddaafb0d-zones__5ca3bddb95ff6-widgets__5ca3bddbae8c7\" class=\"content widget js-widget\" data-name=\"content\" data-uniqueid=\"mKOeJVgMI06TNLD\" data-parentuniqueid=\"WU0euVMhZmS25SU\">\n<div class=\"bk-content-text js-text-content   wysihtml-editor-content\">\n<p>&nbsp;<\/p>\n<p><b>02.04.2019r. Dziewcz\u0119ta na I miejscu<\/b><\/p>\n<p>\u2003Dru\u017cyna dziewcz\u0105t zdoby\u0142a I miejsce w kategorii m\u0142odzie\u017c w finale powiatowym Mazowieckich Igrzysk M\u0142odzie\u017cy Szkolnej w pi\u0142ce r\u0119cznej. Zawody odby\u0142y si\u0119 2 kwietnia na naszej hali sportowej.<\/p>\n<p>Gratulujemy:)<\/p>\n<p>&nbsp;<\/p>\n<\/div>\n<\/div>\n<\/section>\n<section id=\"page-zones__main-widgets__5ca3bddaafb0d-zones__5ca3bddb9fa37\" class=\"bk-zone column columns-two-right\" data-uniqueid=\"KzMuHMhgNfj4JI9\" data-parentuniqueid=\"jfEJccw1IJbRBo4\">\n<div id=\"page-zones__main-widgets__5ca3bddaafb0d-zones__5ca3bddb9fa37-widgets__5ca3bddd6df75\" class=\"image widget js-widget\" data-name=\"image\" data-uniqueid=\"UHaa4wqj07qg6JB\" data-parentuniqueid=\"KzMuHMhgNfj4JI9\"><a class=\"widget-align-left js-pswp-image-trigger\" title=\"\" href=\"http:\/\/spradzanowo.pl\/sport\/none\" target=\"none\" rel=\"noopener\"><span class=\"image-img\"><img decoding=\"async\" class=\"image js-pswp-image\" title=\"\" src=\"http:\/\/files.clickweb.home.pl\/46\/c2\/46c219eb-8d83-47f7-8e68-a7178d6ca437.jpg\" alt=\"\" width=\"960\" data-filename=\"reczna gimn 02.04..jpg\" data-filesize=\"\" data-path=\"\/\/files.clickweb.home.pl\/46\/c2\/46c219eb-8d83-47f7-8e68-a7178d6ca437.jpg\" data-imagesize=\"960 x 466\" \/><\/span><\/a><\/div>\n<\/section>\n<\/div>\n<div id=\"page-zones__main-widgets__5c9d134d8823a\" class=\"line widget js-widget\" data-name=\"line\" data-uniqueid=\"lW6hXv1ndSCqhgQ\" data-parentuniqueid=\"wA0HnAmbpmGOSGF\">\n<hr class=\"line\" \/>\n<\/div>\n<div id=\"page-zones__main-widgets__5ca2522383528\" class=\"responsivecolumns widget js-widget\" data-name=\"responsivecolumns\" data-uniqueid=\"k0iH1MlP03yM1ht\" data-parentuniqueid=\"wA0HnAmbpmGOSGF\">\n<section id=\"page-zones__main-widgets__5ca2522383528-zones__5ca252246e39a\" class=\"bk-zone column columns-two-left\" data-uniqueid=\"erkifBFm5B2TZXm\" data-parentuniqueid=\"k0iH1MlP03yM1ht\">\n<div id=\"page-zones__main-widgets__5ca2522383528-zones__5ca252246e39a-widgets__5ca252248c2ce\" class=\"content widget js-widget\" data-name=\"content\" data-uniqueid=\"moIuAQZr1sQkpkE\" data-parentuniqueid=\"erkifBFm5B2TZXm\">\n<div class=\"bk-content-text js-text-content   wysihtml-editor-content\">\n<p>&nbsp;<\/p>\n<p><b>01.04.2019r. Pi\u0142ka r\u0119czna ch\u0142opc\u00f3w<\/b><\/p>\n<p>Dru\u017cyna ch\u0142opc\u00f3w z naszej szko\u0142y zaj\u0119\u0142a\u00a0<b>II miejsce<\/b>\u00a0w Powiatowych Igrzyskach Dzieci w mini pi\u0142ce r\u0119cznej ch\u0142opc\u00f3w. Zawody odby\u0142y si\u0119 w Drobinie. Gratulujemy:)<\/p>\n<p>&nbsp;<\/p>\n<\/div>\n<\/div>\n<\/section>\n<section id=\"page-zones__main-widgets__5ca2522383528-zones__5ca252247d2a9\" class=\"bk-zone column columns-two-right\" data-uniqueid=\"et423uo6Cvb2ZrZ\" data-parentuniqueid=\"k0iH1MlP03yM1ht\">\n<div id=\"page-zones__main-widgets__5ca2522383528-zones__5ca252247d2a9-widgets__5ca252265a774\" class=\"image widget js-widget\" data-name=\"image\" data-uniqueid=\"JhxrvRhnY518qf3\" data-parentuniqueid=\"et423uo6Cvb2ZrZ\"><a class=\"widget-align-left js-pswp-image-trigger\" title=\"\" href=\"http:\/\/spradzanowo.pl\/sport\/none\" target=\"none\" rel=\"noopener\"><span class=\"image-img\"><img decoding=\"async\" class=\"image js-pswp-image\" title=\"\" src=\"http:\/\/files.clickweb.home.pl\/62\/fd\/62fd6351-aa15-42c0-ba97-ebf3d4b3d462.jpg\" alt=\"\" width=\"814\" data-filename=\"reczna ch\u0142 01.04..jpg\" data-filesize=\"\" data-path=\"\/\/files.clickweb.home.pl\/62\/fd\/62fd6351-aa15-42c0-ba97-ebf3d4b3d462.jpg\" data-imagesize=\"814 x 440\" \/><\/span><\/a><\/div>\n<\/section>\n<\/div>\n<div id=\"page-zones__main-widgets__5ca251d622770\" class=\"line widget js-widget\" data-name=\"line\" data-uniqueid=\"bKsvhiaXJj0NFvs\" data-parentuniqueid=\"wA0HnAmbpmGOSGF\">\n<hr class=\"line\" \/>\n<\/div>\n<div id=\"page-zones__main-widgets__5c9e4ff7ca612\" class=\"responsivecolumns widget js-widget\" data-name=\"responsivecolumns\" data-uniqueid=\"PrcuFmP8EynNPXK\" data-parentuniqueid=\"wA0HnAmbpmGOSGF\">\n<section id=\"page-zones__main-widgets__5c9e4ff7ca612-zones__5c9e4ff8b4237\" class=\"bk-zone column columns-two-left\" data-uniqueid=\"HrsaG86XrJqZV3z\" data-parentuniqueid=\"PrcuFmP8EynNPXK\">\n<div id=\"page-zones__main-widgets__5c9e4ff7ca612-zones__5c9e4ff8b4237-widgets__5c9e4ff8d0360\" class=\"content widget js-widget\" data-name=\"content\" data-uniqueid=\"qAy23NFuuldD2QI\" data-parentuniqueid=\"HrsaG86XrJqZV3z\">\n<div class=\"bk-content-text js-text-content   wysihtml-editor-content\">\n<p><b>29.03.2019r. Pi\u0142ka r\u0119czna dziewcz\u0105t<\/b><\/p>\n<p>Dru\u017cyna dziewcz\u0105t w G\u0105binie zaj\u0119\u0142a\u00a0<b>5 miejsce<\/b>\u00a0w Powiatowych Igrzyskach Dzieci w mini pi\u0142ce r\u0119cznej. Gratulacje:)<\/p>\n<\/div>\n<\/div>\n<\/section>\n<section id=\"page-zones__main-widgets__5c9e4ff7ca612-zones__5c9e4ff8bf51d\" class=\"bk-zone column columns-two-right\" data-uniqueid=\"lTQn9KvpxvBnt3R\" data-parentuniqueid=\"PrcuFmP8EynNPXK\">\n<div id=\"page-zones__main-widgets__5c9e4ff7ca612-zones__5c9e4ff8bf51d-widgets__5c9e4ffac7ee7\" class=\"image widget js-widget\" data-name=\"image\" data-uniqueid=\"EVY9sAUTLsuat7h\" data-parentuniqueid=\"lTQn9KvpxvBnt3R\"><a class=\"widget-align-left js-pswp-image-trigger\" title=\"\" href=\"http:\/\/spradzanowo.pl\/sport\/none\" target=\"none\" rel=\"noopener\"><span class=\"image-img\"><img decoding=\"async\" class=\"image js-pswp-image\" title=\"\" src=\"http:\/\/files.clickweb.home.pl\/6f\/36\/6f364c05-35d2-4adc-88df-fab276668afc.jpg\" alt=\"\" width=\"862\" data-filename=\"reczna dz 29.03..jpg\" data-filesize=\"\" data-path=\"\/\/files.clickweb.home.pl\/6f\/36\/6f364c05-35d2-4adc-88df-fab276668afc.jpg\" data-imagesize=\"862 x 429\" \/><\/span><\/a><\/div>\n<\/section>\n<\/div>\n<div id=\"page-zones__main-widgets__5c9e4ef18d5d5\" class=\"line widget js-widget\" data-name=\"line\" data-uniqueid=\"OxGG7Pn8VtBV2MH\" data-parentuniqueid=\"wA0HnAmbpmGOSGF\">\n<hr class=\"line\" \/>\n<\/div>\n<div id=\"page-zones__main-widgets__5c9d135754e83\" class=\"content widget js-widget\" data-name=\"content\" data-uniqueid=\"iOGwvwvgFbhHWTD\" data-parentuniqueid=\"wA0HnAmbpmGOSGF\">\n<div class=\"bk-content-text js-text-content   wysihtml-editor-content\">\n<p>&nbsp;<\/p>\n<p>&nbsp;<\/p>\n<p><b>26.03.2019r. I miejsce w powiecie ch\u0142opc\u00f3w w kategorii m\u0142odzie\u017c w pi\u0142ce r\u0119cznej<\/b><\/p>\n<p>\u2003W finale powiatowym MIMS w pi\u0142ce r\u0119cznej ch\u0142opc\u00f3w nasi zawodnicy z klas si\u00f3dmych i trzecich gimn. zdobyli I miejsce i tym samym awansowali do fina\u0142u mi\u0119dzypowiatowego. W sk\u0142adzie: Atlak Mateusz, Bogda\u0144ski Mateusz, Krzemi\u0144ski Grzegorz, Wo\u017aniak Kacper, Wachowski Kacper, Witkowski Bart\u0142omiej, Zieli\u0144ski Rafa\u0142, \u015awitkiewicz Marcin, Sobiecki Jakub, \u0141awicki Adam, Gawli\u0144ski Jakub.\u00a0 Gratulujemy \ud83d\ude42<\/p>\n<p>&nbsp;<\/p>\n<\/div>\n<\/div>\n<div id=\"page-zones__main-widgets__5c3f98dcb9080\" class=\"line widget js-widget\" data-name=\"line\" data-uniqueid=\"IddW86W8vTqiCKj\" data-parentuniqueid=\"wA0HnAmbpmGOSGF\">\n<hr class=\"line\" \/>\n<\/div>\n<div id=\"page-zones__main-widgets__5c9d17599a2e5\" class=\"responsivecolumns widget js-widget\" data-name=\"responsivecolumns\" data-uniqueid=\"2LvFH5YyuloIEWF\" data-parentuniqueid=\"wA0HnAmbpmGOSGF\">\n<section id=\"page-zones__main-widgets__5c9d17599a2e5-zones__5c9d175a735b9\" class=\"bk-zone column columns-two-left\" data-uniqueid=\"Mam5SUzskYLGDrx\" data-parentuniqueid=\"2LvFH5YyuloIEWF\">\n<div id=\"page-zones__main-widgets__5c9d17599a2e5-zones__5c9d175a735b9-widgets__5c9d175a8b75b\" class=\"content widget js-widget\" data-name=\"content\" data-uniqueid=\"YmAw9mp8u6lrykl\" data-parentuniqueid=\"Mam5SUzskYLGDrx\">\n<div class=\"bk-content-text js-text-content   wysihtml-editor-content\">\n<p>&nbsp;<\/p>\n<p><b>21.03.2019r. Liczna reprezentacja szko\u0142y na 28 Biegu Wagarowicza w P\u0142ocku<\/b><\/p>\n<p>\u2003W &#8222;Krzywoustym&#8221; zorganizowany zosta\u0142 ju\u017c 28 Bieg Wagarowicza. Z naszej szko\u0142y pobieg\u0142o 48 zawodnik\u00f3w.<\/p>\n<p><b>Dru\u017cynowo zdobyli\u015bmy<\/b><b>\u00a0II miejsce w kategorii dzieci.<\/b><\/p>\n<p><i>Wyniki indywidualne:<\/i><br \/>ROCZNIK 2003 : Mateusz Atlak II miejsce, Grzegorz Krzemi\u0144ski III miejsce, Mateusz Bogda\u0144ski V miejsce<br \/>ROCZNIK 2004 : \u0141ukasz Jab\u0142o\u0144ski IV miejsce,<br \/>ROCZNIK 2006 : Marcel Wi\u015bniewski VI miejsce<br \/>ROCZNIK 2007 : Artur Woroniecki IV miejsce<br \/>ROCZNIK 2008 :\u00a0<b>Dawid Kie\u0142pi\u0144ski I miejsce<\/b>, Alicja Krzemi\u0144ska VI miejsce<\/p>\n<p>Gratulujemy:)\u00a0<\/p>\n<p><a href=\"https:\/\/www.facebook.com\/1004678953016768\/photos\/pcb.1246321305519197\/1246320372185957\/?type=3&amp;theater\" target=\"_self\" rel=\"noopener\">Relacja fotograficzna na facebooku<\/a><\/p>\n<p>&nbsp;<\/p>\n<\/div>\n<\/div>\n<\/section>\n<section id=\"page-zones__main-widgets__5c9d17599a2e5-zones__5c9d175a7d0ee\" class=\"bk-zone column columns-two-right\" data-uniqueid=\"Jtny3Zmk4g7Fnij\" data-parentuniqueid=\"2LvFH5YyuloIEWF\">\n<div id=\"page-zones__main-widgets__5c9d17599a2e5-zones__5c9d175a7d0ee-widgets__5c9d175c42d3b\" class=\"image widget js-widget\" data-name=\"image\" data-uniqueid=\"rBXq8ZmnWVBQAOt\" data-parentuniqueid=\"Jtny3Zmk4g7Fnij\"><a class=\"widget-align-left js-pswp-image-trigger\" title=\"\" href=\"http:\/\/spradzanowo.pl\/sport\/none\" target=\"none\" rel=\"noopener\"><span class=\"image-img\"><img decoding=\"async\" class=\"image js-pswp-image\" title=\"\" src=\"http:\/\/files.clickweb.home.pl\/5a\/82\/5a820e7d-c253-4747-9e06-a6fe437e956e.jpg\" alt=\"\" width=\"1108\" data-filename=\"IMG_20190328_194141763.jpg\" data-filesize=\"\" data-path=\"\/\/files.clickweb.home.pl\/5a\/82\/5a820e7d-c253-4747-9e06-a6fe437e956e.jpg\" data-imagesize=\"1108 x 1550\" \/><\/span><\/a><\/div>\n<\/section>\n<\/div>\n<div id=\"page-zones__main-widgets__5c93ebc5c8730\" class=\"responsivecolumns widget js-widget\" data-name=\"responsivecolumns\" data-uniqueid=\"hWOrW0NFk7ktn5H\" data-parentuniqueid=\"wA0HnAmbpmGOSGF\">\n<section id=\"page-zones__main-widgets__5c93ebc5c8730-zones__5c93ebe518409\" class=\"bk-zone column columns-three-left\" data-uniqueid=\"S6B6MUZBB9qrKBZ\" data-parentuniqueid=\"hWOrW0NFk7ktn5H\">\n<div id=\"page-zones__main-widgets__5c93ebc5c8730-zones__5c93ebe518409-widgets__5c93ebe53187a\" class=\"image widget js-widget\" data-name=\"image\" data-uniqueid=\"i9cxjrgKl6XEaFA\" data-parentuniqueid=\"S6B6MUZBB9qrKBZ\"><a class=\"widget-align-left js-pswp-image-trigger\" title=\"\" href=\"http:\/\/spradzanowo.pl\/sport\/none\" target=\"none\" rel=\"noopener\"><span class=\"image-img\"><img decoding=\"async\" class=\"image js-pswp-image\" title=\"\" src=\"http:\/\/files.clickweb.home.pl\/04\/a9\/04a96fb6-0791-49da-8035-608ce8d33b3c.jpg\" alt=\"\" width=\"1600\" data-filename=\"IMG-20190321-WA0049.jpg\" data-filesize=\"\" data-path=\"\/\/files.clickweb.home.pl\/04\/a9\/04a96fb6-0791-49da-8035-608ce8d33b3c.jpg\" data-imagesize=\"1600 x 1200\" \/><\/span><\/a><\/div>\n<\/section>\n<section id=\"page-zones__main-widgets__5c93ebc5c8730-zones__5c93ebc6a57cd\" class=\"bk-zone column columns-three-middle\" data-uniqueid=\"0a1yKkEqvj9OyCK\" data-parentuniqueid=\"hWOrW0NFk7ktn5H\">\n<div id=\"page-zones__main-widgets__5c93ebc5c8730-zones__5c93ebc6a57cd-widgets__5c93ebc87fc72\" class=\"image widget js-widget\" data-name=\"image\" data-uniqueid=\"IAG0TqTcBo4mSDh\" data-parentuniqueid=\"0a1yKkEqvj9OyCK\"><a class=\"widget-align-left js-pswp-image-trigger\" title=\"\" href=\"http:\/\/spradzanowo.pl\/sport\/none\" target=\"none\" rel=\"noopener\"><span class=\"image-img\"><img decoding=\"async\" class=\"image js-pswp-image\" title=\"\" src=\"http:\/\/files.clickweb.home.pl\/2a\/57\/2a578c7b-0d1d-4db6-a96b-def1cdea6d64.jpg\" alt=\"\" width=\"1600\" data-filename=\"IMG-20190321-WA0110.jpg\" data-filesize=\"\" data-path=\"\/\/files.clickweb.home.pl\/2a\/57\/2a578c7b-0d1d-4db6-a96b-def1cdea6d64.jpg\" data-imagesize=\"1600 x 1200\" \/><\/span><\/a><\/div>\n<\/section>\n<section id=\"page-zones__main-widgets__5c93ebc5c8730-zones__5c9d151b1b6e9\" class=\"bk-zone column columns-three-right\" data-uniqueid=\"ILFWVyjOcYe3cRl\" data-parentuniqueid=\"hWOrW0NFk7ktn5H\">\n<div id=\"page-zones__main-widgets__5c93ebc5c8730-zones__5c9d151b1b6e9-widgets__5c9d151c24564\" class=\"image widget js-widget\" data-name=\"image\" data-uniqueid=\"1tiRbzRp24DS9EA\" data-parentuniqueid=\"ILFWVyjOcYe3cRl\"><a class=\"widget-align-left js-pswp-image-trigger\" title=\"\" href=\"http:\/\/spradzanowo.pl\/sport\/none\" target=\"none\" rel=\"noopener\"><span class=\"image-img\"><img decoding=\"async\" class=\"image js-pswp-image\" title=\"\" src=\"http:\/\/files.clickweb.home.pl\/59\/b2\/59b265fd-3edb-4323-b8d5-9918a3db5a06.jpg\" alt=\"\" width=\"960\" data-filename=\"wagar.jpg\" data-filesize=\"\" data-path=\"\/\/files.clickweb.home.pl\/59\/b2\/59b265fd-3edb-4323-b8d5-9918a3db5a06.jpg\" data-imagesize=\"960 x 466\" \/><\/span><\/a><\/div>\n<\/section>\n<\/div>\n<div id=\"page-zones__main-widgets__5c93e8d86e6c3\" class=\"line widget js-widget\" data-name=\"line\" data-uniqueid=\"OXFUhhTmbbceiCT\" data-parentuniqueid=\"wA0HnAmbpmGOSGF\">\n<hr class=\"line\" \/>\n<\/div>\n<div id=\"page-zones__main-widgets__5c8fcd09e70e1\" class=\"responsivecolumns widget js-widget\" data-name=\"responsivecolumns\" data-uniqueid=\"wTpWPUit0KdWroN\" data-parentuniqueid=\"wA0HnAmbpmGOSGF\">\n<section id=\"page-zones__main-widgets__5c8fcd09e70e1-zones__5c8fcd0ad9bc9\" class=\"bk-zone column columns-two-left\" data-uniqueid=\"H67CmIf60vUOcTq\" data-parentuniqueid=\"wTpWPUit0KdWroN\">\n<div id=\"page-zones__main-widgets__5c8fcd09e70e1-zones__5c8fcd0ad9bc9-widgets__5c8fcd0b01fb6\" class=\"content widget js-widget\" data-name=\"content\" data-uniqueid=\"t53Ae7KqzRizuMF\" data-parentuniqueid=\"H67CmIf60vUOcTq\">\n<div class=\"bk-content-text js-text-content   wysihtml-editor-content\">\n<p>&nbsp;<\/p>\n<p><b>18.03.2019r.\u00a0 Ch\u0142opcy z naszej szko\u0142y na I miejscu na miedzypowiatowych zawodach \ud83d\ude42<\/b><\/p>\n<p>\u200315 marca Gostynin by\u0142 gospodarzem mi\u0119dzypowiatowego fina\u0142u\u00a0<b>w unihokeju ch\u0142opc\u00f3w<\/b>, gdzie nasza reprezentacja zostawi\u0142a w pokonanym polu SP Pacyn\u0119- mistrza powiatu gostyni\u0144skiego i SP 18 P\u0142ock &#8211; mistrza P\u0142ocka,\u00a0<b>tym samym kwalifikuj\u0105c si\u0119 do fina\u0142u wojew\u00f3dzkiego<\/b>.<\/p>\n<p>Gratulujemy\u00a0 i trzymamy kciuki na zawodach wojew\u00f3dzkich \ud83d\ude42<\/p>\n<p>&nbsp;<\/p>\n<\/div>\n<\/div>\n<\/section>\n<section id=\"page-zones__main-widgets__5c8fcd09e70e1-zones__5c8fcd0ae80ca\" class=\"bk-zone column columns-two-right\" data-uniqueid=\"o7QYHhjzUOIyOPX\" data-parentuniqueid=\"wTpWPUit0KdWroN\">\n<div id=\"page-zones__main-widgets__5c8fcd09e70e1-zones__5c8fcd0ae80ca-widgets__5c8fcd0cc28b9\" class=\"image widget js-widget\" data-name=\"image\" data-uniqueid=\"X5gtw5ITMN48zRv\" data-parentuniqueid=\"o7QYHhjzUOIyOPX\"><a class=\"widget-align-left js-pswp-image-trigger\" title=\"\" href=\"http:\/\/spradzanowo.pl\/sport\/none\" target=\"none\" rel=\"noopener\"><span class=\"image-img\"><img decoding=\"async\" class=\"image js-pswp-image\" title=\"\" src=\"http:\/\/files.clickweb.home.pl\/2d\/c0\/2dc030a1-ba6d-4be7-9a8b-d76c109c7c2a.jpg\" alt=\"\" width=\"960\" data-filename=\"mi\u0119dzypowiat unihokej.jpg\" data-filesize=\"\" data-path=\"\/\/files.clickweb.home.pl\/2d\/c0\/2dc030a1-ba6d-4be7-9a8b-d76c109c7c2a.jpg\" \/><\/span><\/a><\/div>\n<\/section>\n<\/div>\n<div id=\"page-zones__main-widgets__5c8fcc16aed4d\" class=\"line widget js-widget\" data-name=\"line\" data-uniqueid=\"uEsztMspOraJFQi\" data-parentuniqueid=\"wA0HnAmbpmGOSGF\">\n<hr class=\"line\" \/>\n<\/div>\n<div id=\"page-zones__main-widgets__5c7d63501acbf\" class=\"responsivecolumns widget js-widget\" data-name=\"responsivecolumns\" data-uniqueid=\"pncElt1olD2bqx9\" data-parentuniqueid=\"wA0HnAmbpmGOSGF\">\n<section id=\"page-zones__main-widgets__5c7d63501acbf-zones__5c7d635119b66\" class=\"bk-zone column columns-two-left\" data-uniqueid=\"az985xCKCiUEGwi\" data-parentuniqueid=\"pncElt1olD2bqx9\">\n<div id=\"page-zones__main-widgets__5c7d63501acbf-zones__5c7d635119b66-widgets__5c7d635133ee2\" class=\"content widget js-widget\" data-name=\"content\" data-uniqueid=\"uK67XfWbNl5WnA9\" data-parentuniqueid=\"az985xCKCiUEGwi\">\n<div class=\"bk-content-text js-text-content   wysihtml-editor-content\">\n<p>&nbsp;<\/p>\n<p><b>01.03.2019r. SP Radzanowo z sukcesami na XXVII P\u0142ockich Ergowios\u0142ach<\/b><\/p>\n<p>\u2003W dniu 1 marca nasze reprezentacje dziewcz\u0105t i ch\u0142opc\u00f3w z klas gimnazjalnych i \u00f3smych wzi\u0119\u0142y udzia\u0142 w p\u0142ockich ergowios\u0142ach zajmuj\u0105c czo\u0142owe miejsca w klasyfikacji indywidualnej i dru\u017cynowej. Klasyfikacja indywidualna-\u00a0<b>III miejsce Magdaleny Wr\u00f3blewskiej<\/b>\u00a0\ud83d\ude42 Klasyfikacja dru\u017cynowa\u00a0<b>dziewcz\u0105t- II miejsce<\/b>\u00a0w sk\u0142adzie:\u00a0<b>Magdalena Wr\u00f3blewska, Natalia Deptu\u0142a, Karolina Sepio\u0142a, Klaudia Majchrzak, Natalia Gawli\u0144ska.\u00a0<\/b>Klasyfikacja dru\u017cynowa\u00a0<b>ch\u0142opc\u00f3w- II miejsce<\/b>\u00a0w sk\u0142adzie:\u00a0<b>Mateusz Atlak, Krzemi\u0144ski Grzegorz, Jakub Kosieli\u0144ski, Kacper \u015alepowro\u0144ski. GRATULUJEMY:)<\/b><\/p>\n<\/div>\n<\/div>\n<\/section>\n<section id=\"page-zones__main-widgets__5c7d63501acbf-zones__5c7d6351250b4\" class=\"bk-zone column columns-two-right\" data-uniqueid=\"bYsrhc1tzxVX4Py\" data-parentuniqueid=\"pncElt1olD2bqx9\">\n<div id=\"page-zones__main-widgets__5c7d63501acbf-zones__5c7d6351250b4-widgets__5c7d63530f536\" class=\"image widget js-widget\" data-name=\"image\" data-uniqueid=\"LJUbmKq0AkiiSaC\" data-parentuniqueid=\"bYsrhc1tzxVX4Py\"><a class=\"widget-align-left js-pswp-image-trigger\" title=\"\" href=\"http:\/\/spradzanowo.pl\/sport\/none\" target=\"none\" rel=\"noopener\"><span class=\"image-img\"><img decoding=\"async\" class=\"image js-pswp-image\" title=\"\" src=\"http:\/\/files.clickweb.home.pl\/b1\/b7\/b1b79d3f-db00-4dfc-8725-8113f9084d79.jpg\" alt=\"\" width=\"5120\" data-filename=\"1 Strona int 2018-10197.jpg\" data-filesize=\"\" data-path=\"\/\/files.clickweb.home.pl\/30\/03\/30035841-a378-4e0e-b356-cd82dd217fe7.jpg\" \/><\/span><\/a><\/div>\n<\/section>\n<\/div>\n<div id=\"page-zones__main-widgets__5c7d62578cefc\" class=\"line widget js-widget\" data-name=\"line\" data-uniqueid=\"UQIuZamaD42hEvw\" data-parentuniqueid=\"wA0HnAmbpmGOSGF\">\n<hr class=\"line\" \/>\n<\/div>\n<div id=\"page-zones__main-widgets__5c783ac20444c\" class=\"responsivecolumns widget js-widget\" data-name=\"responsivecolumns\" data-uniqueid=\"S6im4WJfnL2rfJ8\" data-parentuniqueid=\"wA0HnAmbpmGOSGF\">\n<section id=\"page-zones__main-widgets__5c783ac20444c-zones__5c783ac2d1726\" class=\"bk-zone column columns-two-left\" data-uniqueid=\"TRon3SkLQYvPZxi\" data-parentuniqueid=\"S6im4WJfnL2rfJ8\">\n<div id=\"page-zones__main-widgets__5c783ac20444c-zones__5c783ac2d1726-widgets__5c783ac2ec7e9\" class=\"content widget js-widget\" data-name=\"content\" data-uniqueid=\"KSSfrecCu1541Aw\" data-parentuniqueid=\"TRon3SkLQYvPZxi\">\n<div class=\"bk-content-text js-text-content   wysihtml-editor-content\">\n<p>&nbsp;<\/p>\n<p><b>28.02.2019r. Pi\u0142ka r\u0119czna najm\u0142odszych<\/b><\/p>\n<p>\u2003Nasi najm\u0142odsi reprezentanci z rocznik\u00f3w 2009 i 2010 uczestniczyli w Turnieju Pi\u0142ki R\u0119cznej o Puchar P\u0142ockiej Akademii Pi\u0142ki R\u0119cznej. W imprezie wystartowa\u0142o 5 dru\u017cyn w roczniku 2010 i 4 dru\u017cyny z rocznika 2009 z p\u0142ockich podstaw\u00f3wek. W klasyfikacji ko\u0144cowej turnieju dla rocznika 2009 zaj\u0119li\u015bmy\u00a0<b>I miejsce<\/b>\u00a0, natomiast dla rocznika 2010 zaj\u0119li\u015bmy\u00a0<b>III miejsce<\/b>\ud83d\ude42<\/p>\n<p>&nbsp;<\/p>\n<\/div>\n<\/div>\n<\/section>\n<section id=\"page-zones__main-widgets__5c783ac20444c-zones__5c783ac2dc6f6\" class=\"bk-zone column columns-two-right\" data-uniqueid=\"Vesb57gXbwXMGI9\" data-parentuniqueid=\"S6im4WJfnL2rfJ8\">\n<div id=\"page-zones__main-widgets__5c783ac20444c-zones__5c783ac2dc6f6-widgets__5c783ac4591da\" class=\"image widget js-widget\" data-name=\"image\" data-uniqueid=\"hvvt20YVS6ki5Yf\" data-parentuniqueid=\"Vesb57gXbwXMGI9\"><a class=\"widget-align-left js-pswp-image-trigger\" title=\"\" href=\"http:\/\/spradzanowo.pl\/sport\/none\" target=\"none\" rel=\"noopener\"><span class=\"image-img\"><img decoding=\"async\" class=\"image js-pswp-image\" title=\"\" src=\"http:\/\/files.clickweb.home.pl\/90\/4e\/904e29eb-9b71-4cab-9dd8-41ea77031cee.jpg\" alt=\"\" width=\"960\" data-filename=\"reczna 27.02.jpg\" data-filesize=\"\" data-path=\"\/\/files.clickweb.home.pl\/90\/4e\/904e29eb-9b71-4cab-9dd8-41ea77031cee.jpg\" \/><\/span><\/a><\/div>\n<\/section>\n<\/div>\n<div id=\"page-zones__main-widgets__5c78393ee35bb\" class=\"line widget js-widget\" data-name=\"line\" data-uniqueid=\"vXnhAoxlKILBmfj\" data-parentuniqueid=\"wA0HnAmbpmGOSGF\">\n<hr class=\"line\" \/>\n<\/div>\n<div id=\"page-zones__main-widgets__5c783aa64a3d5\" class=\"responsivecolumns widget js-widget\" data-name=\"responsivecolumns\" data-uniqueid=\"i6bhPjBKAufLzqH\" data-parentuniqueid=\"wA0HnAmbpmGOSGF\">\n<section id=\"page-zones__main-widgets__5c783aa64a3d5-zones__5c783aa751155\" class=\"bk-zone column columns-two-left\" data-uniqueid=\"maqRiG7lXYNtkEc\" data-parentuniqueid=\"i6bhPjBKAufLzqH\">\n<div id=\"page-zones__main-widgets__5c783aa64a3d5-zones__5c783aa751155-widgets__5c783aa76c579\" class=\"content widget js-widget\" data-name=\"content\" data-uniqueid=\"d1JKDSJSg1lUmgp\" data-parentuniqueid=\"maqRiG7lXYNtkEc\">\n<div class=\"bk-content-text js-text-content   wysihtml-editor-content\">\n<p>&nbsp;<\/p>\n<p><b>28.02.2019r. Orlen Handball Mini Liga<\/b><\/p>\n<p>\u200324 lutego nasi m\u0142odzi pi\u0142karze r\u0119czni zainaugurowali wyst\u0119py w cyklu turniej\u00f3w ORLEN HANDBALL MINI LIGI. \u017byczymy sukces\u00f3w i samych zwyci\u0119stw \ud83d\ude42<\/p>\n<p>&nbsp;<\/p>\n<\/div>\n<\/div>\n<\/section>\n<section id=\"page-zones__main-widgets__5c783aa64a3d5-zones__5c783aa75ea98\" class=\"bk-zone column columns-two-right\" data-uniqueid=\"Y9pqnuOrkW0HdyK\" data-parentuniqueid=\"i6bhPjBKAufLzqH\">\n<div id=\"page-zones__main-widgets__5c783aa64a3d5-zones__5c783aa75ea98-widgets__5c783aa910356\" class=\"image widget js-widget\" data-name=\"image\" data-uniqueid=\"5vfyhODw8qa175Z\" data-parentuniqueid=\"Y9pqnuOrkW0HdyK\"><a class=\"widget-align-left js-pswp-image-trigger\" title=\"\" href=\"http:\/\/spradzanowo.pl\/sport\/none\" target=\"none\" rel=\"noopener\"><span class=\"image-img\"><img decoding=\"async\" class=\"image js-pswp-image\" title=\"\" src=\"http:\/\/files.clickweb.home.pl\/9e\/01\/9e01395c-b9ad-4024-9991-11f306a311a4.jpg\" alt=\"\" width=\"960\" data-filename=\"orlen 24.02..jpg\" data-filesize=\"\" data-path=\"\/\/files.clickweb.home.pl\/9e\/01\/9e01395c-b9ad-4024-9991-11f306a311a4.jpg\" \/><\/span><\/a><\/div>\n<\/section>\n<\/div>\n<div id=\"page-zones__main-widgets__5c7838af3f440\" class=\"line widget js-widget\" data-name=\"line\" data-uniqueid=\"i8EAoISEXp7Rhx9\" data-parentuniqueid=\"wA0HnAmbpmGOSGF\">\n<hr class=\"line\" \/>\n<\/div>\n<div id=\"page-zones__main-widgets__5c6db28dcff47\" class=\"responsivecolumns widget js-widget\" data-name=\"responsivecolumns\" data-uniqueid=\"sjA3r7TnGQQHpvE\" data-parentuniqueid=\"wA0HnAmbpmGOSGF\">\n<section id=\"page-zones__main-widgets__5c6db28dcff47-zones__5c6db28e89c13\" class=\"bk-zone column columns-two-left\" data-uniqueid=\"09Saaiup2RG9KGD\" data-parentuniqueid=\"sjA3r7TnGQQHpvE\">\n<div id=\"page-zones__main-widgets__5c6db28dcff47-zones__5c6db28e89c13-widgets__5c6db28ea2a0c\" class=\"content widget js-widget\" data-name=\"content\" data-uniqueid=\"bPU9XLUBlDtRPaF\" data-parentuniqueid=\"09Saaiup2RG9KGD\">\n<div class=\"bk-content-text js-text-content   wysihtml-editor-content\">\n<p>&nbsp;<\/p>\n<p><b>20.02.2019r. Mistrzostwa Szko\u0142y na Ergometrze Wio\u015blarskim<\/b><\/p>\n<p>\u2003 W \u015brod\u0119 20 lutego odby\u0142y si\u0119 Mistrzostwa Szko\u0142y na Ergometrze Wio\u015blarskim w kategorii wiekowej klas gimnazjalnych i klas VII-VIII. Zawody odby\u0142y si\u0119 na sprz\u0119cie P\u0142ockiego Towarzystwa Wio\u015blarskiego , a nad przebiegiem czuwa\u0142 prezes PTW pan Jacek Karolak. Podczas zawod\u00f3w uczniowie mogli zapozna\u0107 si\u0119\u00a0 z mo\u017cliwo\u015bci\u0105 kontynuowania nauki w Szkole Mistrzostwa Sportowego o profilu wio\u015blarskim w P\u0142ocku. W zawodach uczestniczy\u0142o 43 ch\u0142opc\u00f3w i 34 dziewcz\u0119ta.<\/p>\n<p>&nbsp;<\/p>\n<\/div>\n<\/div>\n<\/section>\n<section id=\"page-zones__main-widgets__5c6db28dcff47-zones__5c6db28e93d31\" class=\"bk-zone column columns-two-right\" data-uniqueid=\"kkiGBBZtxOrUkFN\" data-parentuniqueid=\"sjA3r7TnGQQHpvE\">\n<div id=\"page-zones__main-widgets__5c6db28dcff47-zones__5c6db28e93d31-widgets__5c6db28ff2de7\" class=\"image widget js-widget\" data-name=\"image\" data-uniqueid=\"AGmxmAZEQYW1O2M\" data-parentuniqueid=\"kkiGBBZtxOrUkFN\"><a class=\"widget-align-center js-pswp-image-trigger\" title=\"\" href=\"http:\/\/spradzanowo.pl\/sport\/none\" target=\"none\" rel=\"noopener\"><span class=\"image-img\"><img decoding=\"async\" class=\"image js-pswp-image\" title=\"\" src=\"http:\/\/files.clickweb.home.pl\/9f\/98\/9f985320-72eb-4c4d-b599-b7249734a6a6.jpg\" alt=\"\" width=\"900\" data-filename=\"IMG-20190220-WA0001.jpg\" data-filesize=\"\" data-path=\"\/\/files.clickweb.home.pl\/9f\/98\/9f985320-72eb-4c4d-b599-b7249734a6a6.jpg\" \/><\/span><\/a><\/div>\n<\/section>\n<\/div>\n<div id=\"page-zones__main-widgets__5c6db3f01e222\" class=\"responsivecolumns widget js-widget\" data-name=\"responsivecolumns\" data-uniqueid=\"sBZbGuSQnj0jdqi\" data-parentuniqueid=\"wA0HnAmbpmGOSGF\">\n<section id=\"page-zones__main-widgets__5c6db3f01e222-zones__5c6db3f0c7628\" class=\"bk-zone column columns-two-left\" data-uniqueid=\"osPxI1N9krUyCDe\" data-parentuniqueid=\"sBZbGuSQnj0jdqi\">\n<div id=\"page-zones__main-widgets__5c6db3f01e222-zones__5c6db3f0c7628-widgets__5c6db3f0de740\" class=\"content widget js-widget\" data-name=\"content\" data-uniqueid=\"ijOwNEimDBPGJjj\" data-parentuniqueid=\"osPxI1N9krUyCDe\">\n<div class=\"bk-content-text js-text-content   wysihtml-editor-content\">\n<p>&nbsp;<\/p>\n<p>Wyniki rywalizacji w kategorii klas gimnazjalnych:<\/p>\n<p><i>ch\u0142opcy<\/i><\/p>\n<p>I miejsce\u00a0<b>Atlak Mateusz<\/b>\u00a01:34,6<\/p>\n<p>II miejsce\u00a0<b>Kosieli\u0144ski Jakub<\/b>\u00a01:36,7<\/p>\n<p>III miejsce\u00a0<b>Dominiak Krzysztof\u00a0<\/b>1:37,9<\/p>\n<p><i>dziewcz\u0119ta<\/i><\/p>\n<p>&nbsp;<\/p>\n<p>I miejsce\u00a0<b>Wr\u00f3blewska Magdalena<\/b>\u00a01:50,9<\/p>\n<p>II miejsce\u00a0<b>Majchrzak Klaudia<\/b>\u00a02:03,1<\/p>\n<p>III miejsce\u00a0<b>Gawli\u0144ska Natalia\u00a0<\/b>2:04,6<\/p>\n<p>&nbsp;<\/p>\n<p>&nbsp;<\/p>\n<\/div>\n<\/div>\n<\/section>\n<section id=\"page-zones__main-widgets__5c6db3f01e222-zones__5c6db3f0d0f75\" class=\"bk-zone column columns-two-right\" data-uniqueid=\"5jASCjvh2W42PlG\" data-parentuniqueid=\"sBZbGuSQnj0jdqi\">\n<div id=\"page-zones__main-widgets__5c6db3f01e222-zones__5c6db3f0d0f75-widgets__5c6db3f238055\" class=\"content widget js-widget\" data-name=\"content\" data-uniqueid=\"g447YmfVoy83jJo\" data-parentuniqueid=\"5jASCjvh2W42PlG\">\n<div class=\"bk-content-text js-text-content   wysihtml-editor-content\">\n<p>&nbsp;<\/p>\n<p>Wyniki rywalizacji w kategorii klas VII-VIII:<\/p>\n<p><i>ch\u0142opcy<\/i><\/p>\n<p>I miejsce\u00a0<b>Gapi\u0144ski Pawe\u0142\u00a0<\/b>1:47,2<\/p>\n<p>II miejsce\u00a0<b>Krzemi\u0144ski Pawe\u0142<\/b>\u00a01:49,3<\/p>\n<p>III miejsce\u00a0<b>\u0141awicki Adam\u00a0<\/b>1:50,1<\/p>\n<p><i>dziewcz\u0119ta<\/i><\/p>\n<p>&nbsp;<\/p>\n<p>I miejsce\u00a0<b>Deptu\u0142a Natalia<\/b>\u00a01:55,3<\/p>\n<p>II miejsce\u00a0<b>Zieli\u0144ska Malwina\u00a0<\/b>\u00a01:58,9<\/p>\n<p>III miejsce\u00a0<b>S\u0142omi\u0144ska Karolina\u00a0<\/b>2:02<\/p>\n<p>&nbsp;<\/p>\n<\/div>\n<\/div>\n<\/section>\n<\/div>\n<div id=\"page-zones__main-widgets__5c6db036596fb\" class=\"line widget js-widget\" data-name=\"line\" data-uniqueid=\"2DkhSeWh5x9GjqM\" data-parentuniqueid=\"wA0HnAmbpmGOSGF\">\n<hr class=\"line\" \/>\n<\/div>\n<div id=\"page-zones__main-widgets__5c6715624d227\" class=\"responsivecolumns widget js-widget\" data-name=\"responsivecolumns\" data-uniqueid=\"2OoKuvDrmr8NN98\" data-parentuniqueid=\"wA0HnAmbpmGOSGF\">\n<section id=\"page-zones__main-widgets__5c6715624d227-zones__5c67156309201\" class=\"bk-zone column columns-two-left\" data-uniqueid=\"8ZYl5laUaCihjZ4\" data-parentuniqueid=\"2OoKuvDrmr8NN98\">\n<div id=\"page-zones__main-widgets__5c6715624d227-zones__5c67156309201-widgets__5c67156322fb3\" class=\"content widget js-widget\" data-name=\"content\" data-uniqueid=\"sObMhi9DsH1OOoB\" data-parentuniqueid=\"8ZYl5laUaCihjZ4\">\n<div class=\"bk-content-text js-text-content   wysihtml-editor-content\">\n<p>&nbsp;<\/p>\n<p><b>15.02.2019r. Pi\u0142ka r\u0119czna m\u0142odszej grupy szkolnej<\/b><\/p>\n<p>\u2003W poniedzia\u0142ek 11 lutego w Szkole Podstawowej nr 23 w P\u0142ocku nasi najm\u0142odsi reprezentanci z rocznik\u00f3w 2008\/2009 wzi\u0119li udzia\u0142 w Turnieju Pi\u0142ki R\u0119cznej z okazji obchod\u00f3w imienia patrona szko\u0142y &#8211; Armii Krajowej. Wyniki:\u00a0<b>Dziewcz\u0119ta zaj\u0119\u0142y II miejsce, ch\u0142opcy IV miejsce.<\/b><\/p>\n<p>&nbsp;<\/p>\n<\/div>\n<\/div>\n<\/section>\n<section id=\"page-zones__main-widgets__5c6715624d227-zones__5c6715631363a\" class=\"bk-zone column columns-two-right\" data-uniqueid=\"OufhKv1xSjvLkzX\" data-parentuniqueid=\"2OoKuvDrmr8NN98\">\n<div id=\"page-zones__main-widgets__5c6715624d227-zones__5c6715631363a-widgets__5c67156474b20\" class=\"image widget js-widget\" data-name=\"image\" data-uniqueid=\"KaUr70ZwXr4yrRo\" data-parentuniqueid=\"OufhKv1xSjvLkzX\"><a class=\"widget-align-left js-pswp-image-trigger\" title=\"\" href=\"http:\/\/spradzanowo.pl\/sport\/none\" target=\"none\" rel=\"noopener\"><span class=\"image-img\"><img decoding=\"async\" class=\"image js-pswp-image\" title=\"\" src=\"http:\/\/files.clickweb.home.pl\/db\/47\/db47aaaa-7866-4cd7-8004-533d2c06d18e.jpg\" alt=\"\" width=\"960\" data-filename=\"r\u0119czna sp23.jpg\" data-filesize=\"\" data-path=\"\/\/files.clickweb.home.pl\/db\/47\/db47aaaa-7866-4cd7-8004-533d2c06d18e.jpg\" \/><\/span><\/a><\/div>\n<\/section>\n<\/div>\n<div id=\"page-zones__main-widgets__5c6714fb8b0dc\" class=\"line widget js-widget\" data-name=\"line\" data-uniqueid=\"KS0YMaXjxAms1fP\" data-parentuniqueid=\"wA0HnAmbpmGOSGF\">\n<hr class=\"line\" \/>\n<\/div>\n<div id=\"page-zones__main-widgets__5c6473a4780ec\" class=\"responsivecolumns widget js-widget\" data-name=\"responsivecolumns\" data-uniqueid=\"Qez1u5mk1ZN6wNU\" data-parentuniqueid=\"wA0HnAmbpmGOSGF\">\n<section id=\"page-zones__main-widgets__5c6473a4780ec-zones__5c6473a5473b4\" class=\"bk-zone column columns-two-left\" data-uniqueid=\"Fu0CTZdFF43Ht31\" data-parentuniqueid=\"Qez1u5mk1ZN6wNU\">\n<div id=\"page-zones__main-widgets__5c6473a4780ec-zones__5c6473a5473b4-widgets__5c6473a560dfd\" class=\"content widget js-widget\" data-name=\"content\" data-uniqueid=\"NY50EZpn5280Zlq\" data-parentuniqueid=\"Fu0CTZdFF43Ht31\">\n<div class=\"bk-content-text js-text-content   wysihtml-editor-content\">\n<p>&nbsp;<\/p>\n<p><b>13.02.2019r. Halowa pi\u0142ka no\u017cna dziewcz\u0105t<\/b><\/p>\n<p>\u2003Dru\u017cyna dziewcz\u0105t rocznik 2006 zdoby\u0142a\u00a0<b>IV miejsc<\/b>e w Powiatowym Turnieju Halowej Pi\u0142ki No\u017cnej dziewcz\u0105t w Drobinie \ud83d\ude42<\/p>\n<p>Wi\u0119cej zdj\u0119\u0107 na Facebooku<\/p>\n<p>&nbsp;<\/p>\n<\/div>\n<\/div>\n<\/section>\n<section id=\"page-zones__main-widgets__5c6473a4780ec-zones__5c6473a553170\" class=\"bk-zone column columns-two-right\" data-uniqueid=\"k4swtJxrOhp1O5J\" data-parentuniqueid=\"Qez1u5mk1ZN6wNU\">\n<div id=\"page-zones__main-widgets__5c6473a4780ec-zones__5c6473a553170-widgets__5c6473a6a40cd\" class=\"image widget js-widget\" data-name=\"image\" data-uniqueid=\"KtEslqwLTegGmkH\" data-parentuniqueid=\"k4swtJxrOhp1O5J\"><a class=\"widget-align-left js-pswp-image-trigger\" title=\"\" href=\"http:\/\/spradzanowo.pl\/sport\/none\" target=\"none\" rel=\"noopener\"><span class=\"image-img\"><img decoding=\"async\" class=\"image js-pswp-image\" title=\"\" src=\"http:\/\/files.clickweb.home.pl\/d4\/ef\/d4efd017-f0fe-433b-926b-5dad741666fd.jpg\" alt=\"\" width=\"1120\" data-filename=\"IMG-20190213-WA0009.jpg\" data-filesize=\"\" data-path=\"\/\/files.clickweb.home.pl\/d4\/ef\/d4efd017-f0fe-433b-926b-5dad741666fd.jpg\" \/><\/span><\/a><\/div>\n<\/section>\n<\/div>\n<div id=\"page-zones__main-widgets__5c6472947f2cd\" class=\"line widget js-widget\" data-name=\"line\" data-uniqueid=\"tK8KBc5rgJFgxlQ\" data-parentuniqueid=\"wA0HnAmbpmGOSGF\">\n<hr class=\"line\" \/>\n<\/div>\n<div id=\"page-zones__main-widgets__5c4f6abdbf6be\" class=\"responsivecolumns widget js-widget\" data-name=\"responsivecolumns\" data-uniqueid=\"RLme5fnmTU49GiJ\" data-parentuniqueid=\"wA0HnAmbpmGOSGF\">\n<section id=\"page-zones__main-widgets__5c4f6abdbf6be-zones__5c4f6abe6cd3d\" class=\"bk-zone column columns-two-left\" data-uniqueid=\"9hOw3CkboLrwg7G\" data-parentuniqueid=\"RLme5fnmTU49GiJ\">\n<div id=\"page-zones__main-widgets__5c4f6abdbf6be-zones__5c4f6abe6cd3d-widgets__5c4f6abe85b39\" class=\"content widget js-widget\" data-name=\"content\" data-uniqueid=\"5B0WFUnFHKB2mu7\" data-parentuniqueid=\"9hOw3CkboLrwg7G\">\n<div class=\"bk-content-text js-text-content   wysihtml-editor-content\">\n<p>&nbsp;<\/p>\n<p><b>25.01.2019r. Nasi uczniowie podczas Charytatywnego Turnieju Pi\u0142ki R\u0119cznej w P\u0142ocku<\/b><\/p>\n<p>\u2003Uczniowie klas pi\u0105tych uczestniczyli w Charytatywnym Og\u00f3lnopolskim Turnieju Pi\u0142ki R\u0119cznej o Puchar Dyrektora SP23 w P\u0142ocku &#8211; &#8222;Gramy dla Julii&#8221;.\u00a0 Zaj\u0119li\u00a0<b>V miejsce<\/b>.\u00a0<span class=\"wysiwyg-font-size-smaller\"><i><br \/><\/i><\/span><\/p>\n<p><span class=\"wysiwyg-font-size-smaller\"><i>W dru\u017cynie grali:\u00a0<\/i>Szymon Bryka\u0142a, Marceli Gontarek, Szymon Kacprzak, Dawid Wr\u00f3blewski, \u0141ukasz Ko\u0142tuniak, Piotr Kruk, Filip Szyma\u0144ski, Mateusz Sobiecki, Dawid Kie\u0142pi\u0144ski, Filip Karpi\u0144ski, Alan Sieradzki, Jakub Rudowski.<br \/><\/span><\/p>\n<p>&nbsp;<\/p>\n<\/div>\n<\/div>\n<\/section>\n<section id=\"page-zones__main-widgets__5c4f6abdbf6be-zones__5c4f6abe76e52\" class=\"bk-zone column columns-two-right\" data-uniqueid=\"0J90poG8uFMieFy\" data-parentuniqueid=\"RLme5fnmTU49GiJ\">\n<div id=\"page-zones__main-widgets__5c4f6abdbf6be-zones__5c4f6abe76e52-widgets__5c4f6abfe2804\" class=\"image widget js-widget\" data-name=\"image\" data-uniqueid=\"OiqdP2bdN105VXI\" data-parentuniqueid=\"0J90poG8uFMieFy\"><a class=\"widget-align-left js-pswp-image-trigger\" title=\"\" href=\"http:\/\/spradzanowo.pl\/sport\/none\" target=\"none\" rel=\"noopener\"><span class=\"image-img\"><img decoding=\"async\" class=\"image js-pswp-image\" title=\"\" src=\"http:\/\/files.clickweb.home.pl\/c1\/79\/c1794104-b4ba-4f80-a512-672c97d684d9.jpg\" alt=\"\" width=\"1600\" data-filename=\"IMG-20190127-WA0017.jpg\" data-filesize=\"\" data-path=\"\/\/files.clickweb.home.pl\/c1\/79\/c1794104-b4ba-4f80-a512-672c97d684d9.jpg\" \/><\/span><\/a><\/div>\n<\/section>\n<\/div>\n<div id=\"page-zones__main-widgets__5c4f6b138c8ea\" class=\"responsivecolumns widget js-widget\" data-name=\"responsivecolumns\" data-uniqueid=\"wM8C9sMuogQq7b8\" data-parentuniqueid=\"wA0HnAmbpmGOSGF\">\n<section id=\"page-zones__main-widgets__5c4f6b138c8ea-zones__5c4f6b14393ad\" class=\"bk-zone column columns-four-first\" data-uniqueid=\"CVbjJ0QTT2cSqeG\" data-parentuniqueid=\"wM8C9sMuogQq7b8\">\n<div id=\"page-zones__main-widgets__5c4f6b138c8ea-zones__5c4f6b14393ad-widgets__5c4f6b145231e\" class=\"image widget js-widget\" data-name=\"image\" data-uniqueid=\"c9UA19I7juRIiaq\" data-parentuniqueid=\"CVbjJ0QTT2cSqeG\"><a class=\"widget-align-left js-pswp-image-trigger\" title=\"\" href=\"http:\/\/spradzanowo.pl\/sport\/none\" target=\"none\" rel=\"noopener\"><span class=\"image-img\"><img decoding=\"async\" class=\"image js-pswp-image\" title=\"\" src=\"http:\/\/files.clickweb.home.pl\/56\/87\/568703f1-adb5-4c47-9040-108863ca46b6.jpg\" alt=\"\" width=\"1600\" data-filename=\"IMG-20190127-WA0001.jpg\" data-filesize=\"\" data-path=\"\/\/files.clickweb.home.pl\/56\/87\/568703f1-adb5-4c47-9040-108863ca46b6.jpg\" \/><\/span><\/a><\/div>\n<\/section>\n<section id=\"page-zones__main-widgets__5c4f6b138c8ea-zones__5c4f6b1443981\" class=\"bk-zone column columns-four-second\" data-uniqueid=\"9DwovBJbqUFGpYq\" data-parentuniqueid=\"wM8C9sMuogQq7b8\">\n<div id=\"page-zones__main-widgets__5c4f6b138c8ea-zones__5c4f6b1443981-widgets__5c4f6b157e380\" class=\"image widget js-widget\" data-name=\"image\" data-uniqueid=\"RFI9KvmWr7vj0c2\" data-parentuniqueid=\"9DwovBJbqUFGpYq\"><a class=\"widget-align-left js-pswp-image-trigger\" title=\"\" href=\"http:\/\/spradzanowo.pl\/sport\/none\" target=\"none\" rel=\"noopener\"><span class=\"image-img\"><img decoding=\"async\" class=\"image js-pswp-image\" title=\"\" src=\"http:\/\/files.clickweb.home.pl\/f8\/15\/f815cf66-b1e0-4026-9b4d-5ba203b1a267.jpg\" alt=\"\" width=\"1600\" data-filename=\"IMG-20190127-WA0000.jpg\" data-filesize=\"\" data-path=\"\/\/files.clickweb.home.pl\/f8\/15\/f815cf66-b1e0-4026-9b4d-5ba203b1a267.jpg\" \/><\/span><\/a><\/div>\n<\/section>\n<section id=\"page-zones__main-widgets__5c4f6b138c8ea-zones__5c4f6b20d7b77\" class=\"bk-zone column columns-four-third\" data-uniqueid=\"pSf6HoSplpceAAM\" data-parentuniqueid=\"wM8C9sMuogQq7b8\">\n<div id=\"page-zones__main-widgets__5c4f6b138c8ea-zones__5c4f6b20d7b77-widgets__5c4f6b20f0f7a\" class=\"image widget js-widget\" data-name=\"image\" data-uniqueid=\"1PcBpbLjLWxsnTR\" data-parentuniqueid=\"pSf6HoSplpceAAM\"><a class=\"widget-align-left js-pswp-image-trigger\" title=\"\" href=\"http:\/\/spradzanowo.pl\/sport\/none\" target=\"none\" rel=\"noopener\"><span class=\"image-img\"><img decoding=\"async\" class=\"image js-pswp-image\" title=\"\" src=\"http:\/\/files.clickweb.home.pl\/70\/8b\/708ba2a7-92e4-42b5-a72d-5069656c08a6.jpg\" alt=\"\" width=\"1600\" data-filename=\"IMG-20190127-WA0002.jpg\" data-filesize=\"\" data-path=\"\/\/files.clickweb.home.pl\/70\/8b\/708ba2a7-92e4-42b5-a72d-5069656c08a6.jpg\" \/><\/span><\/a><\/div>\n<\/section>\n<section id=\"page-zones__main-widgets__5c4f6b138c8ea-zones__5c4f6b2f04183\" class=\"bk-zone column columns-four-fourth\" data-uniqueid=\"tDrmKQtkgjurgEi\" data-parentuniqueid=\"wM8C9sMuogQq7b8\">\n<div id=\"page-zones__main-widgets__5c4f6b138c8ea-zones__5c4f6b2f04183-widgets__5c4f6b2f1d429\" class=\"image widget js-widget\" data-name=\"image\" data-uniqueid=\"ktaEWfI9kUpUw1L\" data-parentuniqueid=\"tDrmKQtkgjurgEi\"><a class=\"widget-align-left js-pswp-image-trigger\" title=\"\" href=\"http:\/\/spradzanowo.pl\/sport\/none\" target=\"none\" rel=\"noopener\"><span class=\"image-img\"><img decoding=\"async\" class=\"image js-pswp-image\" title=\"\" src=\"http:\/\/files.clickweb.home.pl\/0e\/5a\/0e5a506f-4545-4a27-81f0-cac81e2faf2a.jpg\" alt=\"\" width=\"1599\" data-filename=\"IMG-20190127-WA0008.jpg\" data-filesize=\"\" data-path=\"\/\/files.clickweb.home.pl\/0e\/5a\/0e5a506f-4545-4a27-81f0-cac81e2faf2a.jpg\" \/><\/span><\/a><\/div>\n<\/section>\n<\/div>\n<div id=\"page-zones__main-widgets__5c4f6b64969d2\" class=\"responsivecolumns widget js-widget\" data-name=\"responsivecolumns\" data-uniqueid=\"PWpcLRx2k4FGbqH\" data-parentuniqueid=\"wA0HnAmbpmGOSGF\">\n<section id=\"page-zones__main-widgets__5c4f6b64969d2-zones__5c4f6b655a99f\" class=\"bk-zone column columns-four-first\" data-uniqueid=\"l7TkxGOTFx4Wuz8\" data-parentuniqueid=\"PWpcLRx2k4FGbqH\">\n<div id=\"page-zones__main-widgets__5c4f6b64969d2-zones__5c4f6b655a99f-widgets__5c4f6bb8e5a59\" class=\"image widget js-widget\" data-name=\"image\" data-uniqueid=\"lATSfWBVoYzVQ4n\" data-parentuniqueid=\"l7TkxGOTFx4Wuz8\"><a class=\"widget-align-left js-pswp-image-trigger\" title=\"\" href=\"http:\/\/spradzanowo.pl\/sport\/none\" target=\"none\" rel=\"noopener\"><span class=\"image-img\"><img decoding=\"async\" class=\"image js-pswp-image\" title=\"\" src=\"http:\/\/files.clickweb.home.pl\/03\/de\/03debdc2-df03-4f11-a80a-8005b984be82.jpg\" alt=\"\" width=\"1600\" data-filename=\"IMG-20190127-WA0018.jpg\" data-filesize=\"\" data-path=\"\/\/files.clickweb.home.pl\/03\/de\/03debdc2-df03-4f11-a80a-8005b984be82.jpg\" \/><\/span><\/a><\/div>\n<\/section>\n<section id=\"page-zones__main-widgets__5c4f6b64969d2-zones__5c4f6b993d3d5\" class=\"bk-zone column columns-four-second\" data-uniqueid=\"nKEoAILrHIEHptZ\" data-parentuniqueid=\"PWpcLRx2k4FGbqH\">\n<div id=\"page-zones__main-widgets__5c4f6b64969d2-zones__5c4f6b993d3d5-widgets__5c4f6b99596bf\" class=\"image widget js-widget\" data-name=\"image\" data-uniqueid=\"tOJhpmTNerJWvow\" data-parentuniqueid=\"nKEoAILrHIEHptZ\"><a class=\"widget-align-left js-pswp-image-trigger\" title=\"\" href=\"http:\/\/spradzanowo.pl\/sport\/none\" target=\"none\" rel=\"noopener\"><span class=\"image-img\"><img decoding=\"async\" class=\"image js-pswp-image\" title=\"\" src=\"http:\/\/files.clickweb.home.pl\/e9\/8a\/e98a507b-7db3-429f-8f41-591f01993cfa.jpg\" alt=\"\" width=\"1600\" data-filename=\"IMG-20190127-WA0014.jpg\" data-filesize=\"\" data-path=\"\/\/files.clickweb.home.pl\/e9\/8a\/e98a507b-7db3-429f-8f41-591f01993cfa.jpg\" \/><\/span><\/a><\/div>\n<\/section>\n<section id=\"page-zones__main-widgets__5c4f6b64969d2-zones__5c4f6bc1771ca\" class=\"bk-zone column columns-four-third\" data-uniqueid=\"RdBwjBtNqXKWwTW\" data-parentuniqueid=\"PWpcLRx2k4FGbqH\">\n<div id=\"page-zones__main-widgets__5c4f6b64969d2-zones__5c4f6bc1771ca-widgets__5c4f6bc19b612\" class=\"image widget js-widget\" data-name=\"image\" data-uniqueid=\"8xPaJVo4qPNr5Ad\" data-parentuniqueid=\"RdBwjBtNqXKWwTW\"><a class=\"widget-align-left js-pswp-image-trigger\" title=\"\" href=\"http:\/\/spradzanowo.pl\/sport\/none\" target=\"none\" rel=\"noopener\"><span class=\"image-img\"><img decoding=\"async\" class=\"image js-pswp-image\" title=\"\" src=\"http:\/\/files.clickweb.home.pl\/a8\/eb\/a8eb8184-e791-40a2-94ca-7c113e326ef3.jpg\" alt=\"\" width=\"1599\" data-filename=\"IMG-20190127-WA0009.jpg\" data-filesize=\"\" data-path=\"\/\/files.clickweb.home.pl\/a8\/eb\/a8eb8184-e791-40a2-94ca-7c113e326ef3.jpg\" \/><\/span><\/a><\/div>\n<\/section>\n<section id=\"page-zones__main-widgets__5c4f6b64969d2-zones__5c4f6b7ce175f\" class=\"bk-zone column columns-four-fourth\" data-uniqueid=\"rVzcsqLSkeIiRYC\" data-parentuniqueid=\"PWpcLRx2k4FGbqH\">\n<div id=\"page-zones__main-widgets__5c4f6b64969d2-zones__5c4f6b7ce175f-widgets__5c4f6b7d02e78\" class=\"image widget js-widget\" data-name=\"image\" data-uniqueid=\"UTUZHcu3PjaDACx\" data-parentuniqueid=\"rVzcsqLSkeIiRYC\"><a class=\"widget-align-left js-pswp-image-trigger\" title=\"\" href=\"http:\/\/spradzanowo.pl\/sport\/none\" target=\"none\" rel=\"noopener\"><span class=\"image-img\"><img decoding=\"async\" class=\"image js-pswp-image\" title=\"\" src=\"http:\/\/files.clickweb.home.pl\/8b\/07\/8b07c3e4-8669-4cae-9f6d-63f0d71535d6.jpg\" alt=\"\" width=\"1600\" data-filename=\"IMG-20190127-WA0020.jpg\" data-filesize=\"\" data-path=\"\/\/files.clickweb.home.pl\/8b\/07\/8b07c3e4-8669-4cae-9f6d-63f0d71535d6.jpg\" \/><\/span><\/a><\/div>\n<\/section>\n<\/div>\n<div id=\"page-zones__main-widgets__5c4f699007897\" class=\"line widget js-widget\" data-name=\"line\" data-uniqueid=\"FrkgRzirFcbE9dV\" data-parentuniqueid=\"wA0HnAmbpmGOSGF\">\n<hr class=\"line\" \/>\n<\/div>\n<div id=\"page-zones__main-widgets__5c4f772517576\" class=\"responsivecolumns widget js-widget\" data-name=\"responsivecolumns\" data-uniqueid=\"ThA3yzAlcZzz97W\" data-parentuniqueid=\"wA0HnAmbpmGOSGF\">\n<section id=\"page-zones__main-widgets__5c4f772517576-zones__5c4f7725c278e\" class=\"bk-zone column columns-two-left\" data-uniqueid=\"iMQBBI7gbTO92Jp\" data-parentuniqueid=\"ThA3yzAlcZzz97W\">\n<div id=\"page-zones__main-widgets__5c4f772517576-zones__5c4f7725c278e-widgets__5c4f7725db316\" class=\"content widget js-widget\" data-name=\"content\" data-uniqueid=\"TvcCLL8Akmi6dbn\" data-parentuniqueid=\"iMQBBI7gbTO92Jp\">\n<div class=\"bk-content-text js-text-content   wysihtml-editor-content\">\n<p>&nbsp;<\/p>\n<p><b>24.01.2019r. Powiatowy Turniej Unihokeja Dziewcz\u0105t i Ch\u0142opc\u00f3w w ramach MIMS<\/b><\/p>\n<p>\u2003 Nasze szkolne progi go\u015bci\u0142y na hali sportowej reprezentacje szk\u00f3\u0142 z powiatu p\u0142ockiego, kt\u00f3re rywalizowa\u0142y w ramach MIMS w unihokeju ch\u0142opc\u00f3w. Reprezentacja naszej szko\u0142y zwyci\u0119\u017cy\u0142a w klasyfikacji ko\u0144cowej turnieju. \u017byczymy powodzenia na poziomie miedzypowiatowym.<\/p>\n<p><span class=\"wysiwyg-font-size-small\">Klasyfikacja turnieju: 1. SP Radzanowo, 2. Gimnazjum Nowe Miszewo, 3. SP Dunin\u00f3w, 4. SP Proboszczewice, 5. SP S\u0142ubice, 6. SP Ciachcin<\/span><\/p>\n<p>&nbsp;<\/p>\n<\/div>\n<\/div>\n<\/section>\n<section id=\"page-zones__main-widgets__5c4f772517576-zones__5c4f7725cce3e\" class=\"bk-zone column columns-two-right\" data-uniqueid=\"CzFs4Aed5nYLTb3\" data-parentuniqueid=\"ThA3yzAlcZzz97W\">\n<div id=\"page-zones__main-widgets__5c4f772517576-zones__5c4f7725cce3e-widgets__5c4f772714046\" class=\"image widget js-widget\" data-name=\"image\" data-uniqueid=\"uXIktA6yH6LXqsv\" data-parentuniqueid=\"CzFs4Aed5nYLTb3\"><a class=\"widget-align-left js-pswp-image-trigger\" title=\"\" href=\"http:\/\/spradzanowo.pl\/sport\/none\" target=\"none\" rel=\"noopener\"><span class=\"image-img\"><img decoding=\"async\" class=\"image js-pswp-image\" title=\"\" src=\"http:\/\/files.clickweb.home.pl\/72\/08\/7208c431-6190-44a9-a499-5a53e3c1258e.jpg\" alt=\"\" width=\"960\" data-filename=\"ch\u0142 24.01.19r.jpg\" data-filesize=\"\" data-path=\"\/\/files.clickweb.home.pl\/72\/08\/7208c431-6190-44a9-a499-5a53e3c1258e.jpg\" \/><\/span><\/a><\/div>\n<div id=\"page-zones__main-widgets__5c4f772517576-zones__5c4f7725cce3e-widgets__5c4f778b1f190\" class=\"content widget js-widget\" data-name=\"content\" data-uniqueid=\"9dqoeFbzkiG40cu\" data-parentuniqueid=\"CzFs4Aed5nYLTb3\">\n<div class=\"bk-content-text js-text-content   wysihtml-editor-content\">\n<p>Wi\u0119cej zdj\u0119\u0107 na\u00a0<a href=\"https:\/\/www.facebook.com\/permalink.php?story_fbid=1209020672582594&amp;id=1004678953016768&amp;__xts__[0]=68.ARAss2fp0ncnp4z-iO2BBxfJl5P5EfoNyORbahrd0Fx-KHgtJx_6ySNFVySgkKHTaqPmjGXf3i2pH9alqzBycjb9Yx68wtq0KN2JwG5Ud5InUJRqU8yKSgJDCzxmajvYy3JBgzsXmGRmPv4UMGeZf_W-vioI1jXdfoAJg7_lVtZ0Cq-UJaG5UQwIeuBCzEa-gC9upWtG8yR8N0huhPUekR9X7Pzz7pb6byZt7RSH9HxHlHfJmUXWXLv1E5F2DzCFGrBkpJlZbeMfyc2MbplhPrt9u9HOsGneWZGJKU5aUKgTj9_blz4voL8T1FkVmvf1Nnz_sEMGGE2gKatPoUAJsCpht_GK&amp;__tn__=-UC-R\" target=\"_self\" rel=\"noopener\">Facebooku<\/a><\/p>\n<\/div>\n<\/div>\n<\/section>\n<\/div>\n<div id=\"page-zones__main-widgets__5c4f75e96c14b\" class=\"line widget js-widget\" data-name=\"line\" data-uniqueid=\"fhIDED7AUpsg611\" data-parentuniqueid=\"wA0HnAmbpmGOSGF\">\n<hr class=\"line\" \/>\n<\/div>\n<div id=\"page-zones__main-widgets__5c49f6ba912b6\" class=\"content widget js-widget\" data-name=\"content\" data-uniqueid=\"q3oCN2Eu1GaolMz\" data-parentuniqueid=\"wA0HnAmbpmGOSGF\">\n<div class=\"bk-content-text js-text-content   wysihtml-editor-content\">\n<p>&nbsp;<\/p>\n<p><b>24.01.2019r. Rejonowy Turniej halowej pi\u0142ki no\u017cnej Dziewcz\u0105t\u00a0 i Ch\u0142opc\u00f3w w ramach MIMS<\/b><\/p>\n<p>\u2003Uczniowie naszej szko\u0142y uczestniczyli w rozgrywkach rejonowych halowej pi\u0142ki no\u017cnej, kt\u00f3re odby\u0142y si\u0119 w Wyszogrodzie. Dru\u017cyna\u00a0<b>dziewcz\u0105t zdoby\u0142a I miejsce<\/b>, dru\u017cyna\u00a0<b>ch\u0142opc\u00f3w III miejsce<\/b>.\u00a0<span class=\"wysiwyg-font-size-smaller\"><i>Dziewcz\u0119ta:\u00a0<\/i>O.Florczak, N.Nowacka, J.B\u0105ba\u0142a, K.Sepio\u0142a, K.Przybysz, A.Banasiewicz, J.Macha\u0142a.\u00a0<i>Ch\u0142opcy:<\/i>\u00a0P.Majchrzak, K.Jod\u0142owski, H.K\u0119dzierski, M.Wi\u015bniewski, \u0141.Miko\u0142ajczyk, A.Woroniecki, F.Szyma\u0144ski, P.Kruk.<\/span><\/p>\n<p>&nbsp;<\/p>\n<\/div>\n<\/div>\n<div id=\"page-zones__main-widgets__5c49f6447eb07\" class=\"responsivecolumns widget js-widget\" data-name=\"responsivecolumns\" data-uniqueid=\"lriwVK6IcXG5Q40\" data-parentuniqueid=\"wA0HnAmbpmGOSGF\">\n<section id=\"page-zones__main-widgets__5c49f6447eb07-zones__5c49f6452fbda\" class=\"bk-zone column columns-two-left\" data-uniqueid=\"rIfvRCbIrHYIlsD\" data-parentuniqueid=\"lriwVK6IcXG5Q40\">\n<div id=\"page-zones__main-widgets__5c49f6447eb07-zones__5c49f6452fbda-widgets__5c49f646601b0\" class=\"image widget js-widget\" data-name=\"image\" data-uniqueid=\"dYx7sYvSM4ZchcB\" data-parentuniqueid=\"rIfvRCbIrHYIlsD\"><a class=\"widget-align-left js-pswp-image-trigger\" title=\"\" href=\"http:\/\/spradzanowo.pl\/sport\/none\" target=\"none\" rel=\"noopener\"><span class=\"image-img\"><img decoding=\"async\" class=\"image js-pswp-image\" title=\"\" src=\"http:\/\/files.clickweb.home.pl\/87\/bf\/87bffe46-9984-46f9-b205-7e56dfec26bd.jpg\" alt=\"\" width=\"960\" data-filename=\"mms_img171515658.jpg\" data-filesize=\"\" data-path=\"\/\/files.clickweb.home.pl\/87\/bf\/87bffe46-9984-46f9-b205-7e56dfec26bd.jpg\" \/><\/span><\/a><\/div>\n<\/section>\n<section id=\"page-zones__main-widgets__5c49f6447eb07-zones__5c49f64539f8d\" class=\"bk-zone column columns-two-right\" data-uniqueid=\"H6r8BodvpDlus49\" data-parentuniqueid=\"lriwVK6IcXG5Q40\">\n<div id=\"page-zones__main-widgets__5c49f6447eb07-zones__5c49f64539f8d-widgets__5c49f6454b09d\" class=\"image widget js-widget\" data-name=\"image\" data-uniqueid=\"vOrFoXgYb2L9grp\" data-parentuniqueid=\"H6r8BodvpDlus49\"><a class=\"widget-align-left js-pswp-image-trigger\" title=\"\" href=\"http:\/\/spradzanowo.pl\/sport\/none\" target=\"none\" rel=\"noopener\"><span class=\"image-img\"><img decoding=\"async\" class=\"image js-pswp-image\" title=\"\" src=\"http:\/\/files.clickweb.home.pl\/9f\/3f\/9f3f341e-47df-4478-b952-958b13a94117.jpg\" alt=\"\" width=\"960\" data-filename=\"mms_img-30164114.jpg\" data-filesize=\"\" data-path=\"\/\/files.clickweb.home.pl\/9f\/3f\/9f3f341e-47df-4478-b952-958b13a94117.jpg\" \/><\/span><\/a><\/div>\n<\/section>\n<\/div>\n<div id=\"page-zones__main-widgets__5c49f63f666c4\" class=\"line widget js-widget\" data-name=\"line\" data-uniqueid=\"Uvxzwn162OVpx2q\" data-parentuniqueid=\"wA0HnAmbpmGOSGF\">\n<hr class=\"line\" \/>\n<\/div>\n<div id=\"page-zones__main-widgets__5c48ab26330b3\" class=\"responsivecolumns widget js-widget\" data-name=\"responsivecolumns\" data-uniqueid=\"Rm5Sr4eISRHKH7m\" data-parentuniqueid=\"wA0HnAmbpmGOSGF\">\n<section id=\"page-zones__main-widgets__5c48ab26330b3-zones__5c48ab26b7e0d\" class=\"bk-zone column columns-two-left\" data-uniqueid=\"N9liuo2Ez6gPdjW\" data-parentuniqueid=\"Rm5Sr4eISRHKH7m\">\n<div id=\"page-zones__main-widgets__5c48ab26330b3-zones__5c48ab26b7e0d-widgets__5c48ab26ce120\" class=\"content widget js-widget\" data-name=\"content\" data-uniqueid=\"8ouN3sZz3UHR5il\" data-parentuniqueid=\"N9liuo2Ez6gPdjW\">\n<div class=\"bk-content-text js-text-content   wysihtml-editor-content\">\n<p>&nbsp;<\/p>\n<p><b>22.01.2019r. Powiatowy Turniej Unihokeja Dziewcz\u0105t w ramach MIMS na naszej hali sportowej<\/b>\u2003<\/p>\n<p>\u2003Nasza szko\u0142a by\u0142a gospodarzem Turnieju Powiatowego w unihokeju dziewcz\u0105t w kategorii wiekowej powy\u017cej 13 lat &#8211; uczennice klas VII &#8211; VIII i III klas gimnazjum. Nasze reprezentantki zaj\u0119\u0142y\u00a0<b>II miejsce\u00a0<\/b>rywalizuj\u0105c z zawodniczkami ze szk\u00f3\u0142 SP Nowe Miszewo (wynik 1:1), Gimnazjum z G\u0105bina (zwyci\u0119stwo 4:0), SP S\u0142ubice (wygrana 3:0), i remisuj\u0105c 1:1 z SP Stare Proboszczewice. Walka by\u0142a bardzo zaci\u0119ta &#8211; o rozstrzygni\u0119ciu, kto zajmie I miejsce, zadecydowa\u0142a jedna bramka. Klasyfikacja turnieju: 1. SP Nowe Miszewo,\u00a0<b>2. SP Radzanowo<\/b>, 3. SP S\u0142ubice,4. SP Stare Proboszczewice, 5. Gimnazjum G\u0105bin<\/p>\n<p>&nbsp;<\/p>\n<p>&nbsp;<\/p>\n<\/div>\n<\/div>\n<\/section>\n<section id=\"page-zones__main-widgets__5c48ab26330b3-zones__5c48ab26c0f88\" class=\"bk-zone column columns-two-right\" data-uniqueid=\"FaJdBtUdxcMjT02\" data-parentuniqueid=\"Rm5Sr4eISRHKH7m\">\n<div id=\"page-zones__main-widgets__5c48ab26330b3-zones__5c48ab26c0f88-widgets__5c48ab27ca111\" class=\"image widget js-widget\" data-name=\"image\" data-uniqueid=\"JezjhZ8pRbSr4Ny\" data-parentuniqueid=\"FaJdBtUdxcMjT02\"><a class=\"widget-align-left js-pswp-image-trigger\" title=\"\" href=\"http:\/\/spradzanowo.pl\/sport\/none\" target=\"none\" rel=\"noopener\"><span class=\"image-img\"><img decoding=\"async\" class=\"image js-pswp-image\" title=\"\" src=\"http:\/\/files.clickweb.home.pl\/ea\/cf\/eacfa101-7b9f-4f6f-b719-49b8fe153681.jpg\" alt=\"\" width=\"614\" data-filename=\"unih 23.01.19r..jpg\" data-filesize=\"\" data-path=\"\/\/files.clickweb.home.pl\/ea\/cf\/eacfa101-7b9f-4f6f-b719-49b8fe153681.jpg\" \/><\/span><\/a><\/div>\n<\/section>\n<\/div>\n<div id=\"page-zones__main-widgets__5c48aa6c8f8c8\" class=\"line widget js-widget\" data-name=\"line\" data-uniqueid=\"vEnVSCm2lTjfDbY\" data-parentuniqueid=\"wA0HnAmbpmGOSGF\">\n<hr class=\"line\" \/>\n<\/div>\n<div id=\"page-zones__main-widgets__5c40c3108eb1c\" class=\"responsivecolumns widget js-widget\" data-name=\"responsivecolumns\" data-uniqueid=\"jrIk6QB79uXnIi7\" data-parentuniqueid=\"wA0HnAmbpmGOSGF\">\n<section id=\"page-zones__main-widgets__5c40c3108eb1c-zones__5c40c3114b20d\" class=\"bk-zone column columns-two-left\" data-uniqueid=\"CSwng3zA0iJ2Wen\" data-parentuniqueid=\"jrIk6QB79uXnIi7\">\n<div id=\"page-zones__main-widgets__5c40c3108eb1c-zones__5c40c3114b20d-widgets__5c40c3116a453\" class=\"content widget js-widget\" data-name=\"content\" data-uniqueid=\"GQDyB7fdtJGuhFa\" data-parentuniqueid=\"CSwng3zA0iJ2Wen\">\n<div class=\"bk-content-text js-text-content   wysihtml-editor-content\">\n<p>&nbsp;<\/p>\n<p><b>17.01.2019r. Powiatowy Turniej Unihokeja Ch\u0142opc\u00f3w w ramach MIMS na naszej hali sportowej<br \/><\/b><\/p>\n<p>\u2003 W Radzanowie podczas powiatowych zawod\u00f3w w unihokeju ch\u0142opc\u00f3w do lat 13 uczestniczy\u0142y reprezentacje pi\u0119ciu szk\u00f3\u0142 powiatu p\u0142ockiego. Wyniki rywalizacji sportowej: I miejsce &#8211; S\u0142ubice, II miejsce &#8211; Stare Proboszczewice, III miejsce &#8211; Nowe Miszewo,\u00a0<b>*IV miejsce &#8211; Radzanowo*\u00a0<\/b>, V miejsce &#8211; Nowy Dunin\u00f3w.<\/p>\n<p>&nbsp;<\/p>\n<\/div>\n<\/div>\n<\/section>\n<section id=\"page-zones__main-widgets__5c40c3108eb1c-zones__5c40c3115524c\" class=\"bk-zone column columns-two-right\" data-uniqueid=\"mv9inazlfQNYA7R\" data-parentuniqueid=\"jrIk6QB79uXnIi7\">\n<div id=\"page-zones__main-widgets__5c40c3108eb1c-zones__5c40c3115524c-widgets__5c40c3128491f\" class=\"image widget js-widget\" data-name=\"image\" data-uniqueid=\"fQIrSHCBVbkFBEg\" data-parentuniqueid=\"mv9inazlfQNYA7R\"><a class=\"widget-align-left js-pswp-image-trigger\" title=\"\" href=\"http:\/\/spradzanowo.pl\/sport\/none\" target=\"none\" rel=\"noopener\"><span class=\"image-img\"><img decoding=\"async\" class=\"image js-pswp-image\" title=\"\" src=\"http:\/\/files.clickweb.home.pl\/a9\/f5\/a9f5d738-de56-4528-b3bf-c698a544202a.jpg\" alt=\"\" width=\"1600\" data-filename=\"IMG-20190117-WA0011.jpg\" data-filesize=\"\" data-path=\"\/\/files.clickweb.home.pl\/a9\/f5\/a9f5d738-de56-4528-b3bf-c698a544202a.jpg\" \/><\/span><\/a><\/div>\n<\/section>\n<\/div>\n<div id=\"page-zones__main-widgets__5c40c3236f2b7\" class=\"responsivecolumns widget js-widget\" data-name=\"responsivecolumns\" data-uniqueid=\"0cu47GGoC0kCdjm\" data-parentuniqueid=\"wA0HnAmbpmGOSGF\">\n<section id=\"page-zones__main-widgets__5c40c3236f2b7-zones__5c40c33ce479d\" class=\"bk-zone column columns-three-left\" data-uniqueid=\"YbEM9lqsX06EHQT\" data-parentuniqueid=\"0cu47GGoC0kCdjm\">\n<div id=\"page-zones__main-widgets__5c40c3236f2b7-zones__5c40c33ce479d-widgets__5c40c33d1663d\" class=\"image widget js-widget\" data-name=\"image\" data-uniqueid=\"zcyf3JjzL6DqR01\" data-parentuniqueid=\"YbEM9lqsX06EHQT\"><a class=\"widget-align-left js-pswp-image-trigger\" title=\"\" href=\"http:\/\/spradzanowo.pl\/sport\/none\" target=\"none\" rel=\"noopener\"><span class=\"image-img\"><img decoding=\"async\" class=\"image js-pswp-image\" title=\"\" src=\"http:\/\/files.clickweb.home.pl\/e6\/1b\/e61b79fd-2be5-4cc6-ac5e-936241b57dca.jpg\" alt=\"\" width=\"1599\" data-filename=\"IMG-20190117-WA0026.jpg\" data-filesize=\"\" data-path=\"\/\/files.clickweb.home.pl\/e6\/1b\/e61b79fd-2be5-4cc6-ac5e-936241b57dca.jpg\" \/><\/span><\/a><\/div>\n<\/section>\n<section id=\"page-zones__main-widgets__5c40c3236f2b7-zones__5c40c32421e55\" class=\"bk-zone column columns-three-middle\" data-uniqueid=\"60zJTxrD1MJK7nY\" data-parentuniqueid=\"0cu47GGoC0kCdjm\">\n<div id=\"page-zones__main-widgets__5c40c3236f2b7-zones__5c40c32421e55-widgets__5c40c324394b5\" class=\"image widget js-widget\" data-name=\"image\" data-uniqueid=\"kwpR0X6RnuNUkjQ\" data-parentuniqueid=\"60zJTxrD1MJK7nY\"><a class=\"widget-align-left js-pswp-image-trigger\" title=\"\" href=\"http:\/\/spradzanowo.pl\/sport\/none\" target=\"none\" rel=\"noopener\"><span class=\"image-img\"><img decoding=\"async\" class=\"image js-pswp-image\" title=\"\" src=\"http:\/\/files.clickweb.home.pl\/88\/bf\/88bfcde8-f723-4118-b9ba-780c697c2491.jpg\" alt=\"\" width=\"1600\" data-filename=\"IMG-20190117-WA0022.jpg\" data-filesize=\"\" data-path=\"\/\/files.clickweb.home.pl\/88\/bf\/88bfcde8-f723-4118-b9ba-780c697c2491.jpg\" \/><\/span><\/a><\/div>\n<\/section>\n<section id=\"page-zones__main-widgets__5c40c3236f2b7-zones__5c40c3242bd45\" class=\"bk-zone column columns-three-right\" data-uniqueid=\"M1T6Lbl8YcSdNHh\" data-parentuniqueid=\"0cu47GGoC0kCdjm\">\n<div id=\"page-zones__main-widgets__5c40c3236f2b7-zones__5c40c3242bd45-widgets__5c40c32551cab\" class=\"image widget js-widget\" data-name=\"image\" data-uniqueid=\"5uUjCfcsXBvim0Q\" data-parentuniqueid=\"M1T6Lbl8YcSdNHh\"><a class=\"widget-align-left js-pswp-image-trigger\" title=\"\" href=\"http:\/\/spradzanowo.pl\/sport\/none\" target=\"none\" rel=\"noopener\"><span class=\"image-img\"><img decoding=\"async\" class=\"image js-pswp-image\" title=\"\" src=\"http:\/\/files.clickweb.home.pl\/06\/a9\/06a9dfa9-d32e-46fe-96d6-f4c94d3ab0a0.jpg\" alt=\"\" width=\"1600\" data-filename=\"IMG-20190117-WA0009.jpg\" data-filesize=\"\" data-path=\"\/\/files.clickweb.home.pl\/06\/a9\/06a9dfa9-d32e-46fe-96d6-f4c94d3ab0a0.jpg\" \/><\/span><\/a><\/div>\n<\/section>\n<\/div>\n<div id=\"page-zones__main-widgets__5c40c039a461d\" class=\"line widget js-widget\" data-name=\"line\" data-uniqueid=\"fKdyirLK07g22AF\" data-parentuniqueid=\"wA0HnAmbpmGOSGF\">\n<hr class=\"line\" \/>\n<\/div>\n<div id=\"page-zones__main-widgets__5c3f9a8ad915f\" class=\"responsivecolumns widget js-widget\" data-name=\"responsivecolumns\" data-uniqueid=\"9Z5Fl7cKNZadvlU\" data-parentuniqueid=\"wA0HnAmbpmGOSGF\">\n<section id=\"page-zones__main-widgets__5c3f9a8ad915f-zones__5c3f9a8b88e89\" class=\"bk-zone column columns-two-left\" data-uniqueid=\"iWVr87WHIgLE6jn\" data-parentuniqueid=\"9Z5Fl7cKNZadvlU\">\n<div id=\"page-zones__main-widgets__5c3f9a8ad915f-zones__5c3f9a8b88e89-widgets__5c3f9a8ba0760\" class=\"content widget js-widget\" data-name=\"content\" data-uniqueid=\"HCpFmlFb0BIk05A\" data-parentuniqueid=\"iWVr87WHIgLE6jn\">\n<div class=\"bk-content-text js-text-content   wysihtml-editor-content\">\n<p>&nbsp;<\/p>\n<p><b>16.11.2019r. Mi\u0119dzypowiatowe zawody w tenisie sto\u0142owym<br \/><\/b><\/p>\n<p>\u2003\u00a0 W Gostyninie nasi reprezentanci\u00a0<b>Jakub Kosieli\u0144ski i Kacper Wachowski<\/b>\u00a0rywalizowali w rozgrywkach mi\u0119dzypowiatowych w ramach Mazowieckich Igrzysk M\u0142odzie\u017cy Szkolnej w tenisie sto\u0142owym zajmuj\u0105c IV miejsce. Gratulacje:)<\/p>\n<p>&nbsp;<\/p>\n<\/div>\n<\/div>\n<\/section>\n<section id=\"page-zones__main-widgets__5c3f9a8ad915f-zones__5c3f9a8b92389\" class=\"bk-zone column columns-two-right\" data-uniqueid=\"Ewujx4SYEpVLvXi\" data-parentuniqueid=\"9Z5Fl7cKNZadvlU\">\n<div id=\"page-zones__main-widgets__5c3f9a8ad915f-zones__5c3f9a8b92389-widgets__5c3f9a8c9682b\" class=\"image widget js-widget\" data-name=\"image\" data-uniqueid=\"uxVr6tanIWJb117\" data-parentuniqueid=\"Ewujx4SYEpVLvXi\"><a class=\"widget-align-left js-pswp-image-trigger\" title=\"\" href=\"http:\/\/spradzanowo.pl\/sport\/none\" target=\"none\" rel=\"noopener\"><span class=\"image-img\"><img decoding=\"async\" class=\"image js-pswp-image\" title=\"\" src=\"http:\/\/files.clickweb.home.pl\/21\/0d\/210d6b3a-dec3-4e21-ab74-3cedba411342.jpg\" alt=\"\" width=\"1200\" data-filename=\"1 Strona int 2018-10193.jpg\" data-filesize=\"\" data-path=\"\/\/files.clickweb.home.pl\/21\/0d\/210d6b3a-dec3-4e21-ab74-3cedba411342.jpg\" \/><\/span><\/a><\/div>\n<\/section>\n<\/div>\n<div id=\"page-zones__main-widgets__5c0eda871b42a\" class=\"line widget js-widget\" data-name=\"line\" data-uniqueid=\"3kSJeOqeLyBhVqc\" data-parentuniqueid=\"wA0HnAmbpmGOSGF\">\n<hr class=\"line\" \/>\n<\/div>\n<div id=\"page-zones__main-widgets__5c3e329840c30\" class=\"responsivecolumns widget js-widget\" data-name=\"responsivecolumns\" data-uniqueid=\"aCvLflFPBF6JGe0\" data-parentuniqueid=\"wA0HnAmbpmGOSGF\">\n<section id=\"page-zones__main-widgets__5c3e329840c30-zones__5c3e3298e21b8\" class=\"bk-zone column columns-two-left\" data-uniqueid=\"f5iBUhHtVIHt5Xz\" data-parentuniqueid=\"aCvLflFPBF6JGe0\">\n<div id=\"page-zones__main-widgets__5c3e329840c30-zones__5c3e3298e21b8-widgets__5c3e3299066b1\" class=\"content widget js-widget\" data-name=\"content\" data-uniqueid=\"J02Cf0qBuJk8qQw\" data-parentuniqueid=\"f5iBUhHtVIHt5Xz\">\n<div class=\"bk-content-text js-text-content   wysihtml-editor-content\">\n<p>&nbsp;<\/p>\n<p><b>15.01.2019r. Powiatowy Turniej Unihokeja Dziewcz\u0105t w ramach MIMS\u00a0na naszej hali sportowej<br \/><\/b><\/p>\n<p>\u2003 W Radzanowie podczas powiatowych zawod\u00f3w w unihokeju dziewcz\u0105t do lat 13 uczestniczy\u0142y reprezentacje szk\u00f3\u0142 pi\u0119ciu szk\u00f3\u0142 powiatu p\u0142ockiego.Wyniki rywalizacji sportowej: I miejsce &#8211; SP Stare Proboszczewice,\u00a0<b>II miejsce &#8211; Radzanowo<\/b>, III miejsce &#8211; S\u0142ubice, IV miejsce &#8211; Nowe Miszewo, V miejsce &#8211; Nowy Dunin\u00f3w. Gratulujemy zwyci\u0119\u017cczyniom i\u00a0<b>trzymamy kciuki za nasze dziewcz\u0119ta<\/b>\u00a0w zawodach mi\u0119dzypowiatowych:)<\/p>\n<p>&nbsp;<\/p>\n<\/div>\n<\/div>\n<\/section>\n<section id=\"page-zones__main-widgets__5c3e329840c30-zones__5c3e3298eced5\" class=\"bk-zone column columns-two-right\" data-uniqueid=\"jf9dIOr2kBKtCfq\" data-parentuniqueid=\"aCvLflFPBF6JGe0\">\n<div id=\"page-zones__main-widgets__5c3e329840c30-zones__5c3e3298eced5-widgets__5c3e329a28a6c\" class=\"image widget js-widget\" data-name=\"image\" data-uniqueid=\"7zYZ0Xw4ZNYiGmZ\" data-parentuniqueid=\"jf9dIOr2kBKtCfq\"><a class=\"widget-align-left js-pswp-image-trigger\" title=\"\" href=\"http:\/\/spradzanowo.pl\/sport\/none\" target=\"none\" rel=\"noopener\"><span class=\"image-img\"><img decoding=\"async\" class=\"image js-pswp-image\" title=\"\" src=\"http:\/\/files.clickweb.home.pl\/58\/4a\/584a6be7-bdf7-4076-b08d-510d6e869dec.jpg\" alt=\"\" width=\"1600\" data-filename=\"IMG-20190115-WA0001.jpg\" data-filesize=\"\" data-path=\"\/\/files.clickweb.home.pl\/58\/4a\/584a6be7-bdf7-4076-b08d-510d6e869dec.jpg\" \/><\/span><\/a><\/div>\n<\/section>\n<\/div>\n<div id=\"page-zones__main-widgets__5c3e337e5e00a\" class=\"responsiveslideshow widget js-widget\" data-name=\"responsiveslideshow\" data-uniqueid=\"iT7AiW0mKqkm6dS\" data-parentuniqueid=\"wA0HnAmbpmGOSGF\">\n<div class=\"slideshow-widget-wrapper\">\n<div class=\"slideshow-widget\">\n<div class=\"btns-move\"><span class=\"btn-prev js-btn-prev slide-ctrl js-slide-ctrl\" data-ref=\"9\">prev<\/span><span class=\"btn-next js-btn-next slide-ctrl js-slide-ctrl\" data-ref=\"1\">next<\/span><\/div>\n<ul class=\"slideshow-image-list\">\n<li class=\"js-responsiveslideshow-image-item slideshow-image-item current\" data-ref=\"5\">\n<div class=\"image-wrapper\"><img decoding=\"async\" class=\"slideshow-image js-responsiveslideshow-image\" src=\"http:\/\/files.clickweb.home.pl\/7e\/0c\/7e0c17a2-d757-4e05-9012-8c73f832eefd.jpg\" \/><\/div>\n<div class=\"content-wrapper\">\u00a0<\/div>\n<\/li>\n<\/ul>\n<\/div>\n<div class=\"slideshow-widget-controls\">\u00a0\u00a0\u00a0\u00a0\u00a0\u00a0\u00a0\u00a0\u00a0<\/div>\n<\/div>\n<\/div>\n<div id=\"page-zones__main-widgets__5c3e2f2e37de9\" class=\"line widget js-widget\" data-name=\"line\" data-uniqueid=\"c33FjZWlq6zhNOk\" data-parentuniqueid=\"wA0HnAmbpmGOSGF\">\n<hr class=\"line\" \/>\n<\/div>\n<div id=\"page-zones__main-widgets__5c18075904397\" class=\"responsivecolumns widget js-widget\" data-name=\"responsivecolumns\" data-uniqueid=\"OVktOi0A9QkNs06\" data-parentuniqueid=\"wA0HnAmbpmGOSGF\">\n<section id=\"page-zones__main-widgets__5c18075904397-zones__5c18075995e9f\" class=\"bk-zone column columns-two-left\" data-uniqueid=\"0rodw1ma2taK4Cw\" data-parentuniqueid=\"OVktOi0A9QkNs06\">\n<div id=\"page-zones__main-widgets__5c18075904397-zones__5c18075995e9f-widgets__5c180759ae1c4\" class=\"content widget js-widget\" data-name=\"content\" data-uniqueid=\"cHQvv7WsKL8shEq\" data-parentuniqueid=\"0rodw1ma2taK4Cw\">\n<div class=\"bk-content-text js-text-content   wysihtml-editor-content\">\n<p>&nbsp;<\/p>\n<p><b>17.12.2018r. III miejsce w powiecie w halowej pi\u0142ce no\u017cnej<br \/><\/b><\/p>\n<p>\u2003 W Bielsku podczas Powiatowego Turnieju Halowej Pi\u0142ki No\u017cnej nasza dru\u017cyna ch\u0142opc\u00f3w starszych zdoby\u0142a\u00a0<b>III miejsce.<\/b>\u00a0Zawody odby\u0142y si\u0119 w ramach Igrzysk M\u0142odzie\u017cy Szkolnej. W dru\u017cynie grali:<b>\u00a0Jakub Gawli\u0144ski, Adam \u0141awicki, Jakub Padzik, Norbert Zachandrewicz, Jakub Atlak, \u0141ukasz Jab\u0142o\u0144ski.\u00a0<\/b>Gratulujemy:)<b><br \/><\/b><\/p>\n<p>&nbsp;<\/p>\n<\/div>\n<\/div>\n<\/section>\n<section id=\"page-zones__main-widgets__5c18075904397-zones__5c180759a08db\" class=\"bk-zone column columns-two-right\" data-uniqueid=\"F4F7o69gussd2Ro\" data-parentuniqueid=\"OVktOi0A9QkNs06\">\n<div id=\"page-zones__main-widgets__5c18075904397-zones__5c180759a08db-widgets__5c18075a9289d\" class=\"image widget js-widget\" data-name=\"image\" data-uniqueid=\"Qau64ANcUvi8lYk\" data-parentuniqueid=\"F4F7o69gussd2Ro\"><a class=\"widget-align-left js-pswp-image-trigger\" title=\"\" href=\"http:\/\/spradzanowo.pl\/sport\/none\" target=\"none\" rel=\"noopener\"><span class=\"image-img\"><img decoding=\"async\" class=\"image js-pswp-image\" title=\"\" src=\"http:\/\/files.clickweb.home.pl\/86\/a7\/86a78c7d-46ea-47f8-8603-c6656c2f27f1.jpg\" alt=\"\" width=\"664\" data-filename=\"e5c41f25-15e9-4f97-aed8-0846d9423871.jpg\" data-filesize=\"\" data-path=\"\/\/files.clickweb.home.pl\/86\/a7\/86a78c7d-46ea-47f8-8603-c6656c2f27f1.jpg\" \/><\/span><\/a><\/div>\n<\/section>\n<\/div>\n<div id=\"page-zones__main-widgets__5c1802f82333d\" class=\"line widget js-widget\" data-name=\"line\" data-uniqueid=\"X8WQ3kRNSLWuJqr\" data-parentuniqueid=\"wA0HnAmbpmGOSGF\">\n<hr class=\"line\" \/>\n<\/div>\n<div id=\"page-zones__main-widgets__5c1804fb3395e\" class=\"responsivecolumns widget js-widget\" data-name=\"responsivecolumns\" data-uniqueid=\"2eJdThaIceoiXOT\" data-parentuniqueid=\"wA0HnAmbpmGOSGF\">\n<section id=\"page-zones__main-widgets__5c1804fb3395e-zones__5c1804fbc6c62\" class=\"bk-zone column columns-two-left\" data-uniqueid=\"ennUAgQXzNzcbYp\" data-parentuniqueid=\"2eJdThaIceoiXOT\">\n<div id=\"page-zones__main-widgets__5c1804fb3395e-zones__5c1804fbc6c62-widgets__5c1804fbde3b9\" class=\"content widget js-widget\" data-name=\"content\" data-uniqueid=\"ZeXaTPNYeJYgGNM\" data-parentuniqueid=\"ennUAgQXzNzcbYp\">\n<div class=\"bk-content-text js-text-content   wysihtml-editor-content\">\n<p>&nbsp;<\/p>\n<p><b>15-16.12.2018r. Pi\u0142ka r\u0119czna w Warszawie<br \/><\/b><\/p>\n<p>\u2003 Nasi najm\u0142odsi reprezentanci z rocznika 2008\/09 w ten weekend uczestniczyli w Og\u00f3lnopolskim Finale Fit Camp Handball Warszawa 2018. W imprezie wystartowa\u0142o oko\u0142o 60 dru\u017cyn z ca\u0142ej Polski, natomiast do \u015bcis\u0142ego fina\u0142u zakwalifikowa\u0142o si\u0119 16 ekip &#8211; w tym nasza reprezentacja. W samym finale zaj\u0119li\u015bmy\u00a0<b>12 miejsce<\/b>, natomiast indywidualnie nagrodzony zosta\u0142\u00a0<b>Marceli Gontarek za najlepszego gracza dru\u017cyny\u00a0<\/b>&#8211; gratulujemy i \u017cyczymy dalszych sukces\u00f3w \ud83d\ude42<\/p>\n<\/div>\n<\/div>\n<\/section>\n<section id=\"page-zones__main-widgets__5c1804fb3395e-zones__5c1804fbd0b40\" class=\"bk-zone column columns-two-right\" data-uniqueid=\"ttmk2gbNcgFw5Fw\" data-parentuniqueid=\"2eJdThaIceoiXOT\">\n<div id=\"page-zones__main-widgets__5c1804fb3395e-zones__5c1804fbd0b40-widgets__5c1804fccacdf\" class=\"image widget js-widget\" data-name=\"image\" data-uniqueid=\"fvErTG2HP2dewuE\" data-parentuniqueid=\"ttmk2gbNcgFw5Fw\"><a class=\"widget-align-left js-pswp-image-trigger\" title=\"\" href=\"http:\/\/spradzanowo.pl\/sport\/none\" target=\"none\" rel=\"noopener\"><span class=\"image-img\"><img decoding=\"async\" class=\"image js-pswp-image\" title=\"\" src=\"http:\/\/files.clickweb.home.pl\/2c\/7f\/2c7fd2e2-4168-458d-a48e-1bd5e9633ad5.jpg\" alt=\"\" width=\"5120\" data-filename=\"1 Strona int 2018-10192.jpg\" data-filesize=\"\" data-path=\"\/\/files.clickweb.home.pl\/4c\/bc\/4cbc0e42-386d-4698-afdc-cf78f8fd9b6d.jpg\" \/><\/span><\/a><\/div>\n<\/section>\n<\/div>\n<div id=\"page-zones__main-widgets__5c1802d1eaa73\" class=\"line widget js-widget\" data-name=\"line\" data-uniqueid=\"qm7WNbBO8GyabUo\" data-parentuniqueid=\"wA0HnAmbpmGOSGF\">\n<hr class=\"line\" \/>\n<\/div>\n<div id=\"page-zones__main-widgets__5c1804f181138\" class=\"responsivecolumns widget js-widget\" data-name=\"responsivecolumns\" data-uniqueid=\"f6CFK5JwLQstZ6p\" data-parentuniqueid=\"wA0HnAmbpmGOSGF\">\n<section id=\"page-zones__main-widgets__5c1804f181138-zones__5c1804f21d7bc\" class=\"bk-zone column columns-two-left\" data-uniqueid=\"Zw1K0bXDikE2BeC\" data-parentuniqueid=\"f6CFK5JwLQstZ6p\">\n<div id=\"page-zones__main-widgets__5c1804f181138-zones__5c1804f21d7bc-widgets__5c1804f234c47\" class=\"content widget js-widget\" data-name=\"content\" data-uniqueid=\"o7AlNDS7nsZ0dDY\" data-parentuniqueid=\"Zw1K0bXDikE2BeC\">\n<div class=\"bk-content-text js-text-content   wysihtml-editor-content\">\n<p>&nbsp;<\/p>\n<p><b>12.12.2018r. Sukcesy w pi\u0142ce r\u0119cznej<br \/><\/b><\/p>\n<p>\u2003Sportowcy z klas IV wzi\u0119\u0142y udzia\u0142 w Turnieju Pi\u0142ki R\u0119cznej w ramach P\u0142ockiej Akademii Pi\u0142ki R\u0119cznej, kt\u00f3re odby\u0142y si\u0119 w\u00a0 SP 16 w P\u0142ocku. W klasyfikacji ko\u0144cowej\u00a0<b>ch\u0142opcy zaj\u0119li IV miejsce,<\/b>\u00a0natomiast\u00a0<b>dziewcz\u0119ta<\/b>\u00a0<b>&#8211; II miejsce<\/b>. Gratulacje \ud83d\ude42<\/p>\n<\/div>\n<\/div>\n<\/section>\n<section id=\"page-zones__main-widgets__5c1804f181138-zones__5c1804f227c27\" class=\"bk-zone column columns-two-right\" data-uniqueid=\"hAp09rTA3cmifBQ\" data-parentuniqueid=\"f6CFK5JwLQstZ6p\">\n<div id=\"page-zones__main-widgets__5c1804f181138-zones__5c1804f227c27-widgets__5c1804f319856\" class=\"image widget js-widget\" data-name=\"image\" data-uniqueid=\"XBRMtdcIP4OHPkO\" data-parentuniqueid=\"hAp09rTA3cmifBQ\"><a class=\"widget-align-left js-pswp-image-trigger\" title=\"\" href=\"http:\/\/spradzanowo.pl\/sport\/none\" target=\"none\" rel=\"noopener\"><span class=\"image-img\"><img decoding=\"async\" class=\"image js-pswp-image\" title=\"\" src=\"http:\/\/files.clickweb.home.pl\/85\/50\/8550f761-7fb8-46c0-ace9-c8cda1912a80.jpg\" alt=\"\" width=\"960\" data-filename=\"12.12.2018 pi\u0142ka r\u0119czna kl4.jpg\" data-filesize=\"\" data-path=\"\/\/files.clickweb.home.pl\/85\/50\/8550f761-7fb8-46c0-ace9-c8cda1912a80.jpg\" \/><\/span><\/a><\/div>\n<\/section>\n<\/div>\n<div id=\"page-zones__main-widgets__5c1802c9c908e\" class=\"line widget js-widget\" data-name=\"line\" data-uniqueid=\"vVZC7l9TUYvfK2Y\" data-parentuniqueid=\"wA0HnAmbpmGOSGF\">\n<hr class=\"line\" \/>\n<\/div>\n<div id=\"page-zones__main-widgets__5c0eda963629c\" class=\"content widget js-widget\" data-name=\"content\" data-uniqueid=\"yhhvM3pjVsmG8tP\" data-parentuniqueid=\"wA0HnAmbpmGOSGF\">\n<div class=\"bk-content-text js-text-content   wysihtml-editor-content\">\n<p>&nbsp;<\/p>\n<p><b>10.12.2018r. Sukcesy w pi\u0142ce r\u0119cznej<br \/><\/b><\/p>\n<p>\u2003 W Wolanowie i I\u0142\u017cy k\/Radomia odby\u0142 si\u0119 Fina\u0142 Mazowiecki Ludowych Zespo\u0142\u00f3w Sportowych w pi\u0142ce r\u0119cznej, gdzie nasze dziewcz\u0119ta zaj\u0119\u0142y\u00a0<b>II miejsce<\/b>, natomiast ch\u0142opcy uplasowali si\u0119 na\u00a0<b>I miejscu<\/b>.\u00a0<b>Najlepszym Strzelcem<\/b>\u00a0turnieju zosta\u0142 nasz reprezentant\u00a0<b>Mateusz Atlak<\/b>, oraz\u00a0<b>Najlepszym Bramkarzem Bart\u0142omiej Witkowski:)\u00a0<\/b>Gratulacje za super wynik dru\u017cynowy i brawa za indywidualne wyr\u00f3\u017cnienia:)<\/p>\n<p>&nbsp;<\/p>\n<\/div>\n<\/div>\n<div id=\"page-zones__main-widgets__5c0edc95610f7\" class=\"responsivecolumns widget js-widget\" data-name=\"responsivecolumns\" data-uniqueid=\"BqzjUESfDn3PGc5\" data-parentuniqueid=\"wA0HnAmbpmGOSGF\">\n<section id=\"page-zones__main-widgets__5c0edc95610f7-zones__5c0edc960d927\" class=\"bk-zone column columns-four-first\" data-uniqueid=\"g4fjmXY9sxLltes\" data-parentuniqueid=\"BqzjUESfDn3PGc5\">\n<div id=\"page-zones__main-widgets__5c0edc95610f7-zones__5c0edc960d927-widgets__5c0edc96e4a72\" class=\"image widget js-widget\" data-name=\"image\" data-uniqueid=\"RixcxFCXhFEvVR5\" data-parentuniqueid=\"g4fjmXY9sxLltes\"><a class=\"widget-align-left js-pswp-image-trigger\" title=\"\" href=\"http:\/\/spradzanowo.pl\/sport\/none\" target=\"none\" rel=\"noopener\"><span class=\"image-img\"><img decoding=\"async\" class=\"image js-pswp-image\" title=\"\" src=\"http:\/\/files.clickweb.home.pl\/af\/1b\/af1bd3ce-d023-4db9-a28c-204eecd70f93.jpg\" alt=\"\" width=\"478\" data-filename=\"gimn 07.12.2018 dz.jpg\" data-filesize=\"\" data-path=\"\/\/files.clickweb.home.pl\/af\/1b\/af1bd3ce-d023-4db9-a28c-204eecd70f93.jpg\" \/><\/span><\/a><\/div>\n<\/section>\n<section id=\"page-zones__main-widgets__5c0edc95610f7-zones__5c0edccd19a9a\" class=\"bk-zone column columns-four-second\" data-uniqueid=\"Dbs206aJwI5Jn0y\" data-parentuniqueid=\"BqzjUESfDn3PGc5\">\n<div id=\"page-zones__main-widgets__5c0edc95610f7-zones__5c0edccd19a9a-widgets__5c0edccd3349a\" class=\"image widget js-widget\" data-name=\"image\" data-uniqueid=\"JuSXicysiSA3G0K\" data-parentuniqueid=\"Dbs206aJwI5Jn0y\"><a class=\"widget-align-left js-pswp-image-trigger\" title=\"\" href=\"http:\/\/spradzanowo.pl\/sport\/none\" target=\"none\" rel=\"noopener\"><span class=\"image-img\"><img decoding=\"async\" class=\"image js-pswp-image\" title=\"\" src=\"http:\/\/files.clickweb.home.pl\/e5\/74\/e5742084-6601-493d-8134-60a4ff509a44.jpg\" alt=\"\" width=\"960\" data-filename=\"gimn 07.12.2018.jpg\" data-filesize=\"\" data-path=\"\/\/files.clickweb.home.pl\/e5\/74\/e5742084-6601-493d-8134-60a4ff509a44.jpg\" \/><\/span><\/a><\/div>\n<\/section>\n<section id=\"page-zones__main-widgets__5c0edc95610f7-zones__5c0edc9617d9b\" class=\"bk-zone column columns-four-third\" data-uniqueid=\"xIr8FkLAyjANpOi\" data-parentuniqueid=\"BqzjUESfDn3PGc5\">\n<div id=\"page-zones__main-widgets__5c0edc95610f7-zones__5c0edc9617d9b-widgets__5c0edc96253d5\" class=\"image widget js-widget\" data-name=\"image\" data-uniqueid=\"xMQDHxbUs7ZQHNk\" data-parentuniqueid=\"xIr8FkLAyjANpOi\"><a class=\"widget-align-left js-pswp-image-trigger\" title=\"\" href=\"http:\/\/spradzanowo.pl\/sport\/none\" target=\"none\" rel=\"noopener\"><span class=\"image-img\"><img decoding=\"async\" class=\"image js-pswp-image\" title=\"\" src=\"http:\/\/files.clickweb.home.pl\/9f\/59\/9f59b8b2-cbf7-4790-92e9-78927c17566d.jpg\" alt=\"\" width=\"960\" data-filename=\"gimn 07.12.2018.MA.jpg\" data-filesize=\"\" data-path=\"\/\/files.clickweb.home.pl\/9f\/59\/9f59b8b2-cbf7-4790-92e9-78927c17566d.jpg\" \/><\/span><\/a><\/div>\n<\/section>\n<section id=\"page-zones__main-widgets__5c0edc95610f7-zones__5c0edcd893f4d\" class=\"bk-zone column columns-four-fourth\" data-uniqueid=\"EvICqEVByDzROTr\" data-parentuniqueid=\"BqzjUESfDn3PGc5\">\n<div id=\"page-zones__main-widgets__5c0edc95610f7-zones__5c0edcd893f4d-widgets__5c0edcd8a9281\" class=\"image widget js-widget\" data-name=\"image\" data-uniqueid=\"QcUxrTQIAPKZotL\" data-parentuniqueid=\"EvICqEVByDzROTr\"><a class=\"widget-align-left js-pswp-image-trigger\" title=\"\" href=\"http:\/\/spradzanowo.pl\/sport\/none\" target=\"none\" rel=\"noopener\"><span class=\"image-img\"><img decoding=\"async\" class=\"image js-pswp-image\" title=\"\" src=\"http:\/\/files.clickweb.home.pl\/4e\/66\/4e66bfa6-adb4-4e13-9169-08bba5670fb6.jpg\" alt=\"\" width=\"960\" data-filename=\"gimn 07.12.2018rBW.jpg\" data-filesize=\"\" data-path=\"\/\/files.clickweb.home.pl\/4e\/66\/4e66bfa6-adb4-4e13-9169-08bba5670fb6.jpg\" \/><\/span><\/a><\/div>\n<\/section>\n<\/div>\n<div id=\"page-zones__main-widgets__5c0eda8c9c00f\" class=\"line widget js-widget\" data-name=\"line\" data-uniqueid=\"eDR6U0QDTafLkJg\" data-parentuniqueid=\"wA0HnAmbpmGOSGF\">\n<hr class=\"line\" \/>\n<\/div>\n<div id=\"page-zones__main-widgets__5c0edd3803d8a\" class=\"responsivecolumns widget js-widget\" data-name=\"responsivecolumns\" data-uniqueid=\"xMQRKJ6Fj0KCMNy\" data-parentuniqueid=\"wA0HnAmbpmGOSGF\">\n<section id=\"page-zones__main-widgets__5c0edd3803d8a-zones__5c0edd3882041\" class=\"bk-zone column columns-two-left\" data-uniqueid=\"lU2qjSsAlpgaizR\" data-parentuniqueid=\"xMQRKJ6Fj0KCMNy\">\n<div id=\"page-zones__main-widgets__5c0edd3803d8a-zones__5c0edd3882041-widgets__5c0edd389b15b\" class=\"content widget js-widget\" data-name=\"content\" data-uniqueid=\"Lc0xKRZwzLzm9WI\" data-parentuniqueid=\"lU2qjSsAlpgaizR\">\n<div class=\"bk-content-text js-text-content   wysihtml-editor-content\">\n<p>&nbsp;<\/p>\n<p><b>09.12.2018r. Fina\u0142 Orlen Handball Mini Liga<br \/><\/b><\/p>\n<p>\u2003 W niedziel\u0119 w P\u0142ocku odby\u0142 si\u0119 fina\u0142owy turniej Orlen Handball Mini Ligi\u00a0<b>dla klas V<\/b>. W zawodach wystartowa\u0142o 16. dru\u017cyn ze szk\u00f3\u0142 podstawowych, w\u015br\u00f3d nich tak\u017ce dru\u017cyna z Naszej szko\u0142y. Organizator Stowarzyszenie Kultury Fizycznej Wis\u0142a P\u0142ock przygotowa\u0142o dla wszystkich uczestnik\u00f3w mn\u00f3stwo nagr\u00f3d i niespodzianek.<\/p>\n<p>&nbsp;<\/p>\n<\/div>\n<\/div>\n<div id=\"page-zones__main-widgets__5c0edd3803d8a-zones__5c0edd3882041-widgets__5c0ede1c49c70\" class=\"image widget js-widget\" data-name=\"image\" data-uniqueid=\"PycTjPyTvrOpXAU\" data-parentuniqueid=\"lU2qjSsAlpgaizR\"><a class=\"widget-align-left js-pswp-image-trigger\" title=\"\" href=\"http:\/\/spradzanowo.pl\/sport\/none\" target=\"none\" rel=\"noopener\"><span class=\"image-img\"><img decoding=\"async\" class=\"image js-pswp-image\" title=\"\" src=\"http:\/\/files.clickweb.home.pl\/b2\/00\/b20032e3-a8b7-418c-ae50-50163fd59937.jpg\" alt=\"\" width=\"916\" data-filename=\"Przechwytywanie w trybie pe\u0142noekranowym 2018-12-10 224227.bmp.jpg\" data-filesize=\"\" data-path=\"\/\/files.clickweb.home.pl\/b2\/00\/b20032e3-a8b7-418c-ae50-50163fd59937.jpg\" \/><\/span><\/a><\/div>\n<\/section>\n<section id=\"page-zones__main-widgets__5c0edd3803d8a-zones__5c0edd388d077\" class=\"bk-zone column columns-two-right\" data-uniqueid=\"8R4v98oxwBnvHRt\" data-parentuniqueid=\"xMQRKJ6Fj0KCMNy\">\n<div id=\"page-zones__main-widgets__5c0edd3803d8a-zones__5c0edd388d077-widgets__5c0edd396385b\" class=\"image widget js-widget\" data-name=\"image\" data-uniqueid=\"nBHkOoQLCvzPQtg\" data-parentuniqueid=\"8R4v98oxwBnvHRt\"><a class=\"widget-align-left js-pswp-image-trigger\" title=\"\" href=\"http:\/\/spradzanowo.pl\/sport\/none\" target=\"none\" rel=\"noopener\"><span class=\"image-img\"><img decoding=\"async\" class=\"image js-pswp-image\" title=\"\" src=\"http:\/\/files.clickweb.home.pl\/41\/40\/41403621-811f-4592-a2ff-f447535be585.jpg\" alt=\"\" width=\"720\" data-filename=\"handball.jpg\" data-filesize=\"\" data-path=\"\/\/files.clickweb.home.pl\/41\/40\/41403621-811f-4592-a2ff-f447535be585.jpg\" \/><\/span><\/a><\/div>\n<\/section>\n<\/div>\n<div id=\"page-zones__main-widgets__5c0eda910e95d\" class=\"line widget js-widget\" data-name=\"line\" data-uniqueid=\"9QSzprouZq20K7y\" data-parentuniqueid=\"wA0HnAmbpmGOSGF\">\n<hr class=\"line\" \/>\n<\/div>\n<div id=\"page-zones__main-widgets__5c0eded337297\" class=\"responsivecolumns widget js-widget\" data-name=\"responsivecolumns\" data-uniqueid=\"sCfRTdxdqiK83sr\" data-parentuniqueid=\"wA0HnAmbpmGOSGF\">\n<section id=\"page-zones__main-widgets__5c0eded337297-zones__5c0eded46f6f8\" class=\"bk-zone column columns-two-left\" data-uniqueid=\"2Zux5tvjUkYed9g\" data-parentuniqueid=\"sCfRTdxdqiK83sr\">\n<div id=\"page-zones__main-widgets__5c0eded337297-zones__5c0eded46f6f8-widgets__5c0eded49e986\" class=\"content widget js-widget\" data-name=\"content\" data-uniqueid=\"jMIQVDuqblCzj0x\" data-parentuniqueid=\"2Zux5tvjUkYed9g\">\n<div class=\"bk-content-text js-text-content   wysihtml-editor-content\">\n<p>&nbsp;<\/p>\n<p><b>07.12.2018r. I miejsce w Wyszogrodzie<br \/><\/b><\/p>\n<p>\u2003Dru\u017cyna ch\u0142opc\u00f3w wywalczy\u0142a\u00a0<b>I miejsce<\/b>\u00a0w Turnieju Rejonowym Halowej Pi\u0142ki No\u017cnej w Wyszogrodzie w ramach MIMS. Gratulujemy i \u017cyczymy powodzenia w zawodach powiatowych.<\/p>\n<p>&nbsp;<\/p>\n<\/div>\n<\/div>\n<\/section>\n<section id=\"page-zones__main-widgets__5c0eded337297-zones__5c0eded487d4c\" class=\"bk-zone column columns-two-right\" data-uniqueid=\"AUULoG6Rum4uK2U\" data-parentuniqueid=\"sCfRTdxdqiK83sr\">\n<div id=\"page-zones__main-widgets__5c0eded337297-zones__5c0eded487d4c-widgets__5c0eded5cdd14\" class=\"image widget js-widget\" data-name=\"image\" data-uniqueid=\"aYMzlu99w2Xzda6\" data-parentuniqueid=\"AUULoG6Rum4uK2U\"><a class=\"widget-align-center js-pswp-image-trigger\" title=\"\" href=\"http:\/\/spradzanowo.pl\/sport\/none\" target=\"none\" rel=\"noopener\"><span class=\"image-img\"><img decoding=\"async\" class=\"image js-pswp-image\" title=\"\" src=\"http:\/\/files.clickweb.home.pl\/29\/0e\/290e4a9d-f6f0-4eed-9657-5d20f3c46ff0.jpg\" alt=\"\" width=\"300\" data-filename=\"ff96c092-40da-48b2-add9-8fdcd2f89810.jpg\" data-filesize=\"\" data-path=\"\/\/files.clickweb.home.pl\/29\/0e\/290e4a9d-f6f0-4eed-9657-5d20f3c46ff0.jpg\" \/><\/span><\/a><\/div>\n<\/section>\n<\/div>\n<div id=\"page-zones__main-widgets__5bad31a8b57a9\" class=\"line widget js-widget\" data-name=\"line\" data-uniqueid=\"vKzGK3jD7avVX54\" data-parentuniqueid=\"wA0HnAmbpmGOSGF\">\n<hr class=\"line\" \/>\n<\/div>\n<div id=\"page-zones__main-widgets__5c06d53a05e9e\" class=\"responsivecolumns widget js-widget\" data-name=\"responsivecolumns\" data-uniqueid=\"f7BYR7Zq033pSpC\" data-parentuniqueid=\"wA0HnAmbpmGOSGF\">\n<section id=\"page-zones__main-widgets__5c06d53a05e9e-zones__5c06d53ac8f73\" class=\"bk-zone column columns-two-left\" data-uniqueid=\"6sPCVyxrt4sqNx8\" data-parentuniqueid=\"f7BYR7Zq033pSpC\">\n<div id=\"page-zones__main-widgets__5c06d53a05e9e-zones__5c06d53ac8f73-widgets__5c06d53adf9b5\" class=\"content widget js-widget\" data-name=\"content\" data-uniqueid=\"Lujb3Fa5C3yoeSr\" data-parentuniqueid=\"6sPCVyxrt4sqNx8\">\n<div class=\"bk-content-text js-text-content   wysihtml-editor-content\">\n<p>&nbsp;<\/p>\n<p><b>04.12.2018r. IV miejsce w mi\u0119dzypowiatowych zawodach<br \/><\/b><\/p>\n<p>\u2003Dru\u017cyna dziewcz\u0105t &#8211;\u00a0<b>Natalia Kosieli\u0144ska, Julita B\u0105ba\u0142a i Justyna Borucka\u00a0<\/b>zaj\u0119\u0142y IV miejsce w Finale Mi\u0119dzypowiatowym Turnieju Dru\u017cynowego Tenisa Sto\u0142owego Dziewcz\u0105t w Je\u017cewie. Gratulujemy:)<\/p>\n<p>&nbsp;<\/p>\n<\/div>\n<\/div>\n<\/section>\n<section id=\"page-zones__main-widgets__5c06d53a05e9e-zones__5c06d53ad28a8\" class=\"bk-zone column columns-two-right\" data-uniqueid=\"l3iTXdH298qNary\" data-parentuniqueid=\"f7BYR7Zq033pSpC\">\n<div id=\"page-zones__main-widgets__5c06d53a05e9e-zones__5c06d53ad28a8-widgets__5c06d53b98714\" class=\"image widget js-widget\" data-name=\"image\" data-uniqueid=\"bamMLgKNJZw6g9r\" data-parentuniqueid=\"l3iTXdH298qNary\"><a class=\"widget-align-center js-pswp-image-trigger\" title=\"\" href=\"http:\/\/spradzanowo.pl\/sport\/none\" target=\"none\" rel=\"noopener\"><span class=\"image-img\"><img decoding=\"async\" class=\"image js-pswp-image\" title=\"\" src=\"http:\/\/files.clickweb.home.pl\/61\/74\/6174b11f-e35d-4ce9-b58e-5b9ea07ad911.jpg\" alt=\"\" width=\"300\" data-filename=\"3fe20a62-9f57-44e7-97df-f0df9cf0c818.jpg\" data-filesize=\"39041\" data-path=\"\/\/files.clickweb.home.pl\/61\/74\/6174b11f-e35d-4ce9-b58e-5b9ea07ad911.jpg\" data-imagesize=\"300 x 400\" \/><\/span><\/a><\/div>\n<\/section>\n<\/div>\n<div id=\"page-zones__main-widgets__5c06d486ccb23\" class=\"line widget js-widget\" data-name=\"line\" data-uniqueid=\"LoEvFMBsrC3n73M\" data-parentuniqueid=\"wA0HnAmbpmGOSGF\">\n<hr class=\"line\" \/>\n<\/div>\n<div id=\"page-zones__main-widgets__5c06d788541d6\" class=\"responsivecolumns widget js-widget\" data-name=\"responsivecolumns\" data-uniqueid=\"lv9LPmsraTDaqx0\" data-parentuniqueid=\"wA0HnAmbpmGOSGF\">\n<section id=\"page-zones__main-widgets__5c06d788541d6-zones__5c06d788e8a53\" class=\"bk-zone column columns-two-left\" data-uniqueid=\"IaDMxNrDuT53LXq\" data-parentuniqueid=\"lv9LPmsraTDaqx0\">\n<div id=\"page-zones__main-widgets__5c06d788541d6-zones__5c06d788e8a53-widgets__5c06d7890ba9a\" class=\"content widget js-widget\" data-name=\"content\" data-uniqueid=\"zmDeZyvaCj4Filw\" data-parentuniqueid=\"IaDMxNrDuT53LXq\">\n<div class=\"bk-content-text js-text-content   wysihtml-editor-content\">\n<p><b>03.12.2018r. I miejsce w powiecie<\/b><\/p>\n<p>Dru\u017cyna &#8211;\u00a0<b>Jakub Kosieli\u0144ski i Kacper Wachowski<\/b>\u00a0zaj\u0119\u0142a<b>\u00a0I miejsce<\/b>\u00a0w Powiatowym Dru\u017cynowym Turnieju Tenisa Sto\u0142owego w Wyszogrodzie. Gratulujemy \ud83d\ude42<\/p>\n<\/div>\n<\/div>\n<\/section>\n<section id=\"page-zones__main-widgets__5c06d788541d6-zones__5c06d788f2d19\" class=\"bk-zone column columns-two-right\" data-uniqueid=\"BshElJnOC7pRu4N\" data-parentuniqueid=\"lv9LPmsraTDaqx0\">\n<div id=\"page-zones__main-widgets__5c06d788541d6-zones__5c06d788f2d19-widgets__5c06d789b60af\" class=\"image widget js-widget\" data-name=\"image\" data-uniqueid=\"cI9cTv6Qlu6NmFw\" data-parentuniqueid=\"BshElJnOC7pRu4N\"><a class=\"widget-align-center js-pswp-image-trigger\" title=\"\" href=\"http:\/\/spradzanowo.pl\/sport\/none\" target=\"none\" rel=\"noopener\"><span class=\"image-img\"><img decoding=\"async\" class=\"image js-pswp-image\" title=\"\" src=\"http:\/\/files.clickweb.home.pl\/4e\/51\/4e516378-98cf-45a8-80ff-ed83e6eec3d5.jpg\" alt=\"\" width=\"324\" data-filename=\"powiat tenis gimn.jpg\" data-filesize=\"\" data-path=\"\/\/files.clickweb.home.pl\/4e\/51\/4e516378-98cf-45a8-80ff-ed83e6eec3d5.jpg\" \/><\/span><\/a><\/div>\n<\/section>\n<\/div>\n<div id=\"page-zones__main-widgets__5c06d6617a625\" class=\"line widget js-widget\" data-name=\"line\" data-uniqueid=\"HHRSBthX1Pm3Qxx\" data-parentuniqueid=\"wA0HnAmbpmGOSGF\">\n<hr class=\"line\" \/>\n<\/div>\n<div id=\"page-zones__main-widgets__5c0017ce70f73\" class=\"responsivecolumns widget js-widget\" data-name=\"responsivecolumns\" data-uniqueid=\"ZEG5BoKuc1GM4gz\" data-parentuniqueid=\"wA0HnAmbpmGOSGF\">\n<section id=\"page-zones__main-widgets__5c0017ce70f73-zones__5c0017ced618f\" class=\"bk-zone column columns-two-left\" data-uniqueid=\"fUfsRNA1bXdzwRc\" data-parentuniqueid=\"ZEG5BoKuc1GM4gz\">\n<div id=\"page-zones__main-widgets__5c0017ce70f73-zones__5c0017ced618f-widgets__5c0017ceefbe3\" class=\"content widget js-widget\" data-name=\"content\" data-uniqueid=\"gp6GBjNAmM1yKnZ\" data-parentuniqueid=\"fUfsRNA1bXdzwRc\">\n<div class=\"bk-content-text js-text-content   wysihtml-editor-content\">\n<p><b>28.11.2018r.\u00a0 Fit Camp Handball 2018 w \u0141odzi<\/b>\u2003<\/p>\n<p>\u2003Nasi najm\u0142odsi adepci pi\u0142ki r\u0119cznej\u00a0<b>z klas III &#8211; V\u00a0<\/b>wzi\u0119li udzia\u0142 w finale mi\u0119dzywojew\u00f3dzkim Fit Camp Handball. W imprezie wzi\u0119\u0142o udzia\u0142 20 zespo\u0142\u00f3w, a nasza reprezentacja zaj\u0119\u0142a w tej rywalizacji\u00a0<b>V miejsce<\/b>, kwalifikuj\u0105c si\u0119 tym samym do fina\u0142u og\u00f3lnopolskiego.<\/p>\n<p>Gratulacje i powodzenia na dalszym szczeblu rywalizacji:)<\/p>\n<p>&nbsp;<\/p>\n<\/div>\n<\/div>\n<\/section>\n<section id=\"page-zones__main-widgets__5c0017ce70f73-zones__5c0017cee0ead\" class=\"bk-zone column columns-two-right\" data-uniqueid=\"Yt19MU7VpPHpNtC\" data-parentuniqueid=\"ZEG5BoKuc1GM4gz\">\n<div id=\"page-zones__main-widgets__5c0017ce70f73-zones__5c0017cee0ead-widgets__5c0017cf9244d\" class=\"image widget js-widget\" data-name=\"image\" data-uniqueid=\"EJFAo6Z1syrCH7e\" data-parentuniqueid=\"Yt19MU7VpPHpNtC\"><a class=\"widget-align-center js-pswp-image-trigger\" title=\"\" href=\"http:\/\/spradzanowo.pl\/sport\/none\" target=\"none\" rel=\"noopener\"><span class=\"image-img\"><img decoding=\"async\" class=\"image js-pswp-image\" title=\"\" src=\"http:\/\/files.clickweb.home.pl\/c9\/e7\/c9e70e63-5048-4c36-bcd0-a5627afef0a4.jpg\" alt=\"\" width=\"327\" data-filename=\"fit camp28.11.2018r..jpg\" data-filesize=\"\" data-path=\"\/\/files.clickweb.home.pl\/c9\/e7\/c9e70e63-5048-4c36-bcd0-a5627afef0a4.jpg\" \/><\/span><\/a><\/div>\n<\/section>\n<\/div>\n<div id=\"page-zones__main-widgets__5c0017174fe75\" class=\"line widget js-widget\" data-name=\"line\" data-uniqueid=\"IbNZMfkqRUiDtdR\" data-parentuniqueid=\"wA0HnAmbpmGOSGF\">\n<hr class=\"line\" \/>\n<\/div>\n<div id=\"page-zones__main-widgets__5bfd99a90c159\" class=\"responsivecolumns widget js-widget\" data-name=\"responsivecolumns\" data-uniqueid=\"hCJHc1RrScWKFtD\" data-parentuniqueid=\"wA0HnAmbpmGOSGF\">\n<section id=\"page-zones__main-widgets__5bfd99a90c159-zones__5bfd99a972a7c\" class=\"bk-zone column columns-two-left\" data-uniqueid=\"dnmcLlA6vDMiXkK\" data-parentuniqueid=\"hCJHc1RrScWKFtD\">\n<div id=\"page-zones__main-widgets__5bfd99a90c159-zones__5bfd99a972a7c-widgets__5bfd99a98fbce\" class=\"content widget js-widget\" data-name=\"content\" data-uniqueid=\"jSW3gSq4NDGjLRr\" data-parentuniqueid=\"dnmcLlA6vDMiXkK\">\n<div class=\"bk-content-text js-text-content   wysihtml-editor-content\">\n<p>&nbsp;<\/p>\n<p><b>27.11.2018r. Sukces w tenisie sto\u0142owym<\/b><\/p>\n<p>&nbsp;<\/p>\n<p>\u2003 W Wyszogrodzie podczas zawod\u00f3w rejonowych w tenisie sto\u0142owym w ramach MIMS nasza reprezentacja SP Radzanowo &#8211; klasy gimnazjalne zaj\u0119\u0142a<b>\u00a0I miejsce<\/b>. W dru\u017cynie grali\u00a0<b>Jakub Kosieli\u0144ski, Kacper Wachowski.<\/b>\u00a0 Zakwalifikowali si\u0119 tym samym do fina\u0142u powiatowego. \ud83d\ude42<\/p>\n<p>&nbsp;<\/p>\n<\/div>\n<\/div>\n<\/section>\n<section id=\"page-zones__main-widgets__5bfd99a90c159-zones__5bfd99a97d457\" class=\"bk-zone column columns-two-right\" data-uniqueid=\"Svg7BQyf2Gx8a3b\" data-parentuniqueid=\"hCJHc1RrScWKFtD\">\n<div id=\"page-zones__main-widgets__5bfd99a90c159-zones__5bfd99a97d457-widgets__5bfd99aa2a489\" class=\"image widget js-widget\" data-name=\"image\" data-uniqueid=\"2s8JA6kdGlqoV8A\" data-parentuniqueid=\"Svg7BQyf2Gx8a3b\"><a class=\"widget-align-left js-pswp-image-trigger\" title=\"\" href=\"http:\/\/spradzanowo.pl\/sport\/none\" target=\"none\" rel=\"noopener\"><span class=\"image-img\"><img decoding=\"async\" class=\"image js-pswp-image\" title=\"\" src=\"http:\/\/files.clickweb.home.pl\/53\/ea\/53ead007-dc52-43ef-8a4c-de3285ab090d.jpg\" alt=\"\" width=\"960\" data-filename=\"tenis gimn 27.11.18r..jpg\" data-filesize=\"\" data-path=\"\/\/files.clickweb.home.pl\/53\/ea\/53ead007-dc52-43ef-8a4c-de3285ab090d.jpg\" \/><\/span><\/a><\/div>\n<\/section>\n<\/div>\n<div id=\"page-zones__main-widgets__5bfd997fd9348\" class=\"line widget js-widget\" data-name=\"line\" data-uniqueid=\"eaft5lbCykgvAkR\" data-parentuniqueid=\"wA0HnAmbpmGOSGF\">\n<hr class=\"line\" \/>\n<\/div>\n<div id=\"page-zones__main-widgets__5bf32e108e1a4\" class=\"responsivecolumns widget js-widget\" data-name=\"responsivecolumns\" data-uniqueid=\"OaX67tIp1XOzQX1\" data-parentuniqueid=\"wA0HnAmbpmGOSGF\">\n<section id=\"page-zones__main-widgets__5bf32e108e1a4-zones__5bf32e10f40cb\" class=\"bk-zone column columns-two-left\" data-uniqueid=\"MPYbjg0miEEzURZ\" data-parentuniqueid=\"OaX67tIp1XOzQX1\">\n<div id=\"page-zones__main-widgets__5bf32e108e1a4-zones__5bf32e10f40cb-widgets__5bf32e1118fa7\" class=\"content widget js-widget\" data-name=\"content\" data-uniqueid=\"FnkljGc5oJpnnvd\" data-parentuniqueid=\"MPYbjg0miEEzURZ\">\n<div class=\"bk-content-text js-text-content   wysihtml-editor-content\">\n<p><b>15.11.2018r. Fina\u0142 Mi\u0119dzypowiatowy Gimnazjady LZS<\/b><\/p>\n<p>&nbsp;<\/p>\n<p>\u2003Reprezentacje dziewcz\u0105t i ch\u0142opc\u00f3w zaj\u0119\u0142y\u00a0<b>I miejsca<\/b>\u00a0w Finale M\u00ecedzypowiatowym Gimnazjady LZS w Borkowie Ko\u015bcielnym w pi\u0142ce r\u0119cznej, awansuj\u0105c do fina\u0142u wojew\u00f3dzkiego. Gratulacje i powodzenia w dalszym etapie rozgrywek:)<\/p>\n<p><a href=\"https:\/\/www.facebook.com\/permalink.php?story_fbid=1161039820714013&amp;id=1004678953016768&amp;__xts__[0]=68.ARBDOv9j2WUBb98lgJtHuAWWIY9pz2Cf0iYV4HPDSbjeXZSMyu8ecgxbKDQvLFTyL4VDbSJjHOiMshQofw7sLUlfA2_KimzwJBM6u7fyvpFeVYEkCp78Vy28AzsM5vRt_Dpsw8XlwH2REmoOTdDSgg3_mdl5zTqG9iW-H9Zs-8HrpFaEsnF81EjRrnLhJ3KlYRqUpZm02Kevc70vPeX9nV7MNzAaSceR50b_-8vjp98tkvhRERXUxiYlEOtBNISdprN3xUYLgzpFdqOfWgqmtiYvo6W0LXXjVTOZ6YamuSPxATbkE97fa3y9PYRtRmAv120lzO-3Fyr8Bb07OtuCbenXv6r6&amp;__tn__=-UC-R\" target=\"_self\" rel=\"noopener\"><span class=\"wysiwyg-font-size-smaller\">Galeria<\/span><\/a><\/p>\n<p>&nbsp;<\/p>\n<\/div>\n<\/div>\n<\/section>\n<section id=\"page-zones__main-widgets__5bf32e108e1a4-zones__5bf32e110ad98\" class=\"bk-zone column columns-two-right\" data-uniqueid=\"UixfKm876T2DviE\" data-parentuniqueid=\"OaX67tIp1XOzQX1\">\n<div id=\"page-zones__main-widgets__5bf32e108e1a4-zones__5bf32e110ad98-widgets__5bf32e11a2817\" class=\"image widget js-widget\" data-name=\"image\" data-uniqueid=\"FYdVp8s7Jm6cImw\" data-parentuniqueid=\"UixfKm876T2DviE\"><a class=\"widget-align-left js-pswp-image-trigger\" title=\"\" href=\"http:\/\/spradzanowo.pl\/sport\/none\" target=\"none\" rel=\"noopener\"><span class=\"image-img\"><img decoding=\"async\" class=\"image js-pswp-image\" title=\"\" src=\"http:\/\/files.clickweb.home.pl\/7b\/4e\/7b4e74fd-d20b-4ae9-96bd-adac1dfb26f8.jpg\" alt=\"\" width=\"619\" data-filename=\"pi\u0142ka reczna 15.11..jpg\" data-filesize=\"\" data-path=\"\/\/files.clickweb.home.pl\/7b\/4e\/7b4e74fd-d20b-4ae9-96bd-adac1dfb26f8.jpg\" \/><\/span><\/a><\/div>\n<\/section>\n<\/div>\n<div id=\"page-zones__main-widgets__5bf32d38a0645\" class=\"line widget js-widget\" data-name=\"line\" data-uniqueid=\"isZ3Hs0y7rA8tuR\" data-parentuniqueid=\"wA0HnAmbpmGOSGF\">\n<hr class=\"line\" \/>\n<\/div>\n<div id=\"page-zones__main-widgets__5bec38d1ddccb\" class=\"responsivecolumns widget js-widget\" data-name=\"responsivecolumns\" data-uniqueid=\"rso03qbgUZUIVT8\" data-parentuniqueid=\"wA0HnAmbpmGOSGF\">\n<section id=\"page-zones__main-widgets__5bec38d1ddccb-zones__5bec38d246a89\" class=\"bk-zone column columns-two-left\" data-uniqueid=\"DCIp2C3Q33Vx0Ii\" data-parentuniqueid=\"rso03qbgUZUIVT8\">\n<div id=\"page-zones__main-widgets__5bec38d1ddccb-zones__5bec38d246a89-widgets__5bec38d25efe6\" class=\"content widget js-widget\" data-name=\"content\" data-uniqueid=\"OPgeHNXnB2OBmmS\" data-parentuniqueid=\"DCIp2C3Q33Vx0Ii\">\n<div class=\"bk-content-text js-text-content   wysihtml-editor-content\">\n<p>&nbsp;<\/p>\n<p><b>14.10.2018r. Sukcesy na Dru\u017cynowym Powiatowym Turnieju Tenisa Sto\u0142owego<br \/><\/b><\/p>\n<p>\u2003Dru\u017cyny dziewcz\u0105t &#8211;\u00a0<b>Justyna Borucka, Natalia Kosieli\u0144ska, Julita B\u0105ba\u0142a<\/b>\u00a0i ch\u0142opc\u00f3w &#8211;\u00a0<b>Piotr Majchrzak, Bartosz G\u00f3rajczyk, Krystian Jod\u0142owski<\/b>\u00a0uczestniczy\u0142y w Powiatowym Dru\u017cynowym Turnieju Tenisa Sto\u0142owego w Wyszogrodzie w ramach Mazowieckich Igrzysk M\u0142odzie\u017cy Szkolnej.<\/p>\n<p>Dziewcz\u0119ta zdoby\u0142y\u00a0<b>I miejsce<\/b>, a ch\u0142opcy\u00a0<b>III miejsce<\/b>.<\/p>\n<p>Gratulujemy \ud83d\ude42<\/p>\n<p>&nbsp;<\/p>\n<\/div>\n<\/div>\n<div id=\"page-zones__main-widgets__5bec38d1ddccb-zones__5bec38d246a89-widgets__5bec39411588c\" class=\"image widget js-widget\" data-name=\"image\" data-uniqueid=\"PQvJxaGNiq3Rz2u\" data-parentuniqueid=\"DCIp2C3Q33Vx0Ii\"><a class=\"widget-align-left js-pswp-image-trigger\" title=\"\" href=\"http:\/\/spradzanowo.pl\/sport\/none\" target=\"none\" rel=\"noopener\"><span class=\"image-img\"><img decoding=\"async\" class=\"image js-pswp-image\" title=\"\" src=\"http:\/\/files.clickweb.home.pl\/58\/e2\/58e24666-b767-403b-81c6-344b99f8eb8e.jpg\" alt=\"\" width=\"1600\" data-filename=\"IMG-20181114-WA0004.jpg\" data-filesize=\"\" data-path=\"\/\/files.clickweb.home.pl\/58\/e2\/58e24666-b767-403b-81c6-344b99f8eb8e.jpg\" \/><\/span><\/a><\/div>\n<\/section>\n<section id=\"page-zones__main-widgets__5bec38d1ddccb-zones__5bec38f286c5d\" class=\"bk-zone column columns-two-right\" data-uniqueid=\"htaOICsgSBQGaRt\" data-parentuniqueid=\"rso03qbgUZUIVT8\">\n<div id=\"page-zones__main-widgets__5bec38d1ddccb-zones__5bec38f286c5d-widgets__5bec38f29e6da\" class=\"image widget js-widget\" data-name=\"image\" data-uniqueid=\"YNcMWZOYRbSdJsb\" data-parentuniqueid=\"htaOICsgSBQGaRt\"><a class=\"widget-align-left js-pswp-image-trigger\" title=\"\" href=\"http:\/\/spradzanowo.pl\/sport\/none\" target=\"none\" rel=\"noopener\"><span class=\"image-img\"><img decoding=\"async\" class=\"image js-pswp-image\" title=\"\" src=\"http:\/\/files.clickweb.home.pl\/fc\/7e\/fc7e7799-9a2d-4f75-8b45-438dd6e13555.jpg\" alt=\"\" width=\"1600\" data-filename=\"IMG-20181114-WA0008.jpg\" data-filesize=\"\" data-path=\"\/\/files.clickweb.home.pl\/fc\/7e\/fc7e7799-9a2d-4f75-8b45-438dd6e13555.jpg\" \/><\/span><\/a><\/div>\n<div id=\"page-zones__main-widgets__5bec38d1ddccb-zones__5bec38f286c5d-widgets__5bec39517e284\" class=\"responsiveslideshow widget js-widget\" data-name=\"responsiveslideshow\" data-uniqueid=\"k5oUPelvtlGBiX2\" data-parentuniqueid=\"htaOICsgSBQGaRt\">\n<div class=\"slideshow-widget-wrapper\">\n<div class=\"slideshow-widget\">\n<div class=\"btns-move\"><span class=\"btn-prev js-btn-prev slide-ctrl js-slide-ctrl\" data-ref=\"9\">prev<\/span><span class=\"btn-next js-btn-next slide-ctrl js-slide-ctrl\" data-ref=\"1\">next<\/span><\/div>\n<ul class=\"slideshow-image-list\">\n<li class=\"js-responsiveslideshow-image-item slideshow-image-item current\" data-ref=\"5\">\n<div class=\"image-wrapper\"><img decoding=\"async\" class=\"slideshow-image js-responsiveslideshow-image\" src=\"http:\/\/files.clickweb.home.pl\/d1\/e2\/d1e26e93-09c5-4fe6-b00b-593bb2867b01.jpg\" \/><\/div>\n<div class=\"content-wrapper\">\u00a0<\/div>\n<\/li>\n<\/ul>\n<\/div>\n<div class=\"slideshow-widget-controls\">\u00a0\u00a0\u00a0\u00a0\u00a0\u00a0\u00a0\u00a0\u00a0<\/div>\n<\/div>\n<\/div>\n<\/section>\n<\/div>\n<div id=\"page-zones__main-widgets__5bec35ead7ef9\" class=\"line widget js-widget\" data-name=\"line\" data-uniqueid=\"QTsbdwNufTKC8oc\" data-parentuniqueid=\"wA0HnAmbpmGOSGF\">\n<hr class=\"line\" \/>\n<\/div>\n<div id=\"page-zones__main-widgets__5be4af2b0170f\" class=\"responsivecolumns widget js-widget\" data-name=\"responsivecolumns\" data-uniqueid=\"TuSyBwHCxf3Hhnf\" data-parentuniqueid=\"wA0HnAmbpmGOSGF\">\n<section id=\"page-zones__main-widgets__5be4af2b0170f-zones__5be4af2b7320c\" class=\"bk-zone column columns-two-left\" data-uniqueid=\"oJlel90tbj1gByz\" data-parentuniqueid=\"TuSyBwHCxf3Hhnf\">\n<div id=\"page-zones__main-widgets__5be4af2b0170f-zones__5be4af2b7320c-widgets__5be4af2b8aac3\" class=\"content widget js-widget\" data-name=\"content\" data-uniqueid=\"2v7DuhD8GWcgKr4\" data-parentuniqueid=\"oJlel90tbj1gByz\">\n<div class=\"bk-content-text js-text-content   wysihtml-editor-content\">\n<p><b>08.11.2018r.\u00a0SP Radzanowo na najwy\u017cszym podium w Biegu Niepodleg\u0142o\u015bci w Podg\u00f3rzu<\/b><\/p>\n<p>&nbsp;<\/p>\n<p>\u2003Super pogoda, super atmosfera w zespole, super wyniki indywidualne i dru\u017cynowe &#8211; tak mo\u017cna w skr\u00f3cie opisa\u0107 wyst\u0119p naszej reprezentacji w XXIV Jesiennych Biegach Prze\u0142ajowych z okazji Dnia Niepodleg\u0142o\u015bci w Podg\u00f3rzu. Ta presti\u017cowa impreza okaza\u0142a si\u0119 dla naszych uczni\u00f3w bardzo szcz\u0119\u015bliwa, gdy\u017c dru\u017cynowo w kategorii\u00a0<b>&#8222;m\u0142odzie\u017c&#8221; ch\u0142opcy i dziewcz\u0119ta<\/b>\u00a0zaj\u0119li<b>\u00a0I miejsce<\/b>, natomiast w kategorii\u00a0<b>&#8222;dzieci&#8221; ch\u0142opcy<\/b>\u00a0&#8211;\u00a0<b>III miejsce.<\/b><br \/><u>Sukcesy indywidualne:<\/u><\/p>\n<p>I miejsce rocznik 2008\/09 &#8211;\u00a0<b>Kie\u0142pi\u0144ski Dawid<\/b><\/p>\n<p>II miejsce rocznik 2003 &#8211;<b>\u00a0Majchrzak Klaudia<\/b><br \/>II miejsce rocznik2007 &#8211;<b>\u00a0Woroniecki Artur<\/b><br \/>II miejsce rocznik 2003 &#8211;<b>Atlak Mateusz<\/b><br \/>III miejsce rocznik 2003 &#8211;<b>\u00a0Bigos Julia<\/b><br \/>IV miejsce rocznik 2003 &#8211;\u00a0<b>Gawli\u0144ska Natalia<\/b><\/p>\n<p>IV miejsce rocznik 2006 &#8211;<b>Wi\u015bniewski Marcel<\/b><br \/>V miejsce rocznik 2004 &#8211;<b>\u00a0Jab\u0142o\u0144ski \u0141ukasz<\/b><br \/>VI miejsce rocznik 2004\u00a0<b>&#8211; Jod\u0142owski Igor<\/b><br \/><span class=\"wysiwyg-font-size-small\">Gratulujemy sukces\u00f3w, sportowego charakteru oraz dru\u017cynowego ducha walki \ud83d\ude42<\/span><\/p>\n<\/div>\n<\/div>\n<\/section>\n<section id=\"page-zones__main-widgets__5be4af2b0170f-zones__5be4af2b7d72f\" class=\"bk-zone column columns-two-right\" data-uniqueid=\"nBAWPTlrUXU2BUs\" data-parentuniqueid=\"TuSyBwHCxf3Hhnf\">\n<div id=\"page-zones__main-widgets__5be4af2b0170f-zones__5be4af2b7d72f-widgets__5be4af2c18cb7\" class=\"image widget js-widget\" data-name=\"image\" data-uniqueid=\"HkH5eReVrTf7p0i\" data-parentuniqueid=\"nBAWPTlrUXU2BUs\"><a class=\"widget-align-left js-pswp-image-trigger\" title=\"\" href=\"http:\/\/spradzanowo.pl\/sport\/none\" target=\"none\" rel=\"noopener\"><span class=\"image-img\"><img decoding=\"async\" class=\"image js-pswp-image\" title=\"\" src=\"http:\/\/files.clickweb.home.pl\/6f\/a8\/6fa80fb4-fa0f-4e58-89b6-8caac77f9390.jpg\" alt=\"\" width=\"1600\" data-filename=\"IMG-20181108-WA0015.jpg\" data-filesize=\"\" data-path=\"\/\/files.clickweb.home.pl\/6f\/a8\/6fa80fb4-fa0f-4e58-89b6-8caac77f9390.jpg\" \/><\/span><\/a><\/div>\n<div id=\"page-zones__main-widgets__5be4af2b0170f-zones__5be4af2b7d72f-widgets__5be4af30c89dc\" class=\"image widget js-widget\" data-name=\"image\" data-uniqueid=\"JjnCQVLQO9hQdom\" data-parentuniqueid=\"nBAWPTlrUXU2BUs\"><a class=\"widget-align-left js-pswp-image-trigger\" title=\"\" href=\"http:\/\/spradzanowo.pl\/sport\/none\" target=\"none\" rel=\"noopener\"><span class=\"image-img\"><img decoding=\"async\" class=\"image js-pswp-image\" title=\"\" src=\"http:\/\/files.clickweb.home.pl\/0f\/83\/0f831e06-2a98-4aec-968d-c3dba63daf61.jpg\" alt=\"\" width=\"1600\" data-filename=\"IMG-20181108-WA0035.jpg\" data-filesize=\"\" data-path=\"\/\/files.clickweb.home.pl\/0f\/83\/0f831e06-2a98-4aec-968d-c3dba63daf61.jpg\" \/><\/span><\/a><\/div>\n<\/section>\n<\/div>\n<div id=\"page-zones__main-widgets__5be4a5d8dbdb7\" class=\"responsiveslideshow widget js-widget\" data-name=\"responsiveslideshow\" data-uniqueid=\"QdgBgzAabG7yDAX\" data-parentuniqueid=\"wA0HnAmbpmGOSGF\">\n<div class=\"slideshow-widget-wrapper\">\n<div class=\"slideshow-widget\">\n<div class=\"btns-move\"><span class=\"btn-prev js-btn-prev slide-ctrl js-slide-ctrl\" data-ref=\"29\">prev<\/span><span class=\"btn-next js-btn-next slide-ctrl js-slide-ctrl\" data-ref=\"1\">next<\/span><\/div>\n<ul class=\"slideshow-image-list\">\n<li class=\"js-responsiveslideshow-image-item slideshow-image-item current\" data-ref=\"5\">\n<div class=\"image-wrapper\"><img decoding=\"async\" class=\"slideshow-image js-responsiveslideshow-image\" src=\"http:\/\/files.clickweb.home.pl\/34\/4d\/344d46ba-e3f2-4ff4-9417-19e54f83cd16.jpg\" \/><\/div>\n<div class=\"content-wrapper\">\u00a0<\/div>\n<\/li>\n<\/ul>\n<\/div>\n<div class=\"slideshow-widget-controls\">\u00a0\u00a0\u00a0\u00a0\u00a0\u00a0\u00a0\u00a0\u00a0\u00a0\u00a0\u00a0\u00a0\u00a0\u00a0\u00a0\u00a0\u00a0\u00a0\u00a0\u00a0\u00a0\u00a0\u00a0\u00a0\u00a0\u00a0\u00a0\u00a0<\/div>\n<\/div>\n<\/div>\n<div id=\"page-zones__main-widgets__5be4a5a975e0b\" class=\"line widget js-widget\" data-name=\"line\" data-uniqueid=\"vkzdhYdBlMl6wtX\" data-parentuniqueid=\"wA0HnAmbpmGOSGF\">\n<hr class=\"line\" \/>\n<\/div>\n<div id=\"page-zones__main-widgets__5be3387f2484f\" class=\"content widget js-widget\" data-name=\"content\" data-uniqueid=\"VMrDF44n2gyQJxw\" data-parentuniqueid=\"wA0HnAmbpmGOSGF\">\n<div class=\"bk-content-text js-text-content   wysihtml-editor-content\">\n<p><b>07.10.2018r.\u00a0 Dru\u017cyny z\u00a0 naszej szko\u0142y na podium w Wyszogrodzie<br \/><\/b><\/p>\n<p>\u2003Dru\u017cyny ch\u0142opc\u00f3w i dziewcz\u0105t uczestniczy\u0142y w Rejonowym Dru\u017cynowym Turnieju Tenisa Sto\u0142owego, kt\u00f3ry odby\u0142 si\u0119 w Wyszogrodzie w ramach Mazowieckich Igrzysk M\u0142odzie\u017cy Szkolnej. Dziewcz\u0119ta zdoby\u0142y\u00a0<b>I miejsce<\/b>, a ch\u0142opcy\u00a0<b>II miejsce<\/b>. Tym samym obie grupy zakwalifikowa\u0142y si\u0119 do zawod\u00f3w powiatowych. \ud83d\ude42<\/p>\n<p>Dru\u017cyna dziewcz\u0105t: Justyna Borucka, Natalia Kosieli\u0144ska, Julita B\u0105ba\u0142a; Dru\u017cyna ch\u0142opc\u00f3w: Piotr Majchrzak, Bartosz G\u00f3rajczyk, Krystian Jod\u0142owski.<\/p>\n<\/div>\n<\/div>\n<div id=\"page-zones__main-widgets__5be3396ae0eb5\" class=\"responsivecolumns widget js-widget\" data-name=\"responsivecolumns\" data-uniqueid=\"jDbWlTprcPq69IY\" data-parentuniqueid=\"wA0HnAmbpmGOSGF\">\n<section id=\"page-zones__main-widgets__5be3396ae0eb5-zones__5be3396b470d7\" class=\"bk-zone column columns-two-left\" data-uniqueid=\"Z8bv2biBKCw6veu\" data-parentuniqueid=\"jDbWlTprcPq69IY\">\n<div id=\"page-zones__main-widgets__5be3396ae0eb5-zones__5be3396b470d7-widgets__5be3396b65fa4\" class=\"image widget js-widget\" data-name=\"image\" data-uniqueid=\"o9IE0eYPvWeE8GU\" data-parentuniqueid=\"Z8bv2biBKCw6veu\"><a class=\"widget-align-left js-pswp-image-trigger\" title=\"\" href=\"http:\/\/spradzanowo.pl\/sport\/none\" target=\"none\" rel=\"noopener\"><span class=\"image-img\"><img decoding=\"async\" class=\"image js-pswp-image\" title=\"\" src=\"http:\/\/files.clickweb.home.pl\/f0\/fd\/f0fd59fe-9547-491f-9420-5f95a1e92c03.jpg\" alt=\"\" width=\"1600\" data-filename=\"IMG-20181107-WA0003.jpg\" data-filesize=\"\" data-path=\"\/\/files.clickweb.home.pl\/f0\/fd\/f0fd59fe-9547-491f-9420-5f95a1e92c03.jpg\" \/><\/span><\/a><\/div>\n<\/section>\n<section id=\"page-zones__main-widgets__5be3396ae0eb5-zones__5be3396b57919\" class=\"bk-zone column columns-two-right\" data-uniqueid=\"TPPx8BFB9swlDjB\" data-parentuniqueid=\"jDbWlTprcPq69IY\">\n<div id=\"page-zones__main-widgets__5be3396ae0eb5-zones__5be3396b57919-widgets__5be3396bd8cf7\" class=\"image widget js-widget\" data-name=\"image\" data-uniqueid=\"AOKx1pQyEq3sVGc\" data-parentuniqueid=\"TPPx8BFB9swlDjB\"><a class=\"widget-align-left js-pswp-image-trigger\" title=\"\" href=\"http:\/\/spradzanowo.pl\/sport\/none\" target=\"none\" rel=\"noopener\"><span class=\"image-img\"><img decoding=\"async\" class=\"image js-pswp-image\" title=\"\" src=\"http:\/\/files.clickweb.home.pl\/76\/b4\/76b410fe-1f40-4d38-819c-dbb0cecf9b87.jpg\" alt=\"\" width=\"1600\" data-filename=\"IMG-20181107-WA0004.jpg\" data-filesize=\"\" data-path=\"\/\/files.clickweb.home.pl\/76\/b4\/76b410fe-1f40-4d38-819c-dbb0cecf9b87.jpg\" \/><\/span><\/a><\/div>\n<\/section>\n<\/div>\n<div id=\"page-zones__main-widgets__5be3382972ef2\" class=\"line widget js-widget\" data-name=\"line\" data-uniqueid=\"Ghi0BQ4j6gpuo9I\" data-parentuniqueid=\"wA0HnAmbpmGOSGF\">\n<hr class=\"line\" \/>\n<\/div>\n<div id=\"page-zones__main-widgets__5bec393290d5f\" class=\"responsivecolumns widget js-widget\" data-name=\"responsivecolumns\" data-uniqueid=\"bfqu2jkzFxByf0J\" data-parentuniqueid=\"wA0HnAmbpmGOSGF\">\n<section id=\"page-zones__main-widgets__5bec393290d5f-zones__5bec3932e5408\" class=\"bk-zone column columns-two-left\" data-uniqueid=\"lss5kYA2WB5hWkY\" data-parentuniqueid=\"bfqu2jkzFxByf0J\">\n<div id=\"page-zones__main-widgets__5bec393290d5f-zones__5bec3932e5408-widgets__5bec393309ebd\" class=\"content widget js-widget\" data-name=\"content\" data-uniqueid=\"LbbpXXs2am1OwfS\" data-parentuniqueid=\"lss5kYA2WB5hWkY\">\n<div class=\"bk-content-text js-text-content   wysihtml-editor-content\">\n<p>&nbsp;<\/p>\n<p>&nbsp;<\/p>\n<p><b>24.10.2018r. SP Radzanowo na podium w Sierpcu<\/b><\/p>\n<p>\u2003W Sierpcu odby\u0142y si\u0119 Mi\u0119dzypowiatowe zawody w Indywidualnych Biegach Prze\u0142ajowych w ramach Mazowieckich Igrzysk M\u0142odzie\u017cy Szkolnej. Reprezentacja SP Radzanowo osi\u0105gn\u0119\u0142a bardzo dobre wyniki wygrywaj\u0105c klasyfikacj\u0119 dru\u017cynow\u0105 ch\u0142opc\u00f3w w kategorii \u201em\u0142odzie\u017c\u201d, oraz zajmuj\u0105c drugie miejsce w klasyfikacji dru\u017cynowej dziewcz\u0105t w kategorii \u201em\u0142odzie\u017c\u201d.<\/p>\n<p>&nbsp;<\/p>\n<p>&nbsp;<\/p>\n<p>\u2003Indywidualnie nasi reprezentanci zdobyli rekordow\u0105 ilo\u015b\u0107 21 kwalifikacji do fina\u0142u wojew\u00f3dzkiego, kt\u00f3ry odb\u0119dzie si\u0119 na wiosn\u0119 2019 roku. Na medalowych i czo\u0142owych pozycjach biegi uko\u0144czyli:\u00a0<b>Mateusz Atlak\u00a0<\/b>\u2013 I miejsce,<b>\u00a0Mateusz Bogda\u0144ski<\/b>\u00a0 \u2013 II miejsce,\u00a0<b>Grzegorz Krzemi\u0144ski\u00a0<\/b>\u2013 IV miejsce,\u00a0<b>Artur Woroniecki<\/b>\u00a0\u2013 V miejsce<\/p>\n<p>&nbsp;<\/p>\n<p><b><\/b><\/p>\n<p>Uczniowie SP Radzanowo zakwalifikowani do fina\u0142u wojew\u00f3dzkiego:<\/p>\n<p>Julia Bogos, Aleksandra Czarnecka, Natalia Gawli\u0144ska, Larysa Korzeniewska, Klaudia Majchrzak, Aleksandra Zakrzewska, Krzysztofa Dworakowska, Julia Jasi\u0144ska, Mateusz Atlak, Mateusz Bogda\u0144ski, Grzegorz Krzemi\u0144ski, Jakub Lemaniak, Igor Jod\u0142owski, \u0141ukasz Jab\u0142o\u0144ski, Bart\u0142omiej Witkowski, Jakub Gawli\u0144ski, \u0141ukasz Lewandowski, Jakub Padzik, Artur Woroniecki, Dawid Kie\u0142pi\u0144ski \ud83d\ude42<\/p>\n<p><b><br \/><\/b><\/p>\n<p>&nbsp;<\/p>\n<\/div>\n<\/div>\n<\/section>\n<section id=\"page-zones__main-widgets__5bec393290d5f-zones__5bec3932f0213\" class=\"bk-zone column columns-two-right\" data-uniqueid=\"DyPcVp0Z15n2boB\" data-parentuniqueid=\"bfqu2jkzFxByf0J\">\n<div id=\"page-zones__main-widgets__5bec393290d5f-zones__5bec3932f0213-widgets__5bec39337d975\" class=\"image widget js-widget\" data-name=\"image\" data-uniqueid=\"mMe9EPq137RXTyv\" data-parentuniqueid=\"DyPcVp0Z15n2boB\"><a class=\"widget-align-left js-pswp-image-trigger\" title=\"\" href=\"http:\/\/spradzanowo.pl\/sport\/none\" target=\"none\" rel=\"noopener\"><span class=\"image-img\"><img decoding=\"async\" class=\"image js-pswp-image\" title=\"\" src=\"http:\/\/files.clickweb.home.pl\/d2\/99\/d2995972-f1ba-405b-a15c-cc38fff959aa.jpg\" alt=\"\" width=\"632\" data-filename=\"0abdf83b-6890-41b0-8b25-ed2d39cd65ba.jpg\" data-filesize=\"\" data-path=\"\/\/files.clickweb.home.pl\/d2\/99\/d2995972-f1ba-405b-a15c-cc38fff959aa.jpg\" \/><\/span><\/a><\/div>\n<\/section>\n<\/div>\n<div id=\"page-zones__main-widgets__5bd443dc18db5\" class=\"responsivecolumns widget js-widget\" data-name=\"responsivecolumns\" data-uniqueid=\"nMubgF2A0nhZM1V\" data-parentuniqueid=\"wA0HnAmbpmGOSGF\">\n<section id=\"page-zones__main-widgets__5bd443dc18db5-zones__5bd443dc66de0\" class=\"bk-zone column columns-two-left\" data-uniqueid=\"0SATdhusyBvXFB5\" data-parentuniqueid=\"nMubgF2A0nhZM1V\">\n<div id=\"page-zones__main-widgets__5bd443dc18db5-zones__5bd443dc66de0-widgets__5bd443dc75943\" class=\"image widget js-widget\" data-name=\"image\" data-uniqueid=\"lw3i5h4df2SM5A1\" data-parentuniqueid=\"0SATdhusyBvXFB5\"><a class=\"widget-align-left js-pswp-image-trigger\" title=\"\" href=\"http:\/\/spradzanowo.pl\/sport\/none\" target=\"none\" rel=\"noopener\"><span class=\"image-img\"><img decoding=\"async\" class=\"image js-pswp-image\" title=\"\" src=\"http:\/\/files.clickweb.home.pl\/4c\/90\/4c90d1d1-0979-4786-b56d-4f4910164b77.jpg\" alt=\"\" width=\"990\" data-filename=\"sierpc1.jpg\" data-filesize=\"\" data-path=\"\/\/files.clickweb.home.pl\/4c\/90\/4c90d1d1-0979-4786-b56d-4f4910164b77.jpg\" \/><\/span><\/a><\/div>\n<\/section>\n<section id=\"page-zones__main-widgets__5bd443dc18db5-zones__5bd443e64ffec\" class=\"bk-zone column columns-two-right\" data-uniqueid=\"t9W7HCnB78iNXX0\" data-parentuniqueid=\"nMubgF2A0nhZM1V\">\n<div id=\"page-zones__main-widgets__5bd443dc18db5-zones__5bd443e64ffec-widgets__5bd443e672045\" class=\"image widget js-widget\" data-name=\"image\" data-uniqueid=\"sdfPeuNPmzQlZvy\" data-parentuniqueid=\"t9W7HCnB78iNXX0\"><a class=\"widget-align-left js-pswp-image-trigger\" title=\"\" href=\"http:\/\/spradzanowo.pl\/sport\/none\" target=\"none\" rel=\"noopener\"><span class=\"image-img\"><img decoding=\"async\" class=\"image js-pswp-image\" title=\"\" src=\"http:\/\/files.clickweb.home.pl\/f4\/7c\/f47ce566-3cc6-431b-b0eb-87e2adaff5a0.jpg\" alt=\"\" width=\"865\" data-filename=\"b8e764b6-9ea5-4af0-8450-d91491a35e8d.jpg\" data-filesize=\"\" data-path=\"\/\/files.clickweb.home.pl\/f4\/7c\/f47ce566-3cc6-431b-b0eb-87e2adaff5a0.jpg\" \/><\/span><\/a><\/div>\n<\/section>\n<\/div>\n<div id=\"page-zones__main-widgets__5bd43dbf66dcb\" class=\"line widget js-widget\" data-name=\"line\" data-uniqueid=\"W95XXPVqnQV8fbT\" data-parentuniqueid=\"wA0HnAmbpmGOSGF\">\n<hr class=\"line\" \/>\n<\/div>\n<div id=\"page-zones__main-widgets__5bd75659a3edd\" class=\"responsivecolumns widget js-widget\" data-name=\"responsivecolumns\" data-uniqueid=\"qdYTSfpewXrKBvA\" data-parentuniqueid=\"wA0HnAmbpmGOSGF\">\n<section id=\"page-zones__main-widgets__5bd75659a3edd-zones__5bd75659e9781\" class=\"bk-zone column columns-two-left\" data-uniqueid=\"OOMN29zqf17upe6\" data-parentuniqueid=\"qdYTSfpewXrKBvA\">\n<div id=\"page-zones__main-widgets__5bd75659a3edd-zones__5bd75659e9781-widgets__5bd7565a0d332\" class=\"content widget js-widget\" data-name=\"content\" data-uniqueid=\"PyypM4uu2R5uhhL\" data-parentuniqueid=\"OOMN29zqf17upe6\">\n<div class=\"bk-content-text js-text-content   wysihtml-editor-content\">\n<p>&nbsp;<\/p>\n<p><b>\u00a016.10.2018r.\u00a0 Mi\u0119dzypowiatowe Sztafetowe Biegi Prze\u0142ajowe Mazowieckich Igrzysk M\u0142odzie\u017cy Szkolnej w Podg\u00f3rzu.<\/b><br \/>II miejsce ch\u0142opc\u00f3w &#8211; kategoria m\u0142odzie\u017c<\/p>\n<p>V miejsce dziewcz\u0105t &#8211; kategoria m\u0142odzie\u017c<\/p>\n<p>VI miejsce ch\u0142opc\u00f3w &#8211; kategoria dzieci<\/p>\n<p>VIII miejsce dziewcz\u0105t &#8211; kategoria dzieci<\/p>\n<p>&nbsp;<\/p>\n<\/div>\n<\/div>\n<div id=\"page-zones__main-widgets__5bd75659a3edd-zones__5bd75659e9781-widgets__5bd7567165973\" class=\"image widget js-widget\" data-name=\"image\" data-uniqueid=\"Uj0H6qfXdmH7iot\" data-parentuniqueid=\"OOMN29zqf17upe6\"><a class=\"widget-align-left js-pswp-image-trigger\" title=\"\" href=\"http:\/\/spradzanowo.pl\/sport\/none\" target=\"none\" rel=\"noopener\"><span class=\"image-img\"><img decoding=\"async\" class=\"image js-pswp-image\" title=\"\" src=\"http:\/\/files.clickweb.home.pl\/75\/8a\/758a609a-5889-4059-9031-5d8a2d93ab16.jpg\" alt=\"\" width=\"960\" data-filename=\"mi\u0119dzypow sztaf1.jpg\" data-filesize=\"\" data-path=\"\/\/files.clickweb.home.pl\/75\/8a\/758a609a-5889-4059-9031-5d8a2d93ab16.jpg\" \/><\/span><\/a><\/div>\n<div id=\"page-zones__main-widgets__5bd75659a3edd-zones__5bd75659e9781-widgets__5bd756a276a80\" class=\"image widget js-widget\" data-name=\"image\" data-uniqueid=\"oCsBhzYpbVpel4f\" data-parentuniqueid=\"OOMN29zqf17upe6\"><a class=\"widget-align-left js-pswp-image-trigger\" title=\"\" href=\"http:\/\/spradzanowo.pl\/sport\/none\" target=\"none\" rel=\"noopener\"><span class=\"image-img\"><img decoding=\"async\" class=\"image js-pswp-image\" title=\"\" src=\"http:\/\/files.clickweb.home.pl\/83\/fb\/83fb9b68-2aae-4e87-96b1-fd65b55af032.jpg\" alt=\"\" width=\"960\" data-filename=\"mi\u0119dzypow sztaf3.jpg\" data-filesize=\"\" data-path=\"\/\/files.clickweb.home.pl\/83\/fb\/83fb9b68-2aae-4e87-96b1-fd65b55af032.jpg\" \/><\/span><\/a><\/div>\n<\/section>\n<section id=\"page-zones__main-widgets__5bd75659a3edd-zones__5bd756ac84c9d\" class=\"bk-zone column columns-two-right\" data-uniqueid=\"PY5AZqR6ssrG5lM\" data-parentuniqueid=\"qdYTSfpewXrKBvA\">\n<div id=\"page-zones__main-widgets__5bd75659a3edd-zones__5bd756ac84c9d-widgets__5bd756aca9a50\" class=\"image widget js-widget\" data-name=\"image\" data-uniqueid=\"TJImjDwF0mdCfJ6\" data-parentuniqueid=\"PY5AZqR6ssrG5lM\"><a class=\"widget-align-center js-pswp-image-trigger\" title=\"\" href=\"http:\/\/spradzanowo.pl\/sport\/none\" target=\"none\" rel=\"noopener\"><span class=\"image-img\"><img decoding=\"async\" class=\"image js-pswp-image\" title=\"\" src=\"http:\/\/files.clickweb.home.pl\/c7\/43\/c74394b2-f935-4ec4-ac5a-58d77b9865a6.jpg\" alt=\"\" width=\"311\" data-filename=\"fe824d81-65da-47a2-91ad-744a6b2193e2.jpg\" data-filesize=\"\" data-path=\"\/\/files.clickweb.home.pl\/c7\/43\/c74394b2-f935-4ec4-ac5a-58d77b9865a6.jpg\" \/><\/span><\/a><\/div>\n<div id=\"page-zones__main-widgets__5bd75659a3edd-zones__5bd756ac84c9d-widgets__5bd7570c9d3cf\" class=\"image widget js-widget\" data-name=\"image\" data-uniqueid=\"0GCEfYvNJXOzzba\" data-parentuniqueid=\"PY5AZqR6ssrG5lM\"><a class=\"widget-align-left js-pswp-image-trigger\" title=\"\" href=\"http:\/\/spradzanowo.pl\/sport\/none\" target=\"none\" rel=\"noopener\"><span class=\"image-img\"><img decoding=\"async\" class=\"image js-pswp-image\" title=\"\" src=\"http:\/\/files.clickweb.home.pl\/ac\/5a\/ac5a0153-8226-4803-93ac-77cd9547636a.jpg\" alt=\"\" width=\"640\" data-filename=\"mi\u0119dzypow sztaf.jpg\" data-filesize=\"\" data-path=\"\/\/files.clickweb.home.pl\/ac\/5a\/ac5a0153-8226-4803-93ac-77cd9547636a.jpg\" \/><\/span><\/a><\/div>\n<\/section>\n<\/div>\n<div id=\"page-zones__main-widgets__5bd750d8755af\" class=\"line widget js-widget\" data-name=\"line\" data-uniqueid=\"pywqllF71ZdTjtA\" data-parentuniqueid=\"wA0HnAmbpmGOSGF\">\n<hr class=\"line\" \/>\n<\/div>\n<div id=\"page-zones__main-widgets__5bd756361fa79\" class=\"responsivecolumns widget js-widget\" data-name=\"responsivecolumns\" data-uniqueid=\"bv73mFXALJD4Cv1\" data-parentuniqueid=\"wA0HnAmbpmGOSGF\">\n<section id=\"page-zones__main-widgets__5bd756361fa79-zones__5bd756365cc2d\" class=\"bk-zone column columns-two-left\" data-uniqueid=\"QWT4vCZIoGNekHG\" data-parentuniqueid=\"bv73mFXALJD4Cv1\">\n<div id=\"page-zones__main-widgets__5bd756361fa79-zones__5bd756365cc2d-widgets__5bd7563678ded\" class=\"content widget js-widget\" data-name=\"content\" data-uniqueid=\"ise39GoBkw6dikm\" data-parentuniqueid=\"QWT4vCZIoGNekHG\">\n<div class=\"bk-content-text js-text-content   wysihtml-editor-content\">\n<p>&nbsp;<\/p>\n<p><b>05.10.2018r. XXVII P\u0142ocki Bieg Tumski<\/b><\/p>\n<p>Najlepszy indywidualny wynik to\u00a0<b>III miejsce Mateusza Atlaka<\/b><\/p>\n<p>&nbsp;<\/p>\n<\/div>\n<\/div>\n<\/section>\n<section id=\"page-zones__main-widgets__5bd756361fa79-zones__5bd756366ae0c\" class=\"bk-zone column columns-two-right\" data-uniqueid=\"qOSikhTThiNdMqS\" data-parentuniqueid=\"bv73mFXALJD4Cv1\">\n<div id=\"page-zones__main-widgets__5bd756361fa79-zones__5bd756366ae0c-widgets__5bd75636d1082\" class=\"image widget js-widget\" data-name=\"image\" data-uniqueid=\"bWxgP5eZgBY0Ezj\" data-parentuniqueid=\"qOSikhTThiNdMqS\"><a class=\"widget-align-left js-pswp-image-trigger\" title=\"\" href=\"http:\/\/spradzanowo.pl\/sport\/none\" target=\"none\" rel=\"noopener\"><span class=\"image-img\"><img decoding=\"async\" class=\"image js-pswp-image\" title=\"\" src=\"http:\/\/files.clickweb.home.pl\/fd\/0e\/fd0eea05-0ac4-464b-b2d2-2566d08c921b.jpg\" alt=\"\" width=\"960\" data-filename=\"tumski.jpg\" data-filesize=\"\" data-path=\"\/\/files.clickweb.home.pl\/fd\/0e\/fd0eea05-0ac4-464b-b2d2-2566d08c921b.jpg\" \/><\/span><\/a><\/div>\n<\/section>\n<\/div>\n<div id=\"page-zones__main-widgets__5bd754a8cc8ec\" class=\"line widget js-widget\" data-name=\"line\" data-uniqueid=\"ojFlqYtrP2BJ8JK\" data-parentuniqueid=\"wA0HnAmbpmGOSGF\">\n<hr class=\"line\" \/>\n<\/div>\n<div id=\"page-zones__main-widgets__5bd757fc5cdcf\" class=\"responsivecolumns widget js-widget\" data-name=\"responsivecolumns\" data-uniqueid=\"WjsGACMj0qqTALT\" data-parentuniqueid=\"wA0HnAmbpmGOSGF\">\n<section id=\"page-zones__main-widgets__5bd757fc5cdcf-zones__5bd757fca8fb7\" class=\"bk-zone column columns-two-left\" data-uniqueid=\"SiiJeadPT0ECoPK\" data-parentuniqueid=\"WjsGACMj0qqTALT\">\n<div id=\"page-zones__main-widgets__5bd757fc5cdcf-zones__5bd757fca8fb7-widgets__5bd757fcbfdb6\" class=\"content widget js-widget\" data-name=\"content\" data-uniqueid=\"pPnDSThwPS2iarY\" data-parentuniqueid=\"SiiJeadPT0ECoPK\">\n<div class=\"bk-content-text js-text-content   wysihtml-editor-content\">\n<p>&nbsp;<\/p>\n<p><b>04.10.2018r. Powiatowe Sztafetowe Biegi Prze\u0142ajowe Mazowieckich Igrzysk M\u0142odzie\u017cy Szkolnej w Podg\u00f3rzu.<\/b><\/p>\n<p>II miejsce dziewcz\u0105t &#8211; kategoria m\u0142odzie\u017c\u00a0\u00a0<\/p>\n<p>IV miejsce dziewcz\u0105t &#8211; kategoria dzieci<\/p>\n<p>III miejsce ch\u0142opc\u00f3w &#8211; kategoria dzieci<\/p>\n<p>III miejsce ch\u0142opc\u00f3w &#8211; kategoria m\u0142odzie\u017c<\/p>\n<p>&nbsp;<\/p>\n<\/div>\n<\/div>\n<\/section>\n<section id=\"page-zones__main-widgets__5bd757fc5cdcf-zones__5bd757fcb29f5\" class=\"bk-zone column columns-two-right\" data-uniqueid=\"ruTGy3uxbr1nf92\" data-parentuniqueid=\"WjsGACMj0qqTALT\">\n<div id=\"page-zones__main-widgets__5bd757fc5cdcf-zones__5bd757fcb29f5-widgets__5bd757fd25940\" class=\"image widget js-widget\" data-name=\"image\" data-uniqueid=\"f62IWKWMDgmhsRT\" data-parentuniqueid=\"ruTGy3uxbr1nf92\"><a class=\"widget-align-left js-pswp-image-trigger\" title=\"\" href=\"http:\/\/spradzanowo.pl\/sport\/none\" target=\"none\" rel=\"noopener\"><span class=\"image-img\"><img decoding=\"async\" class=\"image js-pswp-image\" title=\"\" src=\"http:\/\/files.clickweb.home.pl\/78\/06\/7806e8ca-4bb0-4f6c-b12c-c8247039c3ea.jpg\" alt=\"\" width=\"960\" data-filename=\"podg3.jpg\" data-filesize=\"\" data-path=\"\/\/files.clickweb.home.pl\/78\/06\/7806e8ca-4bb0-4f6c-b12c-c8247039c3ea.jpg\" \/><\/span><\/a><\/div>\n<\/section>\n<\/div>\n<div id=\"page-zones__main-widgets__5bd7579e6332b\" class=\"responsivecolumns widget js-widget\" data-name=\"responsivecolumns\" data-uniqueid=\"tuA6lK1AvzSfBbR\" data-parentuniqueid=\"wA0HnAmbpmGOSGF\">\n<section id=\"page-zones__main-widgets__5bd7579e6332b-zones__5bd7579ea3be2\" class=\"bk-zone column columns-two-left\" data-uniqueid=\"arOWs055deOtBIG\" data-parentuniqueid=\"tuA6lK1AvzSfBbR\">\n<div id=\"page-zones__main-widgets__5bd7579e6332b-zones__5bd7579ea3be2-widgets__5bd7579ebc505\" class=\"image widget js-widget\" data-name=\"image\" data-uniqueid=\"RnyAPk7qxtknA0F\" data-parentuniqueid=\"arOWs055deOtBIG\"><a class=\"widget-align-left js-pswp-image-trigger\" title=\"\" href=\"http:\/\/spradzanowo.pl\/sport\/none\" target=\"none\" rel=\"noopener\"><span class=\"image-img\"><img decoding=\"async\" class=\"image js-pswp-image\" title=\"\" src=\"http:\/\/files.clickweb.home.pl\/2b\/dd\/2bdd2abf-d52d-46bd-b9da-2a798c820ec2.jpg\" alt=\"\" width=\"960\" data-filename=\"podg2.jpg\" data-filesize=\"\" data-path=\"\/\/files.clickweb.home.pl\/2b\/dd\/2bdd2abf-d52d-46bd-b9da-2a798c820ec2.jpg\" \/><\/span><\/a><\/div>\n<\/section>\n<section id=\"page-zones__main-widgets__5bd7579e6332b-zones__5bd7579eaf72d\" class=\"bk-zone column columns-two-right\" data-uniqueid=\"k0Z2b3fsefNhokf\" data-parentuniqueid=\"tuA6lK1AvzSfBbR\">\n<div id=\"page-zones__main-widgets__5bd7579e6332b-zones__5bd7579eaf72d-widgets__5bd7579f18c13\" class=\"image widget js-widget\" data-name=\"image\" data-uniqueid=\"pOca8STEVhrQWQY\" data-parentuniqueid=\"k0Z2b3fsefNhokf\"><a class=\"widget-align-left js-pswp-image-trigger\" title=\"\" href=\"http:\/\/spradzanowo.pl\/sport\/none\" target=\"none\" rel=\"noopener\"><span class=\"image-img\"><img decoding=\"async\" class=\"image js-pswp-image\" title=\"\" src=\"http:\/\/files.clickweb.home.pl\/da\/ee\/daeeff82-e017-4fa3-960b-a851c7722d0e.jpg\" alt=\"\" width=\"960\" data-filename=\"podg3.jpg\" data-filesize=\"\" data-path=\"\/\/files.clickweb.home.pl\/da\/ee\/daeeff82-e017-4fa3-960b-a851c7722d0e.jpg\" \/><\/span><\/a><\/div>\n<\/section>\n<\/div>\n<div id=\"page-zones__main-widgets__5bd758e75eba1\" class=\"responsivecolumns widget js-widget\" data-name=\"responsivecolumns\" data-uniqueid=\"xKKoRjp8svUAgti\" data-parentuniqueid=\"wA0HnAmbpmGOSGF\">\n<section id=\"page-zones__main-widgets__5bd758e75eba1-zones__5bd758e7a43ba\" class=\"bk-zone column columns-two-left\" data-uniqueid=\"e6M4RqTCedghbBY\" data-parentuniqueid=\"xKKoRjp8svUAgti\">\n<div id=\"page-zones__main-widgets__5bd758e75eba1-zones__5bd758e7a43ba-widgets__5bd758e825179\" class=\"image widget js-widget\" data-name=\"image\" data-uniqueid=\"nz5BGUVJqnzojfn\" data-parentuniqueid=\"e6M4RqTCedghbBY\"><a class=\"widget-align-left js-pswp-image-trigger\" title=\"\" href=\"http:\/\/spradzanowo.pl\/sport\/none\" target=\"none\" rel=\"noopener\"><span class=\"image-img\"><img decoding=\"async\" class=\"image js-pswp-image\" title=\"\" src=\"http:\/\/files.clickweb.home.pl\/da\/d7\/dad77e49-f583-4113-b2af-14f90caaac46.jpg\" alt=\"\" width=\"960\" data-filename=\"pogd.jpg\" data-filesize=\"\" data-path=\"\/\/files.clickweb.home.pl\/da\/d7\/dad77e49-f583-4113-b2af-14f90caaac46.jpg\" \/><\/span><\/a><\/div>\n<\/section>\n<section id=\"page-zones__main-widgets__5bd758e75eba1-zones__5bd758e7aee5c\" class=\"bk-zone column columns-two-right\" data-uniqueid=\"lPXJJoRrEk1gK8F\" data-parentuniqueid=\"xKKoRjp8svUAgti\">\n<div id=\"page-zones__main-widgets__5bd758e75eba1-zones__5bd758e7aee5c-widgets__5bd758e7bbc55\" class=\"image widget js-widget\" data-name=\"image\" data-uniqueid=\"t5rDSFPIXVy780c\" data-parentuniqueid=\"lPXJJoRrEk1gK8F\"><a class=\"widget-align-left js-pswp-image-trigger\" title=\"\" href=\"http:\/\/spradzanowo.pl\/sport\/none\" target=\"none\" rel=\"noopener\"><span class=\"image-img\"><img decoding=\"async\" class=\"image js-pswp-image\" title=\"\" src=\"http:\/\/files.clickweb.home.pl\/56\/06\/56061f78-d772-42b4-bfde-6bf629355d22.jpg\" alt=\"\" width=\"960\" data-filename=\"pogd6.jpg\" data-filesize=\"\" data-path=\"\/\/files.clickweb.home.pl\/56\/06\/56061f78-d772-42b4-bfde-6bf629355d22.jpg\" \/><\/span><\/a><\/div>\n<\/section>\n<\/div>\n<div id=\"page-zones__main-widgets__5bd757c0b421a\" class=\"responsivecolumns widget js-widget\" data-name=\"responsivecolumns\" data-uniqueid=\"U5aXOBM1tbKZzTG\" data-parentuniqueid=\"wA0HnAmbpmGOSGF\">\n<section id=\"page-zones__main-widgets__5bd757c0b421a-zones__5bd757c103983\" class=\"bk-zone column columns-three-left\" data-uniqueid=\"Q41H1Z0qlFn5mgR\" data-parentuniqueid=\"U5aXOBM1tbKZzTG\">\n<div id=\"page-zones__main-widgets__5bd757c0b421a-zones__5bd757c103983-widgets__5bd758a7dc08f\" class=\"image widget js-widget\" data-name=\"image\" data-uniqueid=\"JVGkx0pRZxM5XZa\" data-parentuniqueid=\"Q41H1Z0qlFn5mgR\"><a class=\"widget-align-left js-pswp-image-trigger\" title=\"\" href=\"http:\/\/spradzanowo.pl\/sport\/none\" target=\"none\" rel=\"noopener\"><span class=\"image-img\"><img decoding=\"async\" class=\"image js-pswp-image\" title=\"\" src=\"http:\/\/files.clickweb.home.pl\/85\/5d\/855d491a-ece7-49c3-a69d-9b7ba5b6bdb7.jpg\" alt=\"\" width=\"415\" data-filename=\"IMG_20181019_125445566.jpg\" data-filesize=\"\" data-path=\"\/\/files.clickweb.home.pl\/85\/5d\/855d491a-ece7-49c3-a69d-9b7ba5b6bdb7.jpg\" \/><\/span><\/a><\/div>\n<\/section>\n<section id=\"page-zones__main-widgets__5bd757c0b421a-zones__5bd758f096108\" class=\"bk-zone column columns-three-middle\" data-uniqueid=\"lWqZ14efieXYzQR\" data-parentuniqueid=\"U5aXOBM1tbKZzTG\">\n<div id=\"page-zones__main-widgets__5bd757c0b421a-zones__5bd758f096108-widgets__5bd758f0ba9d3\" class=\"image widget js-widget\" data-name=\"image\" data-uniqueid=\"YMxdiUlzdZVbhpz\" data-parentuniqueid=\"lWqZ14efieXYzQR\"><a class=\"widget-align-left js-pswp-image-trigger\" title=\"\" href=\"http:\/\/spradzanowo.pl\/sport\/none\" target=\"none\" rel=\"noopener\"><span class=\"image-img\"><img decoding=\"async\" class=\"image js-pswp-image\" title=\"\" src=\"http:\/\/files.clickweb.home.pl\/39\/17\/39170f2d-d3b1-4455-b681-9a880687ceda.jpg\" alt=\"\" width=\"559\" data-filename=\"IMG_20181019_125457806.jpg\" data-filesize=\"\" data-path=\"\/\/files.clickweb.home.pl\/39\/17\/39170f2d-d3b1-4455-b681-9a880687ceda.jpg\" \/><\/span><\/a><\/div>\n<\/section>\n<section id=\"page-zones__main-widgets__5bd757c0b421a-zones__5bd757c10d2c8\" class=\"bk-zone column columns-three-right\" data-uniqueid=\"Wl7HLfU3SRGN590\" data-parentuniqueid=\"U5aXOBM1tbKZzTG\">\n<div id=\"page-zones__main-widgets__5bd757c0b421a-zones__5bd757c10d2c8-widgets__5bd758c34690b\" class=\"image widget js-widget\" data-name=\"image\" data-uniqueid=\"hasGkLRJQJkmPlX\" data-parentuniqueid=\"Wl7HLfU3SRGN590\"><a class=\"widget-align-left js-pswp-image-trigger\" title=\"\" href=\"http:\/\/spradzanowo.pl\/sport\/none\" target=\"none\" rel=\"noopener\"><span class=\"image-img\"><img decoding=\"async\" class=\"image js-pswp-image\" title=\"\" src=\"http:\/\/files.clickweb.home.pl\/25\/e7\/25e70a99-be1c-4b0a-8a1e-2c48011c673e.jpg\" alt=\"\" width=\"560\" data-filename=\"IMG_20181019_125508774.jpg\" data-filesize=\"\" data-path=\"\/\/files.clickweb.home.pl\/25\/e7\/25e70a99-be1c-4b0a-8a1e-2c48011c673e.jpg\" \/><\/span><\/a><\/div>\n<\/section>\n<\/div>\n<div id=\"page-zones__main-widgets__5bd754a5d3db9\" class=\"line widget js-widget\" data-name=\"line\" data-uniqueid=\"iXTqvaXJyIZh8gT\" data-parentuniqueid=\"wA0HnAmbpmGOSGF\">\n<hr class=\"line\" \/>\n<\/div>\n<div id=\"page-zones__main-widgets__5bb10c9bd7c1a\" class=\"responsivecolumns widget js-widget\" data-name=\"responsivecolumns\" data-uniqueid=\"2QWfr5ntUdw6wVW\" data-parentuniqueid=\"wA0HnAmbpmGOSGF\">\n<section id=\"page-zones__main-widgets__5bb10c9bd7c1a-zones__5bb10c9c14baa\" class=\"bk-zone column columns-three-left\" data-uniqueid=\"5MlSUHLN8QTvtJa\" data-parentuniqueid=\"2QWfr5ntUdw6wVW\">\n<div id=\"page-zones__main-widgets__5bb10c9bd7c1a-zones__5bb10c9c14baa-widgets__5bb10c9c2ae18\" class=\"content widget js-widget\" data-name=\"content\" data-uniqueid=\"lQi0QQsp05UjfYH\" data-parentuniqueid=\"5MlSUHLN8QTvtJa\">\n<div class=\"bk-content-text js-text-content   wysihtml-editor-content\">\n<p><b>27 wrze\u015bnia 2018r.\u00a0<\/b><b>na biegach prze\u0142ajowych w SP13 w P\u0142ocku.<\/b><\/p>\n<p><b>Na zdj\u0119ciach uczniowie z sukcesami w swoich kategoriach wiekowych:<\/b><\/p>\n<p><b>I miejsce<\/b>\u00a0Dawid Kie\u0142pi\u0144ski,\u00a0<b>II miejsce<\/b>\u00a0Marceli Gontarek,\u00a0<b>IV miejsce<\/b>\u00a0Oliwier Zieli\u0144ski,<b>\u00a0V miejsce<\/b>\u00a0Piotr Dobosz<\/p>\n<p><b>I miejsce<\/b>\u00a0Artur Woroniecki,\u00a0<b>III miejsce<\/b>\u00a0Filip Szyma\u0144ski,\u00a0<b>\u00a0V miejsce<\/b>\u00a0Piotr Kruk<\/p>\n<p><b>I miejsce<\/b>\u00a0 Wiktoria Szajewska,\u00a0<b>II miejsce<\/b>\u00a0Natalia \u0141awicka,<b>\u00a0VI miejsce<\/b>\u00a0Wiktoria Charubin<\/p>\n<p><b>V miejsce<\/b>\u00a0 Natalia Wo\u017aniak<\/p>\n<\/div>\n<\/div>\n<\/section>\n<section id=\"page-zones__main-widgets__5bb10c9bd7c1a-zones__5bb10c9c1e729\" class=\"bk-zone column columns-three-middle\" data-uniqueid=\"Ekouz3cqX1Dt8tl\" data-parentuniqueid=\"2QWfr5ntUdw6wVW\">\n<div id=\"page-zones__main-widgets__5bb10c9bd7c1a-zones__5bb10c9c1e729-widgets__5bb10c9c55ab8\" class=\"responsiveslideshow widget js-widget\" data-name=\"responsiveslideshow\" data-uniqueid=\"hNdK4fooNqoxchX\" data-parentuniqueid=\"Ekouz3cqX1Dt8tl\">\n<div class=\"slideshow-widget-wrapper\">\n<div class=\"slideshow-widget\">\n<div class=\"btns-move\"><span class=\"btn-prev js-btn-prev slide-ctrl js-slide-ctrl\" data-ref=\"12\">prev<\/span><span class=\"btn-next js-btn-next slide-ctrl js-slide-ctrl\" data-ref=\"1\">next<\/span><\/div>\n<ul class=\"slideshow-image-list\">\n<li class=\"js-responsiveslideshow-image-item slideshow-image-item current\" data-ref=\"5\">\n<div class=\"image-wrapper\"><img decoding=\"async\" class=\"slideshow-image js-responsiveslideshow-image\" src=\"http:\/\/files.clickweb.home.pl\/60\/57\/6057c0cd-61fd-49d8-8c50-a7fb5936cf6b.jpg\" \/><\/div>\n<div class=\"content-wrapper\">\u00a0<\/div>\n<\/li>\n<\/ul>\n<\/div>\n<div class=\"slideshow-widget-controls\">\u00a0\u00a0\u00a0\u00a0\u00a0\u00a0\u00a0\u00a0\u00a0\u00a0\u00a0\u00a0<\/div>\n<\/div>\n<\/div>\n<\/section>\n<section id=\"page-zones__main-widgets__5bb10c9bd7c1a-zones__5bd758782b6a4\" class=\"bk-zone column columns-three-right\" data-uniqueid=\"ghc4rVIJm0TaVJz\" data-parentuniqueid=\"2QWfr5ntUdw6wVW\">\n<div id=\"page-zones__main-widgets__5bb10c9bd7c1a-zones__5bd758782b6a4-widgets__5bd7587852c87\" class=\"image widget js-widget\" data-name=\"image\" data-uniqueid=\"eg0HNeXZbflQgcH\" data-parentuniqueid=\"ghc4rVIJm0TaVJz\"><a class=\"widget-align-left js-pswp-image-trigger\" title=\"\" href=\"http:\/\/spradzanowo.pl\/sport\/none\" target=\"none\" rel=\"noopener\"><span class=\"image-img\"><img decoding=\"async\" class=\"image js-pswp-image\" title=\"\" src=\"http:\/\/files.clickweb.home.pl\/84\/28\/84287c67-fef0-4566-b090-9c8c84b804d9.jpg\" alt=\"\" width=\"540\" data-filename=\"IMG_20181019_125516819.jpg\" data-filesize=\"\" data-path=\"\/\/files.clickweb.home.pl\/84\/28\/84287c67-fef0-4566-b090-9c8c84b804d9.jpg\" \/><\/span><\/a><\/div>\n<\/section>\n<\/div>\n<div id=\"page-zones__main-widgets__5bb109935b279\" class=\"responsivecolumns widget js-widget\" data-name=\"responsivecolumns\" data-uniqueid=\"j5Qpd2oVzZVbPu9\" data-parentuniqueid=\"wA0HnAmbpmGOSGF\">\n<section id=\"page-zones__main-widgets__5bb109935b279-zones__5bb109938a5d8\" class=\"bk-zone column columns-four-first\" data-uniqueid=\"CKV42pzXow940lz\" data-parentuniqueid=\"j5Qpd2oVzZVbPu9\">\n<div id=\"page-zones__main-widgets__5bb109935b279-zones__5bb109938a5d8-widgets__5bb109939f999\" class=\"image widget js-widget\" data-name=\"image\" data-uniqueid=\"XHx24IAcP8wQFel\" data-parentuniqueid=\"CKV42pzXow940lz\"><a class=\"widget-align-center js-pswp-image-trigger\" title=\"\" href=\"http:\/\/spradzanowo.pl\/sport\/none\" target=\"none\" rel=\"noopener\"><span class=\"image-img\"><img decoding=\"async\" class=\"image js-pswp-image\" title=\"\" src=\"http:\/\/files.clickweb.home.pl\/6e\/89\/6e89e731-4479-4d6d-a4e8-f01bdc3511b4.jpg\" alt=\"\" width=\"843\" data-filename=\"biegi SP13 P\u0142ock.jpg\" data-filesize=\"\" data-path=\"\/\/files.clickweb.home.pl\/6e\/89\/6e89e731-4479-4d6d-a4e8-f01bdc3511b4.jpg\" \/><\/span><\/a><\/div>\n<\/section>\n<section id=\"page-zones__main-widgets__5bb109935b279-zones__5bb10993936c4\" class=\"bk-zone column columns-four-second\" data-uniqueid=\"W7tWM9dzeYzg0Z3\" data-parentuniqueid=\"j5Qpd2oVzZVbPu9\">\n<div id=\"page-zones__main-widgets__5bb109935b279-zones__5bb10993936c4-widgets__5bb10993cb0d3\" class=\"image widget js-widget\" data-name=\"image\" data-uniqueid=\"z4w4buiDp2znbWo\" data-parentuniqueid=\"W7tWM9dzeYzg0Z3\"><a class=\"widget-align-left js-pswp-image-trigger\" title=\"\" href=\"http:\/\/spradzanowo.pl\/sport\/none\" target=\"none\" rel=\"noopener\"><span class=\"image-img\"><img decoding=\"async\" class=\"image js-pswp-image\" title=\"\" src=\"http:\/\/files.clickweb.home.pl\/50\/3e\/503eb2b7-a757-449a-af44-7517fd5ccfa3.jpg\" alt=\"\" width=\"1600\" data-filename=\"IMG-20180929-WA0005.jpg\" data-filesize=\"\" data-path=\"\/\/files.clickweb.home.pl\/50\/3e\/503eb2b7-a757-449a-af44-7517fd5ccfa3.jpg\" \/><\/span><\/a><\/div>\n<\/section>\n<section id=\"page-zones__main-widgets__5bb109935b279-zones__5bb10a5c47022\" class=\"bk-zone column columns-four-third\" data-uniqueid=\"DxND2hPLj4rW2Va\" data-parentuniqueid=\"j5Qpd2oVzZVbPu9\">\n<div id=\"page-zones__main-widgets__5bb109935b279-zones__5bb10a5c47022-widgets__5bb10a5c5cf66\" class=\"image widget js-widget\" data-name=\"image\" data-uniqueid=\"SU0f2pYHnU67JAU\" data-parentuniqueid=\"DxND2hPLj4rW2Va\"><a class=\"widget-align-left js-pswp-image-trigger\" title=\"\" href=\"http:\/\/spradzanowo.pl\/sport\/none\" target=\"none\" rel=\"noopener\"><span class=\"image-img\"><img decoding=\"async\" class=\"image js-pswp-image\" title=\"\" src=\"http:\/\/files.clickweb.home.pl\/a9\/96\/a996f707-2c36-4d80-b030-0ca02451de12.jpg\" alt=\"\" width=\"1600\" data-filename=\"IMG-20180929-WA0002.jpg\" data-filesize=\"\" data-path=\"\/\/files.clickweb.home.pl\/a9\/96\/a996f707-2c36-4d80-b030-0ca02451de12.jpg\" \/><\/span><\/a><\/div>\n<\/section>\n<section id=\"page-zones__main-widgets__5bb109935b279-zones__5bb10c04a10b5\" class=\"bk-zone column columns-four-fourth\" data-uniqueid=\"TyExMS2sUTYR1EW\" data-parentuniqueid=\"j5Qpd2oVzZVbPu9\">\n<div id=\"page-zones__main-widgets__5bb109935b279-zones__5bb10c04a10b5-widgets__5bb10c04b79c2\" class=\"image widget js-widget\" data-name=\"image\" data-uniqueid=\"xQooEgLxn7WTRsM\" data-parentuniqueid=\"TyExMS2sUTYR1EW\"><a class=\"widget-align-left js-pswp-image-trigger\" title=\"\" href=\"http:\/\/spradzanowo.pl\/sport\/none\" target=\"none\" rel=\"noopener\"><span class=\"image-img\"><img decoding=\"async\" class=\"image js-pswp-image\" title=\"\" src=\"http:\/\/files.clickweb.home.pl\/ea\/6b\/ea6b703c-8a7f-4121-a54f-d8502770e35c.jpg\" alt=\"\" width=\"1600\" data-filename=\"IMG-20180929-WA0009.jpg\" data-filesize=\"\" data-path=\"\/\/files.clickweb.home.pl\/ea\/6b\/ea6b703c-8a7f-4121-a54f-d8502770e35c.jpg\" \/><\/span><\/a><\/div>\n<\/section>\n<\/div>\n<div id=\"page-zones__main-widgets__5bad3091b6326\" class=\"line widget js-widget\" data-name=\"line\" data-uniqueid=\"LRLHGzXjIZPODE2\" data-parentuniqueid=\"wA0HnAmbpmGOSGF\">\n<hr class=\"line\" \/>\n<\/div>\n<div id=\"page-zones__main-widgets__5aba6e3cdfc74\" class=\"content widget js-widget\" data-name=\"content\" data-uniqueid=\"cddK8xByUI0wgIM\" data-parentuniqueid=\"wA0HnAmbpmGOSGF\">\n<div class=\"bk-content-text js-text-content   wysihtml-editor-content\">\n<h1>Sukcesy sportowe 2017\/2018<\/h1>\n<\/div>\n<\/div>\n<div id=\"page-zones__main-widgets__5aba6e32d4118\" class=\"line widget js-widget\" data-name=\"line\" data-uniqueid=\"CawGZ6Se7rW9zEX\" data-parentuniqueid=\"wA0HnAmbpmGOSGF\">\n<hr class=\"line\" \/>\n<\/div>\n<div id=\"page-zones__main-widgets__5af20bcda2786\" class=\"responsivecolumns widget js-widget\" data-name=\"responsivecolumns\" data-uniqueid=\"SPUmyMemftLLxAB\" data-parentuniqueid=\"wA0HnAmbpmGOSGF\">\n<section id=\"page-zones__main-widgets__5af20bcda2786-zones__5af20bcdc5058\" class=\"bk-zone column columns-two-left\" data-uniqueid=\"I42zJPrOit69Zh5\" data-parentuniqueid=\"SPUmyMemftLLxAB\">\n<div id=\"page-zones__main-widgets__5af20bcda2786-zones__5af20bcdc5058-widgets__5af20bcdda0bb\" class=\"image widget js-widget\" data-name=\"image\" data-uniqueid=\"UP6yA2t8LCf9PVH\" data-parentuniqueid=\"I42zJPrOit69Zh5\"><a class=\"widget-align-left js-pswp-image-trigger\" title=\"\" href=\"http:\/\/spradzanowo.pl\/sport\/none\" target=\"none\" rel=\"noopener\"><span class=\"image-img\"><img decoding=\"async\" class=\"image js-pswp-image\" title=\"\" src=\"http:\/\/files.clickweb.home.pl\/25\/78\/25784120-13c6-4e57-8a25-5c88e1873506.JPG\" alt=\"\" width=\"555\" data-filename=\"DSC_0925.JPG\" data-filesize=\"\" data-path=\"\/\/files.clickweb.home.pl\/25\/78\/25784120-13c6-4e57-8a25-5c88e1873506.JPG\" \/><\/span><\/a><\/div>\n<\/section>\n<section id=\"page-zones__main-widgets__5af20bcda2786-zones__5af20bcdcdd1b\" class=\"bk-zone column columns-two-right\" data-uniqueid=\"5IYEjJJUv10myf2\" data-parentuniqueid=\"SPUmyMemftLLxAB\">\n<div id=\"page-zones__main-widgets__5af20bcda2786-zones__5af20bcdcdd1b-widgets__5af20c7530239\" class=\"image widget js-widget\" data-name=\"image\" data-uniqueid=\"9JRtxgsI0e2pBqT\" data-parentuniqueid=\"5IYEjJJUv10myf2\"><a class=\"widget-align-left js-pswp-image-trigger\" title=\"\" href=\"http:\/\/spradzanowo.pl\/sport\/none\" target=\"none\" rel=\"noopener\"><span class=\"image-img\"><img decoding=\"async\" class=\"image js-pswp-image\" title=\"\" src=\"http:\/\/files.clickweb.home.pl\/1b\/15\/1b156da5-9c4d-4372-b8d0-5f05cd3848c1.JPG\" alt=\"\" width=\"800\" data-filename=\"DSC_0917.JPG\" data-filesize=\"\" data-path=\"\/\/files.clickweb.home.pl\/1b\/15\/1b156da5-9c4d-4372-b8d0-5f05cd3848c1.JPG\" \/><\/span><\/a><\/div>\n<div id=\"page-zones__main-widgets__5af20bcda2786-zones__5af20bcdcdd1b-widgets__5af20ca6200ab\" class=\"image widget js-widget\" data-name=\"image\" data-uniqueid=\"R4BQIpe7NBFs7WQ\" data-parentuniqueid=\"5IYEjJJUv10myf2\"><a class=\"widget-align-left js-pswp-image-trigger\" title=\"\" href=\"http:\/\/spradzanowo.pl\/sport\/none\" target=\"none\" rel=\"noopener\"><span class=\"image-img\"><img decoding=\"async\" class=\"image js-pswp-image\" title=\"\" src=\"http:\/\/files.clickweb.home.pl\/24\/d1\/24d120cb-f69b-4133-8310-321b0d5cbf17.JPG\" alt=\"\" width=\"800\" data-filename=\"DSC_0918.JPG\" data-filesize=\"\" data-path=\"\/\/files.clickweb.home.pl\/24\/d1\/24d120cb-f69b-4133-8310-321b0d5cbf17.JPG\" \/><\/span><\/a><\/div>\n<\/section>\n<\/div>\n<div id=\"page-zones__main-widgets__5af20cac4c1d8\" class=\"responsivecolumns widget js-widget\" data-name=\"responsivecolumns\" data-uniqueid=\"ZS2YGeLIllNZ7I2\" data-parentuniqueid=\"wA0HnAmbpmGOSGF\">\n<section id=\"page-zones__main-widgets__5af20cac4c1d8-zones__5af20cac7209b\" class=\"bk-zone column columns-two-left\" data-uniqueid=\"rdSTjkxkCD1izUf\" data-parentuniqueid=\"ZS2YGeLIllNZ7I2\">\n<div id=\"page-zones__main-widgets__5af20cac4c1d8-zones__5af20cac7209b-widgets__5af20cac8de55\" class=\"image widget js-widget\" data-name=\"image\" data-uniqueid=\"GRNiKLP2tyWQFva\" data-parentuniqueid=\"rdSTjkxkCD1izUf\"><a class=\"widget-align-left js-pswp-image-trigger\" title=\"\" href=\"http:\/\/spradzanowo.pl\/sport\/none\" target=\"none\" rel=\"noopener\"><span class=\"image-img\"><img decoding=\"async\" class=\"image js-pswp-image\" title=\"\" src=\"http:\/\/files.clickweb.home.pl\/74\/40\/74400982-9148-4d6b-a9a0-f7ad02cce5ed.JPG\" alt=\"\" width=\"800\" data-filename=\"DSC_0921.JPG\" data-filesize=\"\" data-path=\"\/\/files.clickweb.home.pl\/74\/40\/74400982-9148-4d6b-a9a0-f7ad02cce5ed.JPG\" \/><\/span><\/a><\/div>\n<\/section>\n<section id=\"page-zones__main-widgets__5af20cac4c1d8-zones__5af20cac7fc8b\" class=\"bk-zone column columns-two-right\" data-uniqueid=\"hIb9pAHkFWeCjpO\" data-parentuniqueid=\"ZS2YGeLIllNZ7I2\">\n<div id=\"page-zones__main-widgets__5af20cac4c1d8-zones__5af20cac7fc8b-widgets__5af20cacb593d\" class=\"image widget js-widget\" data-name=\"image\" data-uniqueid=\"7J8cMIc89xaaOLl\" data-parentuniqueid=\"hIb9pAHkFWeCjpO\"><a class=\"widget-align-left js-pswp-image-trigger\" title=\"\" href=\"http:\/\/spradzanowo.pl\/sport\/none\" target=\"none\" rel=\"noopener\"><span class=\"image-img\"><img decoding=\"async\" class=\"image js-pswp-image\" title=\"\" src=\"http:\/\/files.clickweb.home.pl\/b3\/f0\/b3f0cf2b-519f-4377-811f-ec2e7416da4c.JPG\" alt=\"\" width=\"800\" data-filename=\"DSC_0922.JPG\" data-filesize=\"\" data-path=\"\/\/files.clickweb.home.pl\/b3\/f0\/b3f0cf2b-519f-4377-811f-ec2e7416da4c.JPG\" \/><\/span><\/a><\/div>\n<\/section>\n<\/div>\n<div id=\"page-zones__main-widgets__5af20ba3b7f3b\" class=\"line widget js-widget\" data-name=\"line\" data-uniqueid=\"dkq3m7wDk4VgKii\" data-parentuniqueid=\"wA0HnAmbpmGOSGF\">\n<hr class=\"line\" \/>\n<\/div>\n<div id=\"page-zones__main-widgets__5bd75033eca61\" class=\"responsivecolumns widget js-widget\" data-name=\"responsivecolumns\" data-uniqueid=\"Y5pFGi9Fug8hnIm\" data-parentuniqueid=\"wA0HnAmbpmGOSGF\">\n<section id=\"page-zones__main-widgets__5bd75033eca61-zones__5bd750341a607\" class=\"bk-zone column columns-three-left\" data-uniqueid=\"EwEkjx15Aw8Ssll\" data-parentuniqueid=\"Y5pFGi9Fug8hnIm\">\n<div id=\"page-zones__main-widgets__5bd75033eca61-zones__5bd750341a607-widgets__5bd7503431376\" class=\"image widget js-widget\" data-name=\"image\" data-uniqueid=\"W2YxahCMUnD6xlT\" data-parentuniqueid=\"EwEkjx15Aw8Ssll\"><a class=\"widget-align-center js-pswp-image-trigger\" title=\"\" href=\"http:\/\/spradzanowo.pl\/sport\/none\" target=\"none\" rel=\"noopener\"><span class=\"image-img\"><img decoding=\"async\" class=\"image js-pswp-image\" title=\"\" src=\"http:\/\/files.clickweb.home.pl\/bb\/49\/bb495299-65c7-4375-b996-29cd5882d42e.JPG\" alt=\"\" width=\"561\" data-filename=\"P3270039.JPG\" data-filesize=\"\" data-path=\"\/\/files.clickweb.home.pl\/bb\/49\/bb495299-65c7-4375-b996-29cd5882d42e.JPG\" \/><\/span><\/a><\/div>\n<\/section>\n<section id=\"page-zones__main-widgets__5bd75033eca61-zones__5bd75034241a6\" class=\"bk-zone column columns-three-middle\" data-uniqueid=\"HOzzxOvEvZZy5BV\" data-parentuniqueid=\"Y5pFGi9Fug8hnIm\">\n<div id=\"page-zones__main-widgets__5bd75033eca61-zones__5bd75034241a6-widgets__5bd750345b208\" class=\"image widget js-widget\" data-name=\"image\" data-uniqueid=\"ReniDOIsAfUCUZc\" data-parentuniqueid=\"HOzzxOvEvZZy5BV\"><a class=\"widget-align-left js-pswp-image-trigger\" title=\"\" href=\"http:\/\/spradzanowo.pl\/sport\/none\" target=\"none\" rel=\"noopener\"><span class=\"image-img\"><img decoding=\"async\" class=\"image js-pswp-image\" title=\"\" src=\"http:\/\/files.clickweb.home.pl\/bb\/c9\/bbc9495f-3ebe-4713-8df9-bdd169d0b4ba.jpg\" alt=\"\" width=\"547\" data-filename=\"IMG_20181019_125532033.jpg\" data-filesize=\"\" data-path=\"\/\/files.clickweb.home.pl\/bb\/c9\/bbc9495f-3ebe-4713-8df9-bdd169d0b4ba.jpg\" \/><\/span><\/a><\/div>\n<\/section>\n<section id=\"page-zones__main-widgets__5bd75033eca61-zones__5bd750637f77f\" class=\"bk-zone column columns-three-right\" data-uniqueid=\"ZYnPkUhfGDM7Ahs\" data-parentuniqueid=\"Y5pFGi9Fug8hnIm\">\n<div id=\"page-zones__main-widgets__5bd75033eca61-zones__5bd750637f77f-widgets__5bd750639607a\" class=\"image widget js-widget\" data-name=\"image\" data-uniqueid=\"3q0qVa3T2OPHzEJ\" data-parentuniqueid=\"ZYnPkUhfGDM7Ahs\"><a class=\"widget-align-left js-pswp-image-trigger\" title=\"\" href=\"http:\/\/spradzanowo.pl\/sport\/none\" target=\"none\" rel=\"noopener\"><span class=\"image-img\"><img decoding=\"async\" class=\"image js-pswp-image\" title=\"\" src=\"http:\/\/files.clickweb.home.pl\/ec\/dc\/ecdc7024-afe1-4d4b-8f34-c6f4ec89c02d.jpg\" alt=\"\" width=\"551\" data-filename=\"IMG_20181019_125523398.jpg\" data-filesize=\"\" data-path=\"\/\/files.clickweb.home.pl\/ec\/dc\/ecdc7024-afe1-4d4b-8f34-c6f4ec89c02d.jpg\" \/><\/span><\/a><\/div>\n<\/section>\n<\/div>\n<div id=\"page-zones__main-widgets__5bd750998dd5a\" class=\"line widget js-widget\" data-name=\"line\" data-uniqueid=\"XsGzArkGBElQe6x\" data-parentuniqueid=\"wA0HnAmbpmGOSGF\">\n<hr class=\"line\" \/>\n<\/div>\n<div id=\"page-zones__main-widgets__5aba6eb2c22e3\" class=\"responsivecolumns widget js-widget\" data-name=\"responsivecolumns\" data-uniqueid=\"BO6sAfJytgA0aSQ\" data-parentuniqueid=\"wA0HnAmbpmGOSGF\">\n<section id=\"page-zones__main-widgets__5aba6eb2c22e3-zones__5aba6eb2db059\" class=\"bk-zone column columns-two-left\" data-uniqueid=\"BLh2KEbdScCiedL\" data-parentuniqueid=\"BO6sAfJytgA0aSQ\">\n<div id=\"page-zones__main-widgets__5aba6eb2c22e3-zones__5aba6eb2db059-widgets__5aba6eb2f1c90\" class=\"content widget js-widget\" data-name=\"content\" data-uniqueid=\"rqN5FSD0LSvZodL\" data-parentuniqueid=\"BLh2KEbdScCiedL\">\n<div class=\"bk-content-text js-text-content   wysihtml-editor-content\">\n<p>&nbsp;<\/p>\n<p>&nbsp;<\/p>\n<p>15.02.2018r.<br \/><b>Powiatowy Turniej Unihokeja Ch\u0142opc\u00f3w<\/b><br \/>W czwartek 15 lutego go\u015bcili\u015bmy w naszej szkole dru\u017cyny ch\u0142opc\u00f3w reprezentuj\u0105ce sze\u015b\u0107 szk\u00f3\u0142, kt\u00f3re zwyci\u0119\u017cy\u0142y w gminnych i rejonowych zawodach.<br \/>W wyniku rywalizacji uzyskano:<br \/>I miejsce &#8211; S\u0142ubice,\u00a0<b>II miejsce &#8211; Radznaowo<\/b>, III miejsce &#8211; Nowe Miszewo, IV miejsce &#8211; Proboszczewice, V miejsce &#8211; Sik\u00f3rz, VI miejsce &#8211; Nowy Dunin\u00f3w.<\/p>\n<p>&nbsp;<\/p>\n<\/div>\n<\/div>\n<\/section>\n<section id=\"page-zones__main-widgets__5aba6eb2c22e3-zones__5aba6eb2e507c\" class=\"bk-zone column columns-two-right\" data-uniqueid=\"ZHBiZ0a1ikISOlm\" data-parentuniqueid=\"BO6sAfJytgA0aSQ\">\n<div id=\"page-zones__main-widgets__5aba6eb2c22e3-zones__5aba6eb2e507c-widgets__5aba6eb312653\" class=\"image widget js-widget\" data-name=\"image\" data-uniqueid=\"HIA0SuvzdES2PXw\" data-parentuniqueid=\"ZHBiZ0a1ikISOlm\"><a class=\"widget-align-left js-pswp-image-trigger\" title=\"\" href=\"http:\/\/spradzanowo.pl\/sport\/none\" target=\"none\" rel=\"noopener\"><span class=\"image-img\"><img decoding=\"async\" class=\"image js-pswp-image\" title=\"\" src=\"http:\/\/files.clickweb.home.pl\/6f\/31\/6f31c444-6814-44ef-a3ef-85a2b91056e9.JPG\" alt=\"\" width=\"800\" data-filename=\"DSC_0112.JPG\" data-filesize=\"\" data-path=\"\/\/files.clickweb.home.pl\/6f\/31\/6f31c444-6814-44ef-a3ef-85a2b91056e9.JPG\" \/><\/span><\/a><\/div>\n<\/section>\n<\/div>\n<div id=\"page-zones__main-widgets__5a9594650270c\" class=\"responsivecolumns widget js-widget\" data-name=\"responsivecolumns\" data-uniqueid=\"UxsArEKotZl3wfl\" data-parentuniqueid=\"wA0HnAmbpmGOSGF\">\n<section id=\"page-zones__main-widgets__5a9594650270c-zones__5a95946528e85\" class=\"bk-zone column columns-two-left\" data-uniqueid=\"r1cYzIwYU4XbYOi\" data-parentuniqueid=\"UxsArEKotZl3wfl\">\n<div id=\"page-zones__main-widgets__5a9594650270c-zones__5a95946528e85-widgets__5a95946540a61\" class=\"content widget js-widget\" data-name=\"content\" data-uniqueid=\"RXO6hXrCfWu3J4a\" data-parentuniqueid=\"r1cYzIwYU4XbYOi\">\n<div class=\"bk-content-text js-text-content   wysihtml-editor-content\">\n<p>&nbsp;<\/p>\n<p>13.02.2018r.<br \/><b>Powiatowy Turniej Unihokeja Dziewcz\u0105t<\/b><br \/>We wtorek 13 lutego go\u015bcili\u015bmy w naszej szkole dru\u017cyny dziewcz\u0105t reprezentuj\u0105ce pi\u0119\u0107 szk\u00f3\u0142, kt\u00f3re zwyci\u0119\u017cy\u0142y w gminnych i rejonowych zawodach.<br \/>W wyniku rywalizacji uzyskano:<br \/>I miejsce &#8211; S\u0142ubice, II miejsce &#8211; Proboszczewice, III miejsce &#8211; Nowe Miszewo, IV miejsce &#8211; Sik\u00f3rz,\u00a0<b>V miejsce &#8211; Radzanowo.<\/b><\/div>\n<\/div>\n<\/section>\n<section id=\"page-zones__main-widgets__5a9594650270c-zones__5aba6e6bd5eb4\" class=\"bk-zone column columns-two-right\" data-uniqueid=\"FmDzIoEaV385pGn\" data-parentuniqueid=\"UxsArEKotZl3wfl\">\n<div id=\"page-zones__main-widgets__5a9594650270c-zones__5aba6e6bd5eb4-widgets__5aba6e6be960c\" class=\"image widget js-widget\" data-name=\"image\" data-uniqueid=\"kt1OvMMFI8DcBDl\" data-parentuniqueid=\"FmDzIoEaV385pGn\"><a class=\"widget-align-left js-pswp-image-trigger\" title=\"\" href=\"http:\/\/spradzanowo.pl\/sport\/none\" target=\"none\" rel=\"noopener\"><span class=\"image-img\"><img decoding=\"async\" class=\"image js-pswp-image\" title=\"\" src=\"http:\/\/files.clickweb.home.pl\/ee\/05\/ee059b9f-724e-4cb3-8480-5fffc08a7335.JPG\" alt=\"\" width=\"800\" data-filename=\"DSC_1048.JPG\" data-filesize=\"\" data-path=\"\/\/files.clickweb.home.pl\/ee\/05\/ee059b9f-724e-4cb3-8480-5fffc08a7335.JPG\" \/><\/span><\/a><\/div>\n<\/section>\n<\/div>\n<div id=\"page-zones__main-widgets__5bd7509fbe28d\" class=\"line widget js-widget\" data-name=\"line\" data-uniqueid=\"WUwcgMofsUJfj9J\" data-parentuniqueid=\"wA0HnAmbpmGOSGF\">\n<hr class=\"line\" \/>\n<\/div>\n<div id=\"page-zones__main-widgets__5aba6dc9de1b8\" class=\"responsivecolumns widget js-widget\" data-name=\"responsivecolumns\" data-uniqueid=\"GvblMwAC0XTSSLr\" data-parentuniqueid=\"wA0HnAmbpmGOSGF\">\n<section id=\"page-zones__main-widgets__5aba6dc9de1b8-zones__5aba6dc9f1f2a\" class=\"bk-zone column columns-two-left\" data-uniqueid=\"ZQAHGCHIpah0jfF\" data-parentuniqueid=\"GvblMwAC0XTSSLr\">\n<div id=\"page-zones__main-widgets__5aba6dc9de1b8-zones__5aba6dc9f1f2a-widgets__5aba6dca14417\" class=\"content widget js-widget\" data-name=\"content\" data-uniqueid=\"AmouKqipefanJRE\" data-parentuniqueid=\"ZQAHGCHIpah0jfF\">\n<div class=\"bk-content-text js-text-content   wysihtml-editor-content\">\n<p>10.12.2017r.<br \/><b>Orlen handball mini liga &#8211; XI edycja V klas szk\u00f3\u0142 podstawowych<\/b><br \/>Ch\u0142opcy reprezentuj\u0105cy szko\u0142\u0119 z klas V i IV zdobyli XII miejsce.<\/p>\n<\/div>\n<\/div>\n<\/section>\n<section id=\"page-zones__main-widgets__5aba6dc9de1b8-zones__5aba6dca07cb2\" class=\"bk-zone column columns-two-right\" data-uniqueid=\"pQv8PhDu8twbp2x\" data-parentuniqueid=\"GvblMwAC0XTSSLr\">\n<div id=\"page-zones__main-widgets__5aba6dc9de1b8-zones__5aba6dca07cb2-widgets__5aba6dca25497\" class=\"image widget js-widget\" data-name=\"image\" data-uniqueid=\"IwBVnKLIviyGeIZ\" data-parentuniqueid=\"pQv8PhDu8twbp2x\"><a class=\"widget-align-left js-pswp-image-trigger\" title=\"\" href=\"http:\/\/spradzanowo.pl\/sport\/none\" target=\"none\" rel=\"noopener\"><span class=\"image-img\"><img decoding=\"async\" class=\"image js-pswp-image\" title=\"\" src=\"http:\/\/files.clickweb.home.pl\/57\/fb\/57fbd25f-f5d6-4cbe-959b-97e58fedb251.jpg\" alt=\"\" width=\"300\" data-filename=\"2128c9bb-7919-46e9-8499-dd2c422b1ff5.jpg\" data-filesize=\"\" data-path=\"\/\/files.clickweb.home.pl\/57\/fb\/57fbd25f-f5d6-4cbe-959b-97e58fedb251.jpg\" \/><\/span><\/a><\/div>\n<\/section>\n<\/div>\n<div id=\"page-zones__main-widgets__5bd750a4cc249\" class=\"line widget js-widget\" data-name=\"line\" data-uniqueid=\"IX40oyeJs6RdaZw\" data-parentuniqueid=\"wA0HnAmbpmGOSGF\">\n<hr class=\"line\" \/>\n<\/div>\n<div id=\"page-zones__main-widgets__5a0afb553aa9a\" class=\"content widget js-widget\" data-name=\"content\" data-uniqueid=\"wgioO24TAfmRgOF\" data-parentuniqueid=\"wA0HnAmbpmGOSGF\">\n<div class=\"bk-content-text js-text-content   wysihtml-editor-content\">\n<p>13.11.2017r.<br \/><b>Rejonowy Dru\u017cynowy Turniej Tenisa Sto\u0142owego<\/b><br \/>Kasia Dobosz i Natalia Kosieli\u0144ska &#8211; I miejsce w kat. dziewcz\u0105t rocznik 2005 i m\u0142odsi<br \/>Jakub Gawli\u0144ski i Adam \u0141awicki &#8211; II miejsce w kat. ch\u0142opc\u00f3w rocznik 2005 i m\u0142odsi<\/p>\n<\/div>\n<\/div>\n<div id=\"page-zones__main-widgets__5bd750aa0c6a9\" class=\"line widget js-widget\" data-name=\"line\" data-uniqueid=\"UOIyrjvmtiasImE\" data-parentuniqueid=\"wA0HnAmbpmGOSGF\">\n<hr class=\"line\" \/>\n<\/div>\n<div id=\"page-zones__main-widgets__59ea51b87f652\" class=\"content widget js-widget\" data-name=\"content\" data-uniqueid=\"JtmrFuj1BKhlqZ3\" data-parentuniqueid=\"wA0HnAmbpmGOSGF\">\n<div class=\"bk-content-text js-text-content   wysihtml-editor-content\">\n<p>02.10.2017r.<\/p>\n<p><b>Powiatowe Sztafetowe Biegi Prze\u0142ajowe &#8211; Podg\u00f3rze 2017<\/b><\/p>\n<p>Dru\u017cyna ch\u0142opc\u00f3w SP &#8211; II miejsce<\/p>\n<p>Dru\u017cyna dziewcz\u0105t SP &#8211; VI miejsce<\/p>\n<\/div>\n<\/div>\n<p>[\/et_pb_text][\/et_pb_column][\/et_pb_row][\/et_pb_section]<\/p>\n","protected":false},"excerpt":{"rendered":"<p>[et_pb_section fb_built=&#8221;1&#8243; _builder_version=&#8221;4.7.5&#8243; _module_preset=&#8221;default&#8221;][et_pb_row _builder_version=&#8221;4.7.5&#8243; _module_preset=&#8221;default&#8221;][et_pb_column type=&#8221;4_4&#8243; _builder_version=&#8221;4.7.5&#8243; _module_preset=&#8221;default&#8221;][et_pb_text _builder_version=&#8221;4.7.5&#8243; _module_preset=&#8221;default&#8221; header_text_color=&#8221;#000000&#8243; hover_enabled=&#8221;0&#8243; sticky_enabled=&#8221;0&#8243;] 16.05.2019r. Powiatowy Czw\u00f3rb\u00f3j LA \u2003 Dru\u017cyna dziewcz\u0105t\u00a0zaj\u0119\u0142a\u00a0III miejsce\u00a0i\u00a0dru\u017cyna ch\u0142opc\u00f3w r\u00f3wnie\u017c\u00a0III miejsce\u00a0w Powiatowym Czw\u00f3rboju Lekkoatletycznym w Proboszczewicach. Zawody odby\u0142y si\u0119 w ramach Mazowieckich Igrzysk M\u0142odzie\u017cy Szkolnej w kategorii dzieci. Gratulujemy:)\u00a0Fotorelacja &nbsp; 15.05.2019r. Mi\u0119dzypowiatowy Fina\u0142 zawod\u00f3w lekkoatletycznych \u2003Reprezentacja SP RADZANOWO na FINALE MI\u0118DZYPOWIATOWYM [&hellip;]<\/p>\n","protected":false},"author":1,"featured_media":0,"parent":0,"menu_order":0,"comment_status":"closed","ping_status":"closed","template":"","meta":{"_et_pb_use_builder":"on","_et_pb_old_content":"<!-- wp:divi\/placeholder \/-->","_et_gb_content_width":"","footnotes":""},"class_list":["post-52","page","type-page","status-publish","hentry"],"_links":{"self":[{"href":"https:\/\/spradzanowo.pl\/index.php?rest_route=\/wp\/v2\/pages\/52","targetHints":{"allow":["GET"]}}],"collection":[{"href":"https:\/\/spradzanowo.pl\/index.php?rest_route=\/wp\/v2\/pages"}],"about":[{"href":"https:\/\/spradzanowo.pl\/index.php?rest_route=\/wp\/v2\/types\/page"}],"author":[{"embeddable":true,"href":"https:\/\/spradzanowo.pl\/index.php?rest_route=\/wp\/v2\/users\/1"}],"replies":[{"embeddable":true,"href":"https:\/\/spradzanowo.pl\/index.php?rest_route=%2Fwp%2Fv2%2Fcomments&post=52"}],"version-history":[{"count":5,"href":"https:\/\/spradzanowo.pl\/index.php?rest_route=\/wp\/v2\/pages\/52\/revisions"}],"predecessor-version":[{"id":818,"href":"https:\/\/spradzanowo.pl\/index.php?rest_route=\/wp\/v2\/pages\/52\/revisions\/818"}],"wp:attachment":[{"href":"https:\/\/spradzanowo.pl\/index.php?rest_route=%2Fwp%2Fv2%2Fmedia&parent=52"}],"curies":[{"name":"wp","href":"https:\/\/api.w.org\/{rel}","templated":true}]}}