{"id":60,"date":"2021-05-11T13:53:14","date_gmt":"2021-05-11T11:53:14","guid":{"rendered":"http:\/\/spradzanowo.pl\/?page_id=60"},"modified":"2025-10-23T11:38:39","modified_gmt":"2025-10-23T09:38:39","slug":"kalendarium","status":"publish","type":"page","link":"https:\/\/spradzanowo.pl\/?page_id=60","title":{"rendered":"KALENDARIUM"},"content":{"rendered":"<p>[et_pb_section fb_built=&#8221;1&#8243; _builder_version=&#8221;4.7.5&#8243; _module_preset=&#8221;default&#8221;][et_pb_row _builder_version=&#8221;4.7.5&#8243; _module_preset=&#8221;default&#8221;][et_pb_column type=&#8221;4_4&#8243; _builder_version=&#8221;4.7.5&#8243; _module_preset=&#8221;default&#8221;][et_pb_text _builder_version=&#8221;4.7.5&#8243; _module_preset=&#8221;default&#8221; header_text_color=&#8221;#000000&#8243;]<\/p>\n<h1 style=\"text-align: center;\">KALENDARIUM 2025\/26<\/h1>\n<p>[\/et_pb_text][et_pb_text _builder_version=&#8221;4.7.5&#8243; _module_preset=&#8221;default&#8221; text_font=&#8221;|300|||||||&#8221; text_text_color=&#8221;#000000&#8243; text_font_size=&#8221;18px&#8221; text_line_height=&#8221;1.8em&#8221; header_text_color=&#8221;#8300e9&#8243; animation_style=&#8221;fade&#8221; animation_duration=&#8221;1150ms&#8221; hover_enabled=&#8221;0&#8243; sticky_enabled=&#8221;0&#8243;]<\/p>\n<p><span style=\"font-size: 18px;\">\u00a0<\/span><\/p>\n<p class=\"s5\">\n<p class=\"s5\"><strong><span class=\"s4\">Godziny przyj\u0119\u0107 interesant\u00f3w<\/span><\/strong><\/p>\n<p class=\"s7\"><strong><span class=\"s6\">Dyrektor<\/span><\/strong><\/p>\n<p class=\"s9\"><span class=\"s8\">Wtorek<\/span><span class=\"s8\"> &#8211; \u00a0w godz. 12.00 \u2013 14<\/span><span class=\"s8\">.00<\/span><\/p>\n<p class=\"s9\"><span class=\"s8\">Czwartek<\/span><span class=\"s8\"> &#8211; \u00a0<\/span><span class=\"s8\">w godz. 9.00 \u2013 11<\/span><span class=\"s8\">.00<\/span><\/p>\n<p class=\"s11\"><span class=\"s10\">\/w innych terminach po uzgodnieniu telefonicznym\/<\/span><\/p>\n<p class=\"s7\"><strong><span class=\"s6\">Wicedyrektor<\/span><\/strong><\/p>\n<p class=\"s9\"><span class=\"s8\">Poniedzia\u0142ek<\/span><span class=\"s8\"> w godz. <\/span><span class=\"s8\">11<\/span><span class=\"s8\">.00 \u2013 13<\/span><span class=\"s8\">.00<\/span><\/p>\n<p class=\"s9\"><span class=\"s8\">\u015aroda<\/span><span class=\"s8\"> \u00a0w godz. 8.00 \u2013 10<\/span><span class=\"s8\">.00<\/span><\/p>\n<p class=\"s11\"><span class=\"s10\">\/w innych terminach po uzgodnieniu telefonicznym\/<\/span><\/p>\n<p class=\"s11\"><span>\u00a0<\/span><\/p>\n<p class=\"s7\"><strong><span class=\"s6\">Godziny przyj\u0119\u0107 przez<\/span><span class=\"s6\"> pedagoga szkolnego<\/span><\/strong><\/p>\n<p class=\"s9\"><span class=\"s8\">Wtorek w \u00a0godz. 7.30 \u2013 9.00<\/span><\/p>\n<p class=\"s9\"><span class=\"s8\">Czwar<\/span><span class=\"s8\">tek w \u00a0godz. 11.00<\/span><span class=\"s8\"> \u2013 1<\/span><span class=\"s8\">4<\/span><span class=\"s8\">.00<\/span><\/p>\n<p class=\"s7\"><strong><span class=\"s6\">Godziny przyj\u0119\u0107 przez pedagoga specjalnego<\/span><\/strong><\/p>\n<p class=\"s9\"><span class=\"s8\">\u015aroda w \u00a0godz. 7.30 \u2013 8.15<\/span><\/p>\n<p class=\"s9\"><span class=\"s8\">Czwartek w \u00a0godz. 13.50 \u2013 14.35<\/span><\/p>\n<p class=\"s7\"><strong><span class=\"s6\">Godziny przyj\u0119\u0107 przez psychologa szkolnego<\/span><\/strong><\/p>\n<p class=\"s9\"><span class=\"s8\">Poniedzia\u0142ek w \u00a0godz. 7.30 \u2013 11.00<\/span><\/p>\n<p class=\"s9\"><span class=\"s8\">Czwartek w \u00a0godz. 12.20 \u2013 15.20<\/span><\/p>\n<p class=\"s12\"><span>\u00a0<\/span><\/p>\n<p class=\"s7\"><strong><span class=\"s6\">Godziny pracy biblioteki szkolnej<\/span><\/strong><\/p>\n<p class=\"s14\"><span class=\"s13\">Poniedzia\u0142ek <\/span><\/p>\n<p class=\"s12\"><span class=\"s15\">w godz. 8.00 \u2013 14.0<\/span><span class=\"s15\">0<\/span><span class=\"s15\"><\/span><\/p>\n<p class=\"s14\"><span class=\"s13\">Wtorek <\/span><\/p>\n<p class=\"s12\"><span class=\"s15\">w godz. 8.00 \u2013 9.30, w godz.11.00 \u2013 13.3<\/span><span class=\"s15\">0<\/span><\/p>\n<p class=\"s14\"><span class=\"s13\">\u015aroda <\/span><\/p>\n<p class=\"s12\"><span class=\"s15\">w godz. 8.00 \u2013 13.00<\/span><\/p>\n<p class=\"s14\"><span class=\"s13\">Czwartek <\/span><\/p>\n<p class=\"s12\"><span class=\"s15\">w godz. 7.55 \u2013 8.25, w godz.9.15 \u2013 11.45, w godz. 12.00 \u2013 14.00<\/span><\/p>\n<p class=\"s14\"><span class=\"s13\">Pi\u0105tek <\/span><\/p>\n<p class=\"s12\"><span class=\"s15\">w godz. 8.15 \u2013 13.30<\/span><\/p>\n<p class=\"s12\"><span>\u00a0<\/span><\/p>\n<p class=\"s7\"><strong><span class=\"s6\">Godziny pracy piel\u0119gniarki szkolnej<\/span><\/strong><\/p>\n<p class=\"s9\"><span class=\"s8\">\u015aroda<\/span><span class=\"s8\"> w \u00a0<\/span><span class=\"s8\">godz. 8<\/span><span class=\"s8\">.00 \u2013 14.00<\/span><\/p>\n<p class=\"s9\"><span>\u00a0<\/span><\/p>\n<p class=\"s16\"><span>\u00a0<\/span><\/p>\n<p class=\"s3\"><strong><span class=\"s2\">Harmonogram spotka\u0144 z rodzicami<\/span><span class=\"s2\"><\/span><\/strong><\/p>\n<p class=\"s3\"><strong><span class=\"s2\">w roku szkolnym 2025\/2026<\/span><\/strong><\/p>\n<p class=\"s16\"><span>\u00a0<\/span><\/p>\n<p class=\"s5\"><span class=\"s4\">I wtorek<\/span><span class=\"s4\"> miesi\u0105ca godz. 15.30<\/span><span class=\"s4\"> \u2013 16.30<\/span><\/p>\n<p class=\"s9\"><span class=\"s8\">0<\/span><a name=\"_GoBack\"><\/a><span class=\"s8\">7<\/span><span class=\"s8\">.10.2025<\/span><span class=\"s8\"> r. <\/span><\/p>\n<p class=\"s9\"><span class=\"s8\">04<\/span><span class=\"s8\">.11.2025<\/span><span class=\"s8\"> r.<\/span><\/p>\n<p class=\"s9\"><span class=\"s8\">02<\/span><span class=\"s8\">.12.2025<\/span><span class=\"s8\"> r.<\/span><\/p>\n<p class=\"s9\"><span class=\"s8\">13<\/span><span class=\"s8\">.01.2026<\/span><span class=\"s8\"> r.<\/span><\/p>\n<p class=\"s9\"><span class=\"s8\">03<\/span><span class=\"s8\">.03.2026<\/span><span class=\"s8\"> r.<\/span><\/p>\n<p class=\"s9\"><span class=\"s8\">14<\/span><span class=\"s8\">.04.2026<\/span><span class=\"s8\"> r.<\/span><\/p>\n<p class=\"s9\"><span class=\"s8\">05<\/span><span class=\"s8\">.05.2026<\/span><span class=\"s8\"> r.<\/span><\/p>\n<p class=\"s9\"><span class=\"s8\"><\/span><\/p>\n<p class=\"s5\"><strong><span class=\"s4\">Zebrania z rodzicami<\/span><\/strong><\/p>\n<p class=\"s9\"><span class=\"s8\">16<\/span><span class=\"s8\">.09.2025<\/span><span class=\"s8\"> r.<\/span><\/p>\n<p class=\"s9\"><span class=\"s8\">19<\/span><span class=\"s8\">.11.2025<\/span><span class=\"s8\"> r.<\/span><\/p>\n<p class=\"s9\"><span class=\"s8\">18.02.<\/span><span class=\"s8\">2026<\/span><span class=\"s8\"> r.<\/span><\/p>\n<p class=\"s9\"><span class=\"s8\">23.04.2026 r.<\/span><\/p>\n<p class=\"s12\"><span class=\"s8\">08<\/span><span class=\"s8\">.06.2026<\/span><span class=\"s8\"> r<\/span><span class=\"s15\">.<\/span><\/p>\n<p class=\"s12\"><span class=\"s15\"><\/span><\/p>\n<p class=\"s5\"><strong><span class=\"s4\">Dni wolne <\/span><\/strong><\/p>\n<p class=\"s9\"><span class=\"s8\">10,13.10<\/span><span class=\"s8\">.2025<\/span><span class=\"s8\"> r.<\/span><\/p>\n<p class=\"s9\"><span class=\"s8\">02<\/span><span class=\"s8\">.01.2026<\/span><span class=\"s8\"> r.<\/span><\/p>\n<p class=\"s9\"><span class=\"s8\">01,02,03,05<\/span><span class=\"s8\">.06.2026<\/span><span class=\"s8\"> r.<\/span><\/p>\n<p class=\"s5\"><span class=\"s4\">Dodatkowe dni pracy<\/span><\/p>\n<p class=\"s9\"><span class=\"s8\">09.05.2026<\/span><span class=\"s8\"> r.<\/span><span class=\"s8\"> \u2013 Dzie\u0144 Rodziny<\/span><\/p>\n<p class=\"s9\"><span class=\"s8\">30.05.2026<\/span><span class=\"s8\"> r. <\/span><span class=\"s8\">\u2013 Dzie\u0144 Dziecka<\/span><\/p>\n<p class=\"s7\"><span class=\"s6\">Egzamin \u00f3smoklasisty<\/span><\/p>\n<p class=\"s9\"><span class=\"s8\">j\u0119zyk polski \u2013 11<\/span><span class=\"s8\">.05.<\/span><span class=\"s8\"> 2026<\/span><span class=\"s8\"> r.<\/span><\/p>\n<p class=\"s9\"><span class=\"s8\">matematyka &#8211; <\/span><span class=\"s8\">12<\/span><span class=\"s8\">.05.<\/span><span class=\"s8\">2026<\/span><span class=\"s8\"> r.<\/span><\/p>\n<p class=\"s9\"><span class=\"s8\">j\u0119zyk obcy nowo\u017c<\/span><span class=\"s8\">ytny &#8211; <\/span><span class=\"s8\">13<\/span><span class=\"s8\">.05.<\/span><span class=\"s8\">2026<\/span><span class=\"s8\"> r. <\/span><\/p>\n<p class=\"s9\"><span class=\"s6\">Zimowa przerwa \u015bwi\u0105teczna<\/span><span class=\"s8\"> 22 \u2013 31.12.<\/span><span class=\"s8\">2026<\/span><span class=\"s8\"> r.<\/span><\/p>\n<p class=\"s9\"><span class=\"s6\">Ferie zimowe<\/span><span class=\"s6\"> <\/span><span class=\"s8\">19.01 \u2013 01.02. 2026<\/span><span class=\"s8\"> r.<\/span><\/p>\n<p class=\"s9\"><span class=\"s6\">Wiosenna przerwa \u015bwi\u0105teczna<\/span><span class=\"s8\"> \u00a002 <\/span><span class=\"s8\">\u2013<\/span><span class=\"s8\"> <\/span><span class=\"s8\">07.04.<\/span><span class=\"s8\">2026<\/span><span class=\"s8\"> r.<\/span><\/p>\n<p class=\"s9\"><span>\u00a0<\/span><\/p>\n<p class=\"s5\"><strong><span class=\"s4\">Zako\u0144czenie rocznych zaj<\/span><span class=\"s4\">\u0119\u0107 dydaktyczno-wychowawczych \u00a026<\/span><span class=\"s4\"><\/span><span class=\"s4\">czerwca 2026<\/span><span class=\"s4\"> r.<\/span><\/strong><\/p>\n<p class=\"s17\"><span>\u00a0<\/span><\/p>\n<p>[\/et_pb_text][\/et_pb_column][\/et_pb_row][\/et_pb_section]<\/p>\n","protected":false},"excerpt":{"rendered":"<p>[et_pb_section fb_built=&#8221;1&#8243; _builder_version=&#8221;4.7.5&#8243; _module_preset=&#8221;default&#8221;][et_pb_row _builder_version=&#8221;4.7.5&#8243; _module_preset=&#8221;default&#8221;][et_pb_column type=&#8221;4_4&#8243; _builder_version=&#8221;4.7.5&#8243; _module_preset=&#8221;default&#8221;][et_pb_text _builder_version=&#8221;4.7.5&#8243; _module_preset=&#8221;default&#8221; header_text_color=&#8221;#000000&#8243;] KALENDARIUM 2025\/26 [\/et_pb_text][et_pb_text _builder_version=&#8221;4.7.5&#8243; _module_preset=&#8221;default&#8221; text_font=&#8221;|300|||||||&#8221; text_text_color=&#8221;#000000&#8243; text_font_size=&#8221;18px&#8221; text_line_height=&#8221;1.8em&#8221; header_text_color=&#8221;#8300e9&#8243; animation_style=&#8221;fade&#8221; animation_duration=&#8221;1150ms&#8221; hover_enabled=&#8221;0&#8243; sticky_enabled=&#8221;0&#8243;] \u00a0 Godziny przyj\u0119\u0107 interesant\u00f3w Dyrektor Wtorek &#8211; \u00a0w godz. 12.00 \u2013 14.00 Czwartek &#8211; \u00a0w godz. 9.00 \u2013 11.00 \/w innych terminach po uzgodnieniu telefonicznym\/ Wicedyrektor Poniedzia\u0142ek w godz. [&hellip;]<\/p>\n","protected":false},"author":1,"featured_media":0,"parent":0,"menu_order":0,"comment_status":"closed","ping_status":"closed","template":"","meta":{"_et_pb_use_builder":"on","_et_pb_old_content":"<!-- wp:divi\/placeholder \/-->","_et_gb_content_width":"","footnotes":""},"class_list":["post-60","page","type-page","status-publish","hentry"],"_links":{"self":[{"href":"https:\/\/spradzanowo.pl\/index.php?rest_route=\/wp\/v2\/pages\/60","targetHints":{"allow":["GET"]}}],"collection":[{"href":"https:\/\/spradzanowo.pl\/index.php?rest_route=\/wp\/v2\/pages"}],"about":[{"href":"https:\/\/spradzanowo.pl\/index.php?rest_route=\/wp\/v2\/types\/page"}],"author":[{"embeddable":true,"href":"https:\/\/spradzanowo.pl\/index.php?rest_route=\/wp\/v2\/users\/1"}],"replies":[{"embeddable":true,"href":"https:\/\/spradzanowo.pl\/index.php?rest_route=%2Fwp%2Fv2%2Fcomments&post=60"}],"version-history":[{"count":15,"href":"https:\/\/spradzanowo.pl\/index.php?rest_route=\/wp\/v2\/pages\/60\/revisions"}],"predecessor-version":[{"id":5027,"href":"https:\/\/spradzanowo.pl\/index.php?rest_route=\/wp\/v2\/pages\/60\/revisions\/5027"}],"wp:attachment":[{"href":"https:\/\/spradzanowo.pl\/index.php?rest_route=%2Fwp%2Fv2%2Fmedia&parent=60"}],"curies":[{"name":"wp","href":"https:\/\/api.w.org\/{rel}","templated":true}]}}